{"id":1884,"date":"2020-11-27T12:51:25","date_gmt":"2020-11-27T11:51:25","guid":{"rendered":"http:\/\/clipp2.es\/formacion-profesional-basica\/"},"modified":"2025-01-29T18:06:11","modified_gmt":"2025-01-29T17:06:11","slug":"formation-professionnelle-initiale","status":"publish","type":"page","link":"https:\/\/www.sopenasevilla.org\/fr\/formation-professionnelle-initiale\/","title":{"rendered":"Formation professionnelle initiale"},"content":{"rendered":"\n<style type=\"text\/css\" data-created_by=\"avia_inline_auto\" id=\"style-css-av-khxey0u8-09a14e9b551e5d5872154183288c15f9\">\n.avia-section.av-khxey0u8-09a14e9b551e5d5872154183288c15f9{\nbackground-repeat:no-repeat;\nbackground-image:url(https:\/\/www.sopenasevilla.org\/wp-content\/uploads\/2020\/11\/formacion-profesional-basica-2.jpg);\nbackground-position:50% 50%;\nbackground-attachment:scroll;\n}\n.avia-section.av-khxey0u8-09a14e9b551e5d5872154183288c15f9 .av-section-color-overlay{\nopacity:0.4;\nbackground-color:#ffffff;\nbackground-image:url(https:\/\/www.sopenasevilla.org\/wp-content\/themes\/enfold\/images\/background-images\/dots-for-light-background.png);\nbackground-repeat:repeat;\n}\n<\/style>\n<div id='av_section_1'  class='avia-section av-khxey0u8-09a14e9b551e5d5872154183288c15f9 main_color avia-section-large avia-no-border-styling  avia-builder-el-0  el_before_av_section  avia-builder-el-first  avia-full-stretch avia-bg-style-scroll av-section-color-overlay-active av-minimum-height av-minimum-height-75 av-height-75  container_wrap sidebar_right'  data-section-bg-repeat='stretch' data-av_minimum_height_pc='75' data-av_min_height_opt='75'><div class=\"av-section-color-overlay-wrap\"><div class=\"av-section-color-overlay\"><\/div><div class='container av-section-cont-open' ><main  role=\"main\" itemprop=\"mainContentOfPage\"  class='template-page content  av-content-small alpha units'><div class='post-entry post-entry-type-page post-entry-1884'><div class='entry-content-wrapper clearfix'>\n\n<style type=\"text\/css\" data-created_by=\"avia_inline_auto\" id=\"style-css-av-pe70x-e86c207ed148794b22d37a64a8fb9ce8\">\n.flex_column.av-pe70x-e86c207ed148794b22d37a64a8fb9ce8{\nborder-radius:0px 0px 0px 0px;\npadding:0px 0px 0px 0px;\n}\n<\/style>\n<div  class='flex_column av-pe70x-e86c207ed148794b22d37a64a8fb9ce8 av_one_full  avia-builder-el-1  avia-builder-el-no-sibling  first flex_column_div av-zero-column-padding  '     ><style type=\"text\/css\" data-created_by=\"avia_inline_auto\" id=\"style-css-av-klv1anir-1daf40e96fc459b2d2ce9ccaa5c73c55\">\n#top .av-special-heading.av-klv1anir-1daf40e96fc459b2d2ce9ccaa5c73c55{\npadding-bottom:10px;\nfont-size:45px;\n}\nbody .av-special-heading.av-klv1anir-1daf40e96fc459b2d2ce9ccaa5c73c55 .av-special-heading-tag .heading-char{\nfont-size:25px;\n}\n#top #wrap_all .av-special-heading.av-klv1anir-1daf40e96fc459b2d2ce9ccaa5c73c55 .av-special-heading-tag{\nfont-size:45px;\n}\n.av-special-heading.av-klv1anir-1daf40e96fc459b2d2ce9ccaa5c73c55 .av-subheading{\nfont-size:23px;\n}\n\n@media only screen and (max-width: 479px){ \n#top #wrap_all .av-special-heading.av-klv1anir-1daf40e96fc459b2d2ce9ccaa5c73c55 .av-special-heading-tag{\nfont-size:0.8em;\n}\n.av-special-heading.av-klv1anir-1daf40e96fc459b2d2ce9ccaa5c73c55 .av-subheading{\nfont-size:23px;\n}\n}\n\n@media only screen and (min-width: 480px) and (max-width: 767px){ \n#top #wrap_all .av-special-heading.av-klv1anir-1daf40e96fc459b2d2ce9ccaa5c73c55 .av-special-heading-tag{\nfont-size:0.8em;\n}\n}\n<\/style>\n<div  class='av-special-heading av-klv1anir-1daf40e96fc459b2d2ce9ccaa5c73c55 av-special-heading-h1 blockquote modern-quote modern-centered  avia-builder-el-2  avia-builder-el-no-sibling  av-inherit-size'><h1 class='av-special-heading-tag '  itemprop=\"headline\"  >FORMATION PROFESSIONNELLE INITIALES (CAP)<\/h1><div class='av-subheading av-subheading_below'><p>D\u00e9couvrez nos cours FPB et obtenez toutes les informations pour vous inscrire dans les centres Sope\u00f1a.<br \/>\n\u2756<\/p>\n<\/div><div class=\"special-heading-border\"><div class=\"special-heading-inner-border\"><\/div><\/div><\/div><\/div><\/div><\/div><\/main><!-- close content main element --><\/div><\/div><\/div><div id='av_section_2'  class='avia-section av-ncjcg-34cc152083a25ae5455c903b82e3df09 alternate_color avia-section-default avia-no-border-styling  avia-builder-el-3  el_after_av_section  el_before_av_section  avia-bg-style-scroll container_wrap sidebar_right'  ><div class='container av-section-cont-open' ><div class='template-page content  av-content-small alpha units'><div class='post-entry post-entry-type-page post-entry-1884'><div class='entry-content-wrapper clearfix'>\n<div class='flex_column_table av-mun20-8cc55a5543eb6c7e315ef18058eea90c sc-av_one_full av-equal-height-column-flextable'>\n<style type=\"text\/css\" data-created_by=\"avia_inline_auto\" id=\"style-css-av-mun20-8cc55a5543eb6c7e315ef18058eea90c\">\n.flex_column.av-mun20-8cc55a5543eb6c7e315ef18058eea90c{\nborder-radius:0px 0px 0px 0px;\npadding:0px 0px 0px 0px;\n}\n<\/style>\n<div  class='flex_column av-mun20-8cc55a5543eb6c7e315ef18058eea90c av_one_full  avia-builder-el-4  el_before_av_hr  avia-builder-el-first  first flex_column_table_cell av-equal-height-column av-align-middle av-zero-column-padding  '     ><style type=\"text\/css\" data-created_by=\"avia_inline_auto\" id=\"style-css-av-ki92pu7u-2dabc898046760e1d2aa4ad866c8f7b3\">\n#top .av-special-heading.av-ki92pu7u-2dabc898046760e1d2aa4ad866c8f7b3{\npadding-bottom:0;\nfont-size:40px;\n}\nbody .av-special-heading.av-ki92pu7u-2dabc898046760e1d2aa4ad866c8f7b3 .av-special-heading-tag .heading-char{\nfont-size:25px;\n}\n#top #wrap_all .av-special-heading.av-ki92pu7u-2dabc898046760e1d2aa4ad866c8f7b3 .av-special-heading-tag{\nfont-size:40px;\n}\n.av-special-heading.av-ki92pu7u-2dabc898046760e1d2aa4ad866c8f7b3 .av-subheading{\nfont-size:15px;\n}\n\n@media only screen and (min-width: 480px) and (max-width: 767px){ \n#top #wrap_all .av-special-heading.av-ki92pu7u-2dabc898046760e1d2aa4ad866c8f7b3 .av-special-heading-tag{\nfont-size:0.8em;\n}\n}\n\n@media only screen and (max-width: 479px){ \n#top #wrap_all .av-special-heading.av-ki92pu7u-2dabc898046760e1d2aa4ad866c8f7b3 .av-special-heading-tag{\nfont-size:0.8em;\n}\n}\n<\/style>\n<div  id=\"matriculate\"  class='av-special-heading av-ki92pu7u-2dabc898046760e1d2aa4ad866c8f7b3 av-special-heading-h3 blockquote modern-quote modern-centered  avia-builder-el-5  avia-builder-el-no-sibling  av-inherit-size'><h3 class='av-special-heading-tag '  itemprop=\"headline\"  >\u00ab\u00a0Offre de cycles de formation professionnelle initiale \u00e0 S\u00e9ville\u00a0\u00bb<\/h3><div class=\"special-heading-border\"><div class=\"special-heading-inner-border\"><\/div><\/div><\/div><\/div><\/div><!--close column table wrapper. Autoclose: 1 -->\n<style type=\"text\/css\" data-created_by=\"avia_inline_auto\" id=\"style-css-av-kfy2g-cbbc79b4c4d330f4614f483b60751ac9\">\n#top .hr.hr-invisible.av-kfy2g-cbbc79b4c4d330f4614f483b60751ac9{\nheight:45px;\n}\n<\/style>\n<div  class='hr av-kfy2g-cbbc79b4c4d330f4614f483b60751ac9 hr-invisible  avia-builder-el-6  el_after_av_one_full  avia-builder-el-last '><span class='hr-inner '><span class=\"hr-inner-style\"><\/span><\/span><\/div>\n<\/div><\/div><\/div><!-- close content main div --><\/div><\/div><div id='av_section_3'  class='avia-section av-jqkc0-8d865697b998d5befcc04ce04c2383fb main_color avia-section-small avia-no-border-styling  avia-builder-el-7  el_after_av_section  el_before_av_section  avia-bg-style-scroll container_wrap sidebar_right'  ><div class='container av-section-cont-open' ><div class='template-page content  av-content-small alpha units'><div class='post-entry post-entry-type-page post-entry-1884'><div class='entry-content-wrapper clearfix'>\n<div class='flex_column_table av-j8cs0-4f7f2e8357a749d9471214e8203ac74f sc-av_one_half av-equal-height-column-flextable'>\n<style type=\"text\/css\" data-created_by=\"avia_inline_auto\" id=\"style-css-av-j8cs0-4f7f2e8357a749d9471214e8203ac74f\">\n#top .flex_column_table.av-equal-height-column-flextable.av-j8cs0-4f7f2e8357a749d9471214e8203ac74f{\nmargin-top:-60px;\nmargin-bottom:0px;\n}\n.flex_column.av-j8cs0-4f7f2e8357a749d9471214e8203ac74f{\nborder-radius:0px 0px 0px 0px;\npadding:30px 30px 30px 30px;\nbackground-color:#ffffff;\n}\n<\/style>\n<div  class='flex_column av-j8cs0-4f7f2e8357a749d9471214e8203ac74f av_one_half  avia-builder-el-8  el_before_av_one_half  avia-builder-el-first  first no_margin flex_column_table_cell av-equal-height-column av-align-top  '     ><p>\n<style type=\"text\/css\" data-created_by=\"avia_inline_auto\" id=\"style-css-av-ivy90-222407b65f52da14afbf4bdbd7cde4da\">\n.avia-image-container.av-ivy90-222407b65f52da14afbf4bdbd7cde4da img.avia_image{\nbox-shadow:none;\n}\n.avia-image-container.av-ivy90-222407b65f52da14afbf4bdbd7cde4da .av-image-caption-overlay-center{\ncolor:#ffffff;\n}\n<\/style>\n<div  class='avia-image-container av-ivy90-222407b65f52da14afbf4bdbd7cde4da av-styling- av-hover-grow av-hide-overflow av-img-linked avia-align-center  avia-builder-el-9  el_before_av_hr  avia-builder-el-first '   itemprop=\"image\" itemscope=\"itemscope\" itemtype=\"https:\/\/schema.org\/ImageObject\" ><div class=\"avia-image-container-inner\"><div class=\"avia-image-overlay-wrap\"><a href=\"https:\/\/www.sopenasevilla.org\/fr\/cap-coiffure-esthetique\/\" class='avia_image '  aria-label='DIPL\u00d4ME-PROFESSIONNEL-INITIAL-COIFFURE-ET-ESTH\u00c9TIQUE'><img decoding=\"async\" fetchpriority=\"high\" class='wp-image-2608 avia-img-lazy-loading-not-2608 avia_image ' src=\"https:\/\/www.sopenasevilla.org\/wp-content\/uploads\/2020\/11\/FPB-Peluqueria.jpg\" alt='DIPL\u00d4ME PROFESSIONNEL INITIAL COIFFURE ET ESTH\u00c9TIQUE' title='DIPL\u00d4ME-PROFESSIONNEL-INITIAL-COIFFURE-ET-ESTH\u00c9TIQUE'  height=\"267\" width=\"400\"  itemprop=\"thumbnailUrl\" srcset=\"https:\/\/www.sopenasevilla.org\/wp-content\/uploads\/2020\/11\/FPB-Peluqueria.jpg 400w, https:\/\/www.sopenasevilla.org\/wp-content\/uploads\/2020\/11\/FPB-Peluqueria-300x200.jpg 300w\" sizes=\"(max-width: 400px) 100vw, 400px\" \/><\/a><\/div><\/div><\/div><br \/>\n\n<style type=\"text\/css\" data-created_by=\"avia_inline_auto\" id=\"style-css-av-ibqh0-11ca75317e069a88e3e7486f49b52ab0\">\n#top .hr.hr-invisible.av-ibqh0-11ca75317e069a88e3e7486f49b52ab0{\nmargin-top:-30px;\nheight:1px;\n}\n<\/style>\n<div  class='hr av-ibqh0-11ca75317e069a88e3e7486f49b52ab0 hr-invisible  avia-builder-el-10  el_after_av_image  el_before_av_heading '><span class='hr-inner '><span class=\"hr-inner-style\"><\/span><\/span><\/div><br \/>\n\n<style type=\"text\/css\" data-created_by=\"avia_inline_auto\" id=\"style-css-av-klv1dxu9-b906700b02e02c5bee20a47564b3793b\">\n#top .av-special-heading.av-klv1dxu9-b906700b02e02c5bee20a47564b3793b{\npadding-bottom:0;\nfont-size:25px;\n}\nbody .av-special-heading.av-klv1dxu9-b906700b02e02c5bee20a47564b3793b .av-special-heading-tag .heading-char{\nfont-size:25px;\n}\n#top #wrap_all .av-special-heading.av-klv1dxu9-b906700b02e02c5bee20a47564b3793b .av-special-heading-tag{\nfont-size:25px;\n}\n.av-special-heading.av-klv1dxu9-b906700b02e02c5bee20a47564b3793b .av-subheading{\nfont-size:15px;\n}\n\n@media only screen and (min-width: 480px) and (max-width: 767px){ \n#top #wrap_all .av-special-heading.av-klv1dxu9-b906700b02e02c5bee20a47564b3793b .av-special-heading-tag{\nfont-size:0.8em;\n}\n}\n\n@media only screen and (max-width: 479px){ \n#top #wrap_all .av-special-heading.av-klv1dxu9-b906700b02e02c5bee20a47564b3793b .av-special-heading-tag{\nfont-size:0.8em;\n}\n}\n<\/style>\n<div  class='av-special-heading av-klv1dxu9-b906700b02e02c5bee20a47564b3793b av-special-heading-h3 blockquote modern-quote modern-centered  avia-builder-el-11  el_after_av_hr  el_before_av_textblock  av-inherit-size av-linked-heading'><h3 class='av-special-heading-tag '  itemprop=\"headline\"  ><a class=\"av-heading-link\" href=\"https:\/\/www.sopenasevilla.org\/fr\/cap-coiffure-esthetique\/\" >DIPL\u00d4ME PROFESSIONNEL INITIAL COIFFURE ET ESTH\u00c9TIQUE<\/a><\/h3><div class=\"special-heading-border\"><div class=\"special-heading-inner-border\"><\/div><\/div><\/div><br \/>\n<section  class='av_textblock_section av-e9wh0-5bf1ae5239c61f85fd970d450a1758de '   itemscope=\"itemscope\" itemtype=\"https:\/\/schema.org\/CreativeWork\" ><div class='avia_textblock'  itemprop=\"text\" ><p style=\"text-align: center;\"><span style=\"color: #ee7402; font-size: 18pt;\">\u2756<\/span><\/p>\n<\/div><\/section><br \/>\n<section  class='av_textblock_section av-1q49w-6a43bdf9f20a597546c11a597ba76cd4 '   itemscope=\"itemscope\" itemtype=\"https:\/\/schema.org\/CreativeWork\" ><div class='avia_textblock'  itemprop=\"text\" ><p>Avec le cycle de formation professionnelle de base en coiffure et esth\u00e9tique, vous serez en mesure de commencer professionnellement dans le monde de l\u2019image personnelle, un monde plein d\u2019opportunit\u00e9s d\u2019emploi et avec une forte demande \u00e0 S\u00e9ville.<\/p>\n<p>De plus, lorsque vous aurez termin\u00e9, vous aurez obtenu le dipl\u00f4me d\u2019enseignement secondaire obligatoire (E.S.O) afin qu\u2019il puisse \u00eatre votre tremplin \u00e9ducatif et professionnel, exactement ce que vous recherchiez.<\/p>\n<p>Lorsque vous aurez termin\u00e9, vous pourrez acc\u00e9der si vous le souhaitez \u00e0 un cycle de formation de niveau moyen et continuer \u00e0 vous sp\u00e9cialiser. Voulez-vous changer? Les Centres Sope\u00f1a vous le permettent.<\/p>\n<\/div><\/section><\/p><\/div>\n<style type=\"text\/css\" data-created_by=\"avia_inline_auto\" id=\"style-css-av-gei40-05381875f033874a4fded5e2d6adb238\">\n#top .flex_column_table.av-equal-height-column-flextable.av-gei40-05381875f033874a4fded5e2d6adb238{\nmargin-top:-60px;\nmargin-bottom:0px;\n}\n.flex_column.av-gei40-05381875f033874a4fded5e2d6adb238{\nborder-radius:0px 0px 0px 0px;\npadding:30px 30px 30px 30px;\nbackground-color:#ffffff;\n}\n<\/style>\n<div  class='flex_column av-gei40-05381875f033874a4fded5e2d6adb238 av_one_half  avia-builder-el-14  el_after_av_one_half  avia-builder-el-last  no_margin flex_column_table_cell av-equal-height-column av-align-top avia-full-stretch  '     ><p>\n<style type=\"text\/css\" data-created_by=\"avia_inline_auto\" id=\"style-css-av-1kots-27088c0132cd562415787701b83ac890\">\n.avia-image-container.av-1kots-27088c0132cd562415787701b83ac890 img.avia_image{\nbox-shadow:none;\n}\n.avia-image-container.av-1kots-27088c0132cd562415787701b83ac890 .av-image-caption-overlay-center{\ncolor:#ffffff;\n}\n<\/style>\n<div  class='avia-image-container av-1kots-27088c0132cd562415787701b83ac890 av-styling- av-hover-grow av-hide-overflow av-img-linked avia-align-center  avia-builder-el-15  el_before_av_hr  avia-builder-el-first '   itemprop=\"image\" itemscope=\"itemscope\" itemtype=\"https:\/\/schema.org\/ImageObject\" ><div class=\"avia-image-container-inner\"><div class=\"avia-image-overlay-wrap\"><a href=\"https:\/\/www.sopenasevilla.org\/fr\/bep-metiers-services-administratifs\/\" class='avia_image '  aria-label='DIPL\u00d4ME-PROFESSIONNEL-INITIAL-M\u00c9TIERS-DES-SERVICES-ADMINISTRATIFS'><img decoding=\"async\" fetchpriority=\"high\" class='wp-image-2604 avia-img-lazy-loading-not-2604 avia_image ' src=\"https:\/\/www.sopenasevilla.org\/wp-content\/uploads\/2020\/11\/FPB-Servicios-Administrativos.jpg\" alt='DIPL\u00d4ME PROFESSIONNEL INITIAL M\u00c9TIERS DES SERVICES ADMINISTRATIFS' title='DIPL\u00d4ME-PROFESSIONNEL-INITIAL-M\u00c9TIERS-DES-SERVICES-ADMINISTRATIFS'  height=\"267\" width=\"400\"  itemprop=\"thumbnailUrl\" srcset=\"https:\/\/www.sopenasevilla.org\/wp-content\/uploads\/2020\/11\/FPB-Servicios-Administrativos.jpg 400w, https:\/\/www.sopenasevilla.org\/wp-content\/uploads\/2020\/11\/FPB-Servicios-Administrativos-300x200.jpg 300w\" sizes=\"(max-width: 400px) 100vw, 400px\" \/><\/a><\/div><\/div><\/div><br \/>\n\n<style type=\"text\/css\" data-created_by=\"avia_inline_auto\" id=\"style-css-av-ezuqc-d1df8eca391d3ef48840fdbd52921e96\">\n#top .hr.hr-invisible.av-ezuqc-d1df8eca391d3ef48840fdbd52921e96{\nmargin-top:-30px;\nheight:1px;\n}\n<\/style>\n<div  class='hr av-ezuqc-d1df8eca391d3ef48840fdbd52921e96 hr-invisible  avia-builder-el-16  el_after_av_image  el_before_av_heading '><span class='hr-inner '><span class=\"hr-inner-style\"><\/span><\/span><\/div><br \/>\n\n<style type=\"text\/css\" data-created_by=\"avia_inline_auto\" id=\"style-css-av-klv1e1ew-159201c775d3f0623e54d29a1261023f\">\n#top .av-special-heading.av-klv1e1ew-159201c775d3f0623e54d29a1261023f{\npadding-bottom:0;\nfont-size:25px;\n}\nbody .av-special-heading.av-klv1e1ew-159201c775d3f0623e54d29a1261023f .av-special-heading-tag .heading-char{\nfont-size:25px;\n}\n#top #wrap_all .av-special-heading.av-klv1e1ew-159201c775d3f0623e54d29a1261023f .av-special-heading-tag{\nfont-size:25px;\n}\n.av-special-heading.av-klv1e1ew-159201c775d3f0623e54d29a1261023f .av-subheading{\nfont-size:15px;\n}\n\n@media only screen and (min-width: 480px) and (max-width: 767px){ \n#top #wrap_all .av-special-heading.av-klv1e1ew-159201c775d3f0623e54d29a1261023f .av-special-heading-tag{\nfont-size:0.8em;\n}\n}\n\n@media only screen and (max-width: 479px){ \n#top #wrap_all .av-special-heading.av-klv1e1ew-159201c775d3f0623e54d29a1261023f .av-special-heading-tag{\nfont-size:0.8em;\n}\n}\n<\/style>\n<div  class='av-special-heading av-klv1e1ew-159201c775d3f0623e54d29a1261023f av-special-heading-h3 blockquote modern-quote modern-centered  avia-builder-el-17  el_after_av_hr  el_before_av_textblock  av-inherit-size av-linked-heading'><h3 class='av-special-heading-tag '  itemprop=\"headline\"  ><a class=\"av-heading-link\" href=\"https:\/\/www.sopenasevilla.org\/fr\/bep-metiers-services-administratifs\/\" >DIPL\u00d4ME PROFESSIONNEL INITIAL M\u00c9TIERS DES SERVICES ADMINISTRATIFS<\/a><\/h3><div class=\"special-heading-border\"><div class=\"special-heading-inner-border\"><\/div><\/div><\/div><br \/>\n<section  class='av_textblock_section av-e9wh0-5bf1ae5239c61f85fd970d450a1758de '   itemscope=\"itemscope\" itemtype=\"https:\/\/schema.org\/CreativeWork\" ><div class='avia_textblock'  itemprop=\"text\" ><p style=\"text-align: center;\"><span style=\"color: #ee7402; font-size: 18pt;\">\u2756<\/span><\/p>\n<\/div><\/section><br \/>\n<section  class='av_textblock_section av-b15go-bc5c6236618c20590360cd943abbc0d6 '   itemscope=\"itemscope\" itemtype=\"https:\/\/schema.org\/CreativeWork\" ><div class='avia_textblock'  itemprop=\"text\" ><p>Pensez-vous que sans dipl\u00f4me, vous ne trouverez pas d\u2019emploi? Si vous n\u2019avez pas encore termin\u00e9 l\u2019ESO et que vous souhaitez des \u00e9tudes pratiques qui vous permettent de travailler dans des bureaux, des commerces, des services d\u2019attention et d\u2019information, des centres d\u2019appels, le titre de Professionnel des services administratifs vous permettra une premi\u00e8re exp\u00e9rience professionnelle qualifi\u00e9e et aussi simultan\u00e9ment vous obtiendrez votre titre d\u2019enseignement secondaire obligatoire (ESO).<\/p>\n<p>Si vous pensez travailler et \u00e0 partir de l\u00e0 pouvoir \u00e9tudier un cycle de formation de niveau interm\u00e9diaire en gestion administrative, activit\u00e9s commerciales, syst\u00e8mes et r\u00e9seaux micro-informatiques, etc \u2026 dans les centres Sope\u00f1a de S\u00e9ville, nous parions sur vous, et vous, est-ce que vous pariez sur nous?<\/p>\n<\/div><\/section><\/p><\/div><\/div><!--close column table wrapper. Autoclose: 1 -->\n<\/p>\n<\/div><\/div><\/div><!-- close content main div --><\/div><\/div><div id='av_section_4'  class='avia-section av-ae6x4-e3b2c09531cdfcadee4086e2d40c48fb main_color avia-section-small avia-no-border-styling  avia-builder-el-20  el_after_av_section  avia-builder-el-last  avia-bg-style-scroll container_wrap sidebar_right'  ><div class='container av-section-cont-open' ><div class='template-page content  av-content-small alpha units'><div class='post-entry post-entry-type-page post-entry-1884'><div class='entry-content-wrapper clearfix'>\n<div class='flex_column_table av-khc82osc-6a3b676f90d7df5335a1970c0c925d1d sc-av_one_full av-equal-height-column-flextable'>\n<style type=\"text\/css\" data-created_by=\"avia_inline_auto\" id=\"style-css-av-khc82osc-6a3b676f90d7df5335a1970c0c925d1d\">\n#top .flex_column_table.av-equal-height-column-flextable.av-khc82osc-6a3b676f90d7df5335a1970c0c925d1d{\nmargin-top:-40px;\nmargin-bottom:0px;\n}\n.flex_column.av-khc82osc-6a3b676f90d7df5335a1970c0c925d1d{\nborder-radius:0px 0px 0px 0px;\npadding:30px 30px 30px 30px;\nbackground-color:#ffffff;\n}\n<\/style>\n<div  class='flex_column av-khc82osc-6a3b676f90d7df5335a1970c0c925d1d av_one_full  avia-builder-el-21  el_before_av_two_third  avia-builder-el-first  first no_margin flex_column_table_cell av-equal-height-column av-align-top  '     ><p>\n<style type=\"text\/css\" data-created_by=\"avia_inline_auto\" id=\"style-css-av-8u8vk-35d01d9d9c22555879423caea2c4a012\">\n#top .hr.hr-invisible.av-8u8vk-35d01d9d9c22555879423caea2c4a012{\nheight:5px;\n}\n<\/style>\n<div  class='hr av-8u8vk-35d01d9d9c22555879423caea2c4a012 hr-invisible  avia-builder-el-22  el_before_av_heading  avia-builder-el-first '><span class='hr-inner '><span class=\"hr-inner-style\"><\/span><\/span><\/div><br \/>\n\n<style type=\"text\/css\" data-created_by=\"avia_inline_auto\" id=\"style-css-av-klv17ijf-f3a6de22894f36b0f70a6534e1a17c75\">\n#top .av-special-heading.av-klv17ijf-f3a6de22894f36b0f70a6534e1a17c75{\npadding-bottom:0;\nfont-size:35px;\n}\nbody .av-special-heading.av-klv17ijf-f3a6de22894f36b0f70a6534e1a17c75 .av-special-heading-tag .heading-char{\nfont-size:25px;\n}\n#top #wrap_all .av-special-heading.av-klv17ijf-f3a6de22894f36b0f70a6534e1a17c75 .av-special-heading-tag{\nfont-size:35px;\n}\n.av-special-heading.av-klv17ijf-f3a6de22894f36b0f70a6534e1a17c75 .av-subheading{\nfont-size:25px;\n}\n\n@media only screen and (min-width: 480px) and (max-width: 767px){ \n#top #wrap_all .av-special-heading.av-klv17ijf-f3a6de22894f36b0f70a6534e1a17c75 .av-special-heading-tag{\nfont-size:0.8em;\n}\n}\n\n@media only screen and (max-width: 479px){ \n#top #wrap_all .av-special-heading.av-klv17ijf-f3a6de22894f36b0f70a6534e1a17c75 .av-special-heading-tag{\nfont-size:0.8em;\n}\n}\n<\/style>\n<div  class='av-special-heading av-klv17ijf-f3a6de22894f36b0f70a6534e1a17c75 av-special-heading-h2 blockquote modern-quote modern-centered  avia-builder-el-23  el_after_av_hr  el_before_av_hr  av-inherit-size'><h2 class='av-special-heading-tag '  itemprop=\"headline\"  >POURQUOI \u00c9TUDIER \u00c0 LA FONDATION SOPE\u00d1A?<\/h2><div class=\"special-heading-border\"><div class=\"special-heading-inner-border\"><\/div><\/div><\/div><br \/>\n\n<style type=\"text\/css\" data-created_by=\"avia_inline_auto\" id=\"style-css-av-8u8vk-35d01d9d9c22555879423caea2c4a012\">\n#top .hr.hr-invisible.av-8u8vk-35d01d9d9c22555879423caea2c4a012{\nheight:5px;\n}\n<\/style>\n<div  class='hr av-8u8vk-35d01d9d9c22555879423caea2c4a012 hr-invisible  avia-builder-el-24  el_after_av_heading  el_before_av_textblock '><span class='hr-inner '><span class=\"hr-inner-style\"><\/span><\/span><\/div><br \/>\n<section  class='av_textblock_section av-e9wh0-5bf1ae5239c61f85fd970d450a1758de '   itemscope=\"itemscope\" itemtype=\"https:\/\/schema.org\/CreativeWork\" ><div class='avia_textblock'  itemprop=\"text\" ><p style=\"text-align: center;\"><span style=\"color: #ee7402; font-size: 24pt;\">\u2756<\/span><\/p>\n<\/div><\/section><\/p><\/div><\/div><!--close column table wrapper. Autoclose: 1 --><div class='flex_column_table av-khc82osc-6a3b676f90d7df5335a1970c0c925d1d sc-av_two_third av-equal-height-column-flextable'>\n<style type=\"text\/css\" data-created_by=\"avia_inline_auto\" id=\"style-css-av-khc82osc-6a3b676f90d7df5335a1970c0c925d1d\">\n#top .flex_column_table.av-equal-height-column-flextable.av-khc82osc-6a3b676f90d7df5335a1970c0c925d1d{\nmargin-top:-40px;\nmargin-bottom:0px;\n}\n.flex_column.av-khc82osc-6a3b676f90d7df5335a1970c0c925d1d{\nborder-radius:0px 0px 0px 0px;\npadding:30px 30px 30px 30px;\nbackground-color:#ffffff;\n}\n<\/style>\n<div  class='flex_column av-khc82osc-6a3b676f90d7df5335a1970c0c925d1d av_two_third  avia-builder-el-26  el_after_av_one_full  el_before_av_one_third  first no_margin flex_column_table_cell av-equal-height-column av-align-top  column-top-margin'     ><p><section  class='av_textblock_section av-b15go-bc5c6236618c20590360cd943abbc0d6 '   itemscope=\"itemscope\" itemtype=\"https:\/\/schema.org\/CreativeWork\" ><div class='avia_textblock'  itemprop=\"text\" ><p>La formation professionnelle de base est l&rsquo;occasion de vous former \u00e0 l&rsquo;exercice d&rsquo;un m\u00e9tier qui vous permet d&rsquo;acc\u00e9der au march\u00e9 du travail, \u00e0 une sp\u00e9cialisation professionnelle ult\u00e9rieure et de participer activement \u00e0 la soci\u00e9t\u00e9 dans laquelle vous vivez.<\/p>\n<p>Lorsque vous commencerez le cycle FP, vous ferez un enseignement th\u00e9orique-pratique, vous apprendrez des t\u00e2ches de base et ensuite vous pourrez continuer \u00e0 vous d\u00e9velopper en \u00e9tudiant plus tard un cycle de formation de dipl\u00f4me moyen ou sup\u00e9rieur, selon vos pr\u00e9occupations et aspirations.<\/p>\n<p>Cela signifiera \u00e9galement l\u2019obtention de votre dipl\u00f4me d\u2019enseignement secondaire obligatoire (ESO), donc la PF de base est une option de d\u00e9veloppement personnel et professionnel qui vous permettra d\u2019atteindre plusieurs objectifs simultan\u00e9ment.<\/p>\n<\/div><\/section><br \/>\n\n<style type=\"text\/css\" data-created_by=\"avia_inline_auto\" id=\"style-css-av-8u8vk-8d7fb0923af63e7ea7d5cdf87db077b4\">\n#top .hr.hr-invisible.av-8u8vk-8d7fb0923af63e7ea7d5cdf87db077b4{\nheight:20px;\n}\n<\/style>\n<div  class='hr av-8u8vk-8d7fb0923af63e7ea7d5cdf87db077b4 hr-invisible  avia-builder-el-28  el_after_av_textblock  el_before_av_button '><span class='hr-inner '><span class=\"hr-inner-style\"><\/span><\/span><\/div><br \/>\n<div  class='avia-button-wrap av-kkian4cf-9f5e9bf76984830a872e4f95fd814bb6-wrap avia-button-left  avia-builder-el-29  el_after_av_hr  avia-builder-el-last '><a href='#matriculate'  class='avia-button av-kkian4cf-9f5e9bf76984830a872e4f95fd814bb6 av-link-btn avia-icon_select-yes-left-icon avia-size-large avia-position-left avia-color-theme-color'   aria-label=\"Demandez votre place maintenant!\"><span class='avia_button_icon avia_button_icon_left avia-iconfont avia-font-entypo-fontello' data-av_icon='\ue8c9' data-av_iconfont='entypo-fontello' ><\/span><span class='avia_iconbox_title' >Demandez votre place maintenant!<\/span><\/a><\/div><\/p><\/div>\n<style type=\"text\/css\" data-created_by=\"avia_inline_auto\" id=\"style-css-av-khc82osc-f8945d334134ec15879c7fc7cc8796b4\">\n#top .flex_column_table.av-equal-height-column-flextable.av-khc82osc-f8945d334134ec15879c7fc7cc8796b4{\nmargin-top:-40px;\nmargin-bottom:0px;\n}\n.flex_column.av-khc82osc-f8945d334134ec15879c7fc7cc8796b4{\nborder-radius:0px 0px 0px 0px;\npadding:30px 30px 30px 30px;\nbackground-color:#ffffff;\n}\n<\/style>\n<div  class='flex_column av-khc82osc-f8945d334134ec15879c7fc7cc8796b4 av_one_third  avia-builder-el-30  el_after_av_two_third  el_before_av_one_full  no_margin flex_column_table_cell av-equal-height-column av-align-top  column-top-margin'     ><p>\n<style type=\"text\/css\" data-created_by=\"avia_inline_auto\" id=\"style-css-av-kki96304-11c6c41a4d6c15f3aea1116982f81dd2\">\n.avia-image-container.av-kki96304-11c6c41a4d6c15f3aea1116982f81dd2 img.avia_image{\nbox-shadow:none;\n}\n.avia-image-container.av-kki96304-11c6c41a4d6c15f3aea1116982f81dd2 .av-image-caption-overlay-center{\ncolor:#ffffff;\n}\n<\/style>\n<div  class='avia-image-container av-kki96304-11c6c41a4d6c15f3aea1116982f81dd2 av-styling- avia-align-center  avia-builder-el-31  el_before_av_hr  avia-builder-el-first '   itemprop=\"image\" itemscope=\"itemscope\" itemtype=\"https:\/\/schema.org\/ImageObject\" ><div class=\"avia-image-container-inner\"><div class=\"avia-image-overlay-wrap\"><img decoding=\"async\" fetchpriority=\"high\" class='wp-image-3599 avia-img-lazy-loading-not-3599 avia_image ' src=\"https:\/\/www.sopenasevilla.org\/wp-content\/uploads\/2021\/01\/centros-concertados-junta-andalucia-movil.jpg\" alt='Conseil des centres concert\u00e9s d&#039;Andalousie' title='Conseil-des-centres-concert\u00e9s-d&#039;Andalousie'  height=\"650\" width=\"434\"  itemprop=\"thumbnailUrl\" srcset=\"https:\/\/www.sopenasevilla.org\/wp-content\/uploads\/2021\/01\/centros-concertados-junta-andalucia-movil.jpg 434w, https:\/\/www.sopenasevilla.org\/wp-content\/uploads\/2021\/01\/centros-concertados-junta-andalucia-movil-200x300.jpg 200w\" sizes=\"(max-width: 434px) 100vw, 434px\" \/><\/div><\/div><\/div><br \/>\n\n<style type=\"text\/css\" data-created_by=\"avia_inline_auto\" id=\"style-css-av-8u8vk-95007e2a90b1565201c619d4a1bc82df\">\n#top .hr.hr-invisible.av-8u8vk-95007e2a90b1565201c619d4a1bc82df{\nheight:30px;\n}\n<\/style>\n<div  class='hr av-8u8vk-95007e2a90b1565201c619d4a1bc82df hr-invisible  avia-builder-el-32  el_after_av_image  avia-builder-el-last '><span class='hr-inner '><span class=\"hr-inner-style\"><\/span><\/span><\/div><\/p><\/div><\/div><!--close column table wrapper. Autoclose: 1 --><div class='flex_column_table av-khc82osc-6a3b676f90d7df5335a1970c0c925d1d sc-av_one_full av-equal-height-column-flextable'>\n<style type=\"text\/css\" data-created_by=\"avia_inline_auto\" id=\"style-css-av-khc82osc-6a3b676f90d7df5335a1970c0c925d1d\">\n#top .flex_column_table.av-equal-height-column-flextable.av-khc82osc-6a3b676f90d7df5335a1970c0c925d1d{\nmargin-top:-40px;\nmargin-bottom:0px;\n}\n.flex_column.av-khc82osc-6a3b676f90d7df5335a1970c0c925d1d{\nborder-radius:0px 0px 0px 0px;\npadding:30px 30px 30px 30px;\nbackground-color:#ffffff;\n}\n<\/style>\n<div  class='flex_column av-khc82osc-6a3b676f90d7df5335a1970c0c925d1d av_one_full  avia-builder-el-33  el_after_av_one_third  el_before_av_two_third  first no_margin flex_column_table_cell av-equal-height-column av-align-top  column-top-margin'     ><p>\n<style type=\"text\/css\" data-created_by=\"avia_inline_auto\" id=\"style-css-av-8u8vk-35d01d9d9c22555879423caea2c4a012\">\n#top .hr.hr-invisible.av-8u8vk-35d01d9d9c22555879423caea2c4a012{\nheight:5px;\n}\n<\/style>\n<div  class='hr av-8u8vk-35d01d9d9c22555879423caea2c4a012 hr-invisible  avia-builder-el-34  el_before_av_heading  avia-builder-el-first '><span class='hr-inner '><span class=\"hr-inner-style\"><\/span><\/span><\/div><br \/>\n\n<style type=\"text\/css\" data-created_by=\"avia_inline_auto\" id=\"style-css-av-klv18rwj-23c348892537f80ce094d4e61a6de4cc\">\n#top .av-special-heading.av-klv18rwj-23c348892537f80ce094d4e61a6de4cc{\npadding-bottom:0;\nfont-size:35px;\n}\nbody .av-special-heading.av-klv18rwj-23c348892537f80ce094d4e61a6de4cc .av-special-heading-tag .heading-char{\nfont-size:25px;\n}\n#top #wrap_all .av-special-heading.av-klv18rwj-23c348892537f80ce094d4e61a6de4cc .av-special-heading-tag{\nfont-size:35px;\n}\n.av-special-heading.av-klv18rwj-23c348892537f80ce094d4e61a6de4cc .av-subheading{\nfont-size:25px;\n}\n\n@media only screen and (min-width: 480px) and (max-width: 767px){ \n#top #wrap_all .av-special-heading.av-klv18rwj-23c348892537f80ce094d4e61a6de4cc .av-special-heading-tag{\nfont-size:0.8em;\n}\n}\n\n@media only screen and (max-width: 479px){ \n#top #wrap_all .av-special-heading.av-klv18rwj-23c348892537f80ce094d4e61a6de4cc .av-special-heading-tag{\nfont-size:0.8em;\n}\n}\n<\/style>\n<div  class='av-special-heading av-klv18rwj-23c348892537f80ce094d4e61a6de4cc av-special-heading-h2 blockquote modern-quote modern-centered  avia-builder-el-35  el_after_av_hr  el_before_av_hr  av-inherit-size'><h2 class='av-special-heading-tag '  itemprop=\"headline\"  >EN QUOI CONSISTENT LES CYCLES DE BASE?<\/h2><div class=\"special-heading-border\"><div class=\"special-heading-inner-border\"><\/div><\/div><\/div><br \/>\n\n<style type=\"text\/css\" data-created_by=\"avia_inline_auto\" id=\"style-css-av-8u8vk-35d01d9d9c22555879423caea2c4a012\">\n#top .hr.hr-invisible.av-8u8vk-35d01d9d9c22555879423caea2c4a012{\nheight:5px;\n}\n<\/style>\n<div  class='hr av-8u8vk-35d01d9d9c22555879423caea2c4a012 hr-invisible  avia-builder-el-36  el_after_av_heading  el_before_av_textblock '><span class='hr-inner '><span class=\"hr-inner-style\"><\/span><\/span><\/div><br \/>\n<section  class='av_textblock_section av-e9wh0-5bf1ae5239c61f85fd970d450a1758de '   itemscope=\"itemscope\" itemtype=\"https:\/\/schema.org\/CreativeWork\" ><div class='avia_textblock'  itemprop=\"text\" ><p style=\"text-align: center;\"><span style=\"color: #ee7402; font-size: 24pt;\">\u2756<\/span><\/p>\n<\/div><\/section><\/p><\/div><\/div><!--close column table wrapper. Autoclose: 1 --><div class='flex_column_table av-khc82osc-6a3b676f90d7df5335a1970c0c925d1d sc-av_two_third av-equal-height-column-flextable'>\n<style type=\"text\/css\" data-created_by=\"avia_inline_auto\" id=\"style-css-av-khc82osc-6a3b676f90d7df5335a1970c0c925d1d\">\n#top .flex_column_table.av-equal-height-column-flextable.av-khc82osc-6a3b676f90d7df5335a1970c0c925d1d{\nmargin-top:-40px;\nmargin-bottom:0px;\n}\n.flex_column.av-khc82osc-6a3b676f90d7df5335a1970c0c925d1d{\nborder-radius:0px 0px 0px 0px;\npadding:30px 30px 30px 30px;\nbackground-color:#ffffff;\n}\n<\/style>\n<div  class='flex_column av-khc82osc-6a3b676f90d7df5335a1970c0c925d1d av_two_third  avia-builder-el-38  el_after_av_one_full  el_before_av_one_third  first no_margin flex_column_table_cell av-equal-height-column av-align-top  column-top-margin'     ><section  class='av_textblock_section av-b15go-c99040a979d743671c8a1d13f56c6720 '   itemscope=\"itemscope\" itemtype=\"https:\/\/schema.org\/CreativeWork\" ><div class='avia_textblock'  itemprop=\"text\" ><p>La formation de base de la PF est l&rsquo;occasion de vous former \u00e0 l&rsquo;exercice d&rsquo;un m\u00e9tier qui vous permet d&rsquo;acc\u00e9der au march\u00e9 du travail, \u00e0 une sp\u00e9cialisation professionnelle ult\u00e9rieure et de participer activement \u00e0 la soci\u00e9t\u00e9 dans laquelle vous vivez.<\/p>\n<p>\u00c0 la Fondation Dolores Sope\u00f1a de S\u00e9ville, nous sommes conscients de votre d\u00e9sir de vous d\u00e9velopper personnellement et professionnellement et nous vous proposons donc une premi\u00e8re initiation professionnelle qui vous permet de tester plus tard l&rsquo;\u00e9ventail des possibilit\u00e9s que vous offre la formation professionnelle.<\/p>\n<p>De plus, nous avons des bourses Erasmus qui vous permettront de vivre des exp\u00e9riences inoubliables et de grandir en tant que personne \u00abvoyant le monde\u00bb dans un contexte international et multilingue. Tout cela coordonn\u00e9 par une \u00e9quipe de mentorat qui saura vous guider et vous guider dans ce processus.<\/p>\n<p>Nous vous proposons une offre initiale de formation professionnelle de base et un large catalogue de possibilit\u00e9s de formation ult\u00e9rieures pour les niveaux interm\u00e9diaire et sup\u00e9rieur. Tout un catalogue de professionnalisme pour que vous d\u00e9cidiez comment vous d\u00e9velopper et vous ins\u00e9rer dans le monde du travail.<\/p>\n<p>Nous voulons compter sur vous, osez-vous?<\/p>\n<\/div><\/section><\/div>\n<style type=\"text\/css\" data-created_by=\"avia_inline_auto\" id=\"style-css-av-khc82osc-f8945d334134ec15879c7fc7cc8796b4\">\n#top .flex_column_table.av-equal-height-column-flextable.av-khc82osc-f8945d334134ec15879c7fc7cc8796b4{\nmargin-top:-40px;\nmargin-bottom:0px;\n}\n.flex_column.av-khc82osc-f8945d334134ec15879c7fc7cc8796b4{\nborder-radius:0px 0px 0px 0px;\npadding:30px 30px 30px 30px;\nbackground-color:#ffffff;\n}\n<\/style>\n<div  class='flex_column av-khc82osc-f8945d334134ec15879c7fc7cc8796b4 av_one_third  avia-builder-el-40  el_after_av_two_third  el_before_av_hr  no_margin flex_column_table_cell av-equal-height-column av-align-top  column-top-margin'     ><p>\n<style type=\"text\/css\" data-created_by=\"avia_inline_auto\" id=\"style-css-av-8u8vk-1ee50face94c55f6e565b431f2257d9a\">\n#top .hr.hr-invisible.av-8u8vk-1ee50face94c55f6e565b431f2257d9a{\nheight:30px;\n}\n<\/style>\n<div  class='hr av-8u8vk-1ee50face94c55f6e565b431f2257d9a hr-invisible  avia-builder-el-41  el_before_av_image  avia-builder-el-first  av-small-hide av-mini-hide'><span class='hr-inner '><span class=\"hr-inner-style\"><\/span><\/span><\/div><br \/>\n\n<style type=\"text\/css\" data-created_by=\"avia_inline_auto\" id=\"style-css-av-kki96304-06f506bc3ca9a56f6918bf0100928e05\">\n.avia-image-container.av-kki96304-06f506bc3ca9a56f6918bf0100928e05 img.avia_image{\nbox-shadow:none;\n}\n.avia-image-container.av-kki96304-06f506bc3ca9a56f6918bf0100928e05 .av-image-caption-overlay-center{\ncolor:#ffffff;\n}\n<\/style>\n<div  class='avia-image-container av-kki96304-06f506bc3ca9a56f6918bf0100928e05 av-styling- avia-align-center  avia-builder-el-42  el_after_av_hr  avia-builder-el-last '   itemprop=\"image\" itemscope=\"itemscope\" itemtype=\"https:\/\/schema.org\/ImageObject\" ><div class=\"avia-image-container-inner\"><div class=\"avia-image-overlay-wrap\"><img decoding=\"async\" fetchpriority=\"high\" class='wp-image-4601 avia-img-lazy-loading-not-4601 avia_image ' src=\"https:\/\/www.sopenasevilla.org\/wp-content\/uploads\/2021\/02\/FP-basica-sevilla.jpg\" alt='FORMATION PROFESSIONNELLE INITIALE s\u00e9ville' title='FORMATION-PROFESSIONNELLE-INITIALE-s\u00e9ville'  height=\"452\" width=\"434\"  itemprop=\"thumbnailUrl\" srcset=\"https:\/\/www.sopenasevilla.org\/wp-content\/uploads\/2021\/02\/FP-basica-sevilla.jpg 434w, https:\/\/www.sopenasevilla.org\/wp-content\/uploads\/2021\/02\/FP-basica-sevilla-288x300.jpg 288w, https:\/\/www.sopenasevilla.org\/wp-content\/uploads\/2021\/02\/FP-basica-sevilla-36x36.jpg 36w\" sizes=\"(max-width: 434px) 100vw, 434px\" \/><\/div><\/div><\/div><\/p><\/div><\/div><!--close column table wrapper. Autoclose: 1 -->\n<style type=\"text\/css\" data-created_by=\"avia_inline_auto\" id=\"style-css-av-8u8vk-35d01d9d9c22555879423caea2c4a012\">\n#top .hr.hr-invisible.av-8u8vk-35d01d9d9c22555879423caea2c4a012{\nheight:5px;\n}\n<\/style>\n<div  class='hr av-8u8vk-35d01d9d9c22555879423caea2c4a012 hr-invisible  avia-builder-el-43  el_after_av_one_third  el_before_av_one_full '><span class='hr-inner '><span class=\"hr-inner-style\"><\/span><\/span><\/div>\n<div class='flex_column_table av-khc82osc-6a3b676f90d7df5335a1970c0c925d1d sc-av_one_full av-equal-height-column-flextable'>\n<style type=\"text\/css\" data-created_by=\"avia_inline_auto\" id=\"style-css-av-khc82osc-6a3b676f90d7df5335a1970c0c925d1d\">\n#top .flex_column_table.av-equal-height-column-flextable.av-khc82osc-6a3b676f90d7df5335a1970c0c925d1d{\nmargin-top:-40px;\nmargin-bottom:0px;\n}\n.flex_column.av-khc82osc-6a3b676f90d7df5335a1970c0c925d1d{\nborder-radius:0px 0px 0px 0px;\npadding:30px 30px 30px 30px;\nbackground-color:#ffffff;\n}\n<\/style>\n<div  class='flex_column av-khc82osc-6a3b676f90d7df5335a1970c0c925d1d av_one_full  avia-builder-el-44  el_after_av_hr  el_before_av_three_fourth  first no_margin flex_column_table_cell av-equal-height-column av-align-top  '     ><p>\n<style type=\"text\/css\" data-created_by=\"avia_inline_auto\" id=\"style-css-av-8u8vk-35d01d9d9c22555879423caea2c4a012\">\n#top .hr.hr-invisible.av-8u8vk-35d01d9d9c22555879423caea2c4a012{\nheight:5px;\n}\n<\/style>\n<div  class='hr av-8u8vk-35d01d9d9c22555879423caea2c4a012 hr-invisible  avia-builder-el-45  el_before_av_heading  avia-builder-el-first '><span class='hr-inner '><span class=\"hr-inner-style\"><\/span><\/span><\/div><br \/>\n\n<style type=\"text\/css\" data-created_by=\"avia_inline_auto\" id=\"style-css-av-klv19c6z-e5b805ea15c32c5647c83c3e90049614\">\n#top .av-special-heading.av-klv19c6z-e5b805ea15c32c5647c83c3e90049614{\npadding-bottom:0;\nfont-size:35px;\n}\nbody .av-special-heading.av-klv19c6z-e5b805ea15c32c5647c83c3e90049614 .av-special-heading-tag .heading-char{\nfont-size:25px;\n}\n#top #wrap_all .av-special-heading.av-klv19c6z-e5b805ea15c32c5647c83c3e90049614 .av-special-heading-tag{\nfont-size:35px;\n}\n.av-special-heading.av-klv19c6z-e5b805ea15c32c5647c83c3e90049614 .av-subheading{\nfont-size:25px;\n}\n\n@media only screen and (min-width: 480px) and (max-width: 767px){ \n#top #wrap_all .av-special-heading.av-klv19c6z-e5b805ea15c32c5647c83c3e90049614 .av-special-heading-tag{\nfont-size:0.8em;\n}\n}\n\n@media only screen and (max-width: 479px){ \n#top #wrap_all .av-special-heading.av-klv19c6z-e5b805ea15c32c5647c83c3e90049614 .av-special-heading-tag{\nfont-size:0.8em;\n}\n}\n<\/style>\n<div  class='av-special-heading av-klv19c6z-e5b805ea15c32c5647c83c3e90049614 av-special-heading-h3 blockquote modern-quote modern-centered  avia-builder-el-46  el_after_av_hr  el_before_av_hr  av-inherit-size'><h3 class='av-special-heading-tag '  itemprop=\"headline\"  >Conditions d\u2019acc\u00e8s \u00e0 la formation professionnelle de base<\/h3><div class=\"special-heading-border\"><div class=\"special-heading-inner-border\"><\/div><\/div><\/div><br \/>\n\n<style type=\"text\/css\" data-created_by=\"avia_inline_auto\" id=\"style-css-av-8u8vk-35d01d9d9c22555879423caea2c4a012\">\n#top .hr.hr-invisible.av-8u8vk-35d01d9d9c22555879423caea2c4a012{\nheight:5px;\n}\n<\/style>\n<div  class='hr av-8u8vk-35d01d9d9c22555879423caea2c4a012 hr-invisible  avia-builder-el-47  el_after_av_heading  el_before_av_textblock '><span class='hr-inner '><span class=\"hr-inner-style\"><\/span><\/span><\/div><br \/>\n<section  class='av_textblock_section av-e9wh0-5bf1ae5239c61f85fd970d450a1758de '   itemscope=\"itemscope\" itemtype=\"https:\/\/schema.org\/CreativeWork\" ><div class='avia_textblock'  itemprop=\"text\" ><p style=\"text-align: center;\"><span style=\"color: #ee7402; font-size: 24pt;\">\u2756<\/span><\/p>\n<\/div><\/section><\/p><\/div><\/div><!--close column table wrapper. Autoclose: 1 --><div class='flex_column_table av-khc82osc-6a3b676f90d7df5335a1970c0c925d1d sc-av_three_fourth av-equal-height-column-flextable'>\n<style type=\"text\/css\" data-created_by=\"avia_inline_auto\" id=\"style-css-av-khc82osc-6a3b676f90d7df5335a1970c0c925d1d\">\n#top .flex_column_table.av-equal-height-column-flextable.av-khc82osc-6a3b676f90d7df5335a1970c0c925d1d{\nmargin-top:-40px;\nmargin-bottom:0px;\n}\n.flex_column.av-khc82osc-6a3b676f90d7df5335a1970c0c925d1d{\nborder-radius:0px 0px 0px 0px;\npadding:30px 30px 30px 30px;\nbackground-color:#ffffff;\n}\n<\/style>\n<div  class='flex_column av-khc82osc-6a3b676f90d7df5335a1970c0c925d1d av_three_fourth  avia-builder-el-49  el_after_av_one_full  el_before_av_one_fourth  first no_margin flex_column_table_cell av-equal-height-column av-align-top  column-top-margin'     ><section  class='av_textblock_section av-b15go-c99040a979d743671c8a1d13f56c6720 '   itemscope=\"itemscope\" itemtype=\"https:\/\/schema.org\/CreativeWork\" ><div class='avia_textblock'  itemprop=\"text\" ><p>Les \u00e9tudiants qui remplissent simultan\u00e9ment les conditions suivantes pourront acc\u00e9der \u00e0 un cycle de formation professionnelle de base:<\/p>\n<ul>\n<li>Avoir plus de quinze ans, ou les rencontrer au cours de l&rsquo;ann\u00e9e civile en cours, et ne pas d\u00e9passer dix-sept ans au moment de l&rsquo;acc\u00e8s ou au cours de l&rsquo;ann\u00e9e civile en cours.<\/li>\n<li>Avoir termin\u00e9 le premier cycle de l&rsquo;enseignement secondaire obligatoire ou, exceptionnellement, avoir termin\u00e9 la deuxi\u00e8me ann\u00e9e de l&rsquo;enseignement secondaire obligatoire.<\/li>\n<li>Ayant \u00e9t\u00e9 propos\u00e9 par l&rsquo;\u00e9quipe p\u00e9dagogique aux parents ou tuteurs l\u00e9gaux pour int\u00e9gration dans un cycle de formation professionnelle de base.<\/li>\n<\/ul>\n<\/div><\/section><\/div>\n<style type=\"text\/css\" data-created_by=\"avia_inline_auto\" id=\"style-css-av-khc82osc-d535097a41ebc1cacfae5fa7f7ddeda2\">\n#top .flex_column_table.av-equal-height-column-flextable.av-khc82osc-d535097a41ebc1cacfae5fa7f7ddeda2{\nmargin-top:-40px;\nmargin-bottom:0px;\n}\n.flex_column.av-khc82osc-d535097a41ebc1cacfae5fa7f7ddeda2{\nborder-radius:0px 0px 0px 0px;\npadding:30px 30px 30px 30px;\nbackground-color:#ffffff;\n}\n<\/style>\n<div  class='flex_column av-khc82osc-d535097a41ebc1cacfae5fa7f7ddeda2 av_one_fourth  avia-builder-el-51  el_after_av_three_fourth  el_before_av_one_full  no_margin flex_column_table_cell av-equal-height-column av-align-top av-hide-on-mobile  column-top-margin'     ><\/div><\/div><!--close column table wrapper. Autoclose: 1 --><div class='flex_column_table av-khc82osc-6a3b676f90d7df5335a1970c0c925d1d sc-av_one_full av-equal-height-column-flextable'>\n<style type=\"text\/css\" data-created_by=\"avia_inline_auto\" id=\"style-css-av-khc82osc-6a3b676f90d7df5335a1970c0c925d1d\">\n#top .flex_column_table.av-equal-height-column-flextable.av-khc82osc-6a3b676f90d7df5335a1970c0c925d1d{\nmargin-top:-40px;\nmargin-bottom:0px;\n}\n.flex_column.av-khc82osc-6a3b676f90d7df5335a1970c0c925d1d{\nborder-radius:0px 0px 0px 0px;\npadding:30px 30px 30px 30px;\nbackground-color:#ffffff;\n}\n<\/style>\n<div  class='flex_column av-khc82osc-6a3b676f90d7df5335a1970c0c925d1d av_one_full  avia-builder-el-52  el_after_av_one_fourth  avia-builder-el-last  first no_margin flex_column_table_cell av-equal-height-column av-align-top  column-top-margin'     ><div  class='avia-button-wrap av-kkian4cf-1802101b220939a89a80e6bd1e4ab93f-wrap avia-button-center  avia-builder-el-53  avia-builder-el-no-sibling '><a href='#matriculate'  class='avia-button av-kkian4cf-1802101b220939a89a80e6bd1e4ab93f av-link-btn avia-icon_select-yes-left-icon avia-size-x-large avia-position-center avia-color-theme-color'   aria-label=\"Demandez votre place maintenant!\"><span class='avia_button_icon avia_button_icon_left avia-iconfont avia-font-entypo-fontello' data-av_icon='\ue8c9' data-av_iconfont='entypo-fontello' ><\/span><span class='avia_iconbox_title' >Demandez votre place maintenant!<\/span><\/a><\/div><\/div><\/div><!--close column table wrapper. Autoclose: 1 -->\n<\/div><\/div><\/div><!-- close content main div --><\/div><\/div><div id='after_section_4'  class='main_color av_default_container_wrap container_wrap sidebar_right'  ><div class='container av-section-cont-open' ><div class='template-page content  av-content-small alpha units'><div class='post-entry post-entry-type-page post-entry-1884'><div class='entry-content-wrapper clearfix'>\n","protected":false},"excerpt":{"rendered":"","protected":false},"author":1,"featured_media":4752,"parent":0,"menu_order":0,"comment_status":"closed","ping_status":"closed","template":"","meta":{"footnotes":""},"class_list":["post-1884","page","type-page","status-publish","has-post-thumbnail","hentry"],"yoast_head":"<!-- This site is optimized with the Yoast SEO Premium plugin v27.4 (Yoast SEO v27.4) - https:\/\/yoast.com\/product\/yoast-seo-premium-wordpress\/ -->\n<title>Formation professionnelle Initiale \u00e0 S\u00e9ville | Fondation Sope\u00f1a<\/title>\n<meta name=\"description\" content=\"Postulez pour votre place pour \u00e9tudier la formation professionnelle initiale \u00e0 S\u00e9ville, la Fondation Sope\u00f1a vous aide \u00e0 obtenir votre dipl\u00f4me officiel du CAP.\" \/>\n<meta name=\"robots\" content=\"index, follow, max-snippet:-1, max-image-preview:large, max-video-preview:-1\" \/>\n<link rel=\"canonical\" href=\"https:\/\/www.sopenasevilla.org\/fr\/formation-professionnelle-initiale\/\" \/>\n<meta property=\"og:locale\" content=\"fr_FR\" \/>\n<meta property=\"og:type\" content=\"article\" \/>\n<meta property=\"og:title\" content=\"Formation professionnelle initiale \u00e0 S\u00e9ville | Fondation Sope\u00f1a\" \/>\n<meta property=\"og:description\" content=\"Postulez pour votre place pour \u00e9tudier la formation professionnelle initiale \u00e0 S\u00e9ville, la Fondation Sope\u00f1a vous aide \u00e0 obtenir votre dipl\u00f4me officiel du CAP.\" \/>\n<meta property=\"og:url\" content=\"https:\/\/www.sopenasevilla.org\/fr\/formation-professionnelle-initiale\/\" \/>\n<meta property=\"og:site_name\" content=\"Centre de formation professionnelle de S\u00e9ville\" \/>\n<meta property=\"article:publisher\" content=\"https:\/\/www.facebook.com\/sopenasevilla\/\" \/>\n<meta property=\"article:modified_time\" content=\"2025-01-29T17:06:11+00:00\" \/>\n<meta property=\"og:image\" content=\"https:\/\/www.sopenasevilla.org\/wp-content\/uploads\/2021\/02\/formacion-profesional-basica.jpg\" \/>\n\t<meta property=\"og:image:width\" content=\"850\" \/>\n\t<meta property=\"og:image:height\" content=\"478\" \/>\n\t<meta property=\"og:image:type\" content=\"image\/jpeg\" \/>\n<meta name=\"twitter:card\" content=\"summary_large_image\" \/>\n<meta name=\"twitter:title\" content=\"Formation professionnelle initiale\" \/>\n<meta name=\"twitter:site\" content=\"@SopenaSevilla\" \/>\n<script type=\"application\/ld+json\" class=\"yoast-schema-graph\">{\"@context\":\"https:\\\/\\\/schema.org\",\"@graph\":[{\"@type\":\"WebPage\",\"@id\":\"https:\\\/\\\/www.sopenasevilla.org\\\/fr\\\/formation-professionnelle-initiale\\\/\",\"url\":\"https:\\\/\\\/www.sopenasevilla.org\\\/fr\\\/formation-professionnelle-initiale\\\/\",\"name\":\"Formation professionnelle Initiale \u00e0 S\u00e9ville | Fondation Sope\u00f1a\",\"isPartOf\":{\"@id\":\"https:\\\/\\\/www.sopenasevilla.org\\\/#website\"},\"primaryImageOfPage\":{\"@id\":\"https:\\\/\\\/www.sopenasevilla.org\\\/fr\\\/formation-professionnelle-initiale\\\/#primaryimage\"},\"image\":{\"@id\":\"https:\\\/\\\/www.sopenasevilla.org\\\/fr\\\/formation-professionnelle-initiale\\\/#primaryimage\"},\"thumbnailUrl\":\"https:\\\/\\\/www.sopenasevilla.org\\\/wp-content\\\/uploads\\\/2021\\\/02\\\/formacion-profesional-basica.jpg\",\"datePublished\":\"2020-11-27T11:51:25+00:00\",\"dateModified\":\"2025-01-29T17:06:11+00:00\",\"description\":\"Postulez pour votre place pour \u00e9tudier la formation professionnelle initiale \u00e0 S\u00e9ville, la Fondation Sope\u00f1a vous aide \u00e0 obtenir votre dipl\u00f4me officiel du CAP.\",\"breadcrumb\":{\"@id\":\"https:\\\/\\\/www.sopenasevilla.org\\\/fr\\\/formation-professionnelle-initiale\\\/#breadcrumb\"},\"inLanguage\":\"fr-FR\",\"potentialAction\":[{\"@type\":\"ReadAction\",\"target\":[\"https:\\\/\\\/www.sopenasevilla.org\\\/fr\\\/formation-professionnelle-initiale\\\/\"]}]},{\"@type\":\"ImageObject\",\"inLanguage\":\"fr-FR\",\"@id\":\"https:\\\/\\\/www.sopenasevilla.org\\\/fr\\\/formation-professionnelle-initiale\\\/#primaryimage\",\"url\":\"https:\\\/\\\/www.sopenasevilla.org\\\/wp-content\\\/uploads\\\/2021\\\/02\\\/formacion-profesional-basica.jpg\",\"contentUrl\":\"https:\\\/\\\/www.sopenasevilla.org\\\/wp-content\\\/uploads\\\/2021\\\/02\\\/formacion-profesional-basica.jpg\",\"width\":850,\"height\":478,\"caption\":\"FORMATION PROFESSIONNELLE INITIALE\"},{\"@type\":\"BreadcrumbList\",\"@id\":\"https:\\\/\\\/www.sopenasevilla.org\\\/fr\\\/formation-professionnelle-initiale\\\/#breadcrumb\",\"itemListElement\":[{\"@type\":\"ListItem\",\"position\":1,\"name\":\"FP Sevilla\",\"item\":\"https:\\\/\\\/www.sopenasevilla.org\\\/fr\\\/\"},{\"@type\":\"ListItem\",\"position\":2,\"name\":\"Formation professionnelle initiale\"}]},{\"@type\":\"WebSite\",\"@id\":\"https:\\\/\\\/www.sopenasevilla.org\\\/#website\",\"url\":\"https:\\\/\\\/www.sopenasevilla.org\\\/\",\"name\":\"Centro de Formaci\u00f3n Profesional | FP Sevilla\",\"description\":\"La Fondation Sope\u00f1a est un institut concert\u00e9 de formation professionnelle o\u00f9 les cycles de formation du dipl\u00f4me sup\u00e9rieur BTS, du dipl\u00f4me interm\u00e9diaire baccalaur\u00e9at et de la initiale (CAP) sont dispens\u00e9s en pr\u00e9sentiel et en ligne.\",\"publisher\":{\"@id\":\"https:\\\/\\\/www.sopenasevilla.org\\\/#organization\"},\"alternateName\":\"Sope\u00f1a Sevilla\",\"potentialAction\":[{\"@type\":\"SearchAction\",\"target\":{\"@type\":\"EntryPoint\",\"urlTemplate\":\"https:\\\/\\\/www.sopenasevilla.org\\\/?s={search_term_string}\"},\"query-input\":{\"@type\":\"PropertyValueSpecification\",\"valueRequired\":true,\"valueName\":\"search_term_string\"}}],\"inLanguage\":\"fr-FR\"},{\"@type\":\"Organization\",\"@id\":\"https:\\\/\\\/www.sopenasevilla.org\\\/#organization\",\"name\":\"Fundaci\u00f3n Dolores Sope\u00f1a Sevilla\",\"alternateName\":\"Sope\u00f1a Sevilla\",\"url\":\"https:\\\/\\\/www.sopenasevilla.org\\\/\",\"logo\":{\"@type\":\"ImageObject\",\"inLanguage\":\"fr-FR\",\"@id\":\"https:\\\/\\\/www.sopenasevilla.org\\\/#\\\/schema\\\/logo\\\/image\\\/\",\"url\":\"https:\\\/\\\/www.sopenasevilla.org\\\/wp-content\\\/uploads\\\/2020\\\/10\\\/fundacion-dolores-sopena-sevilla.jpg\",\"contentUrl\":\"https:\\\/\\\/www.sopenasevilla.org\\\/wp-content\\\/uploads\\\/2020\\\/10\\\/fundacion-dolores-sopena-sevilla.jpg\",\"width\":350,\"height\":128,\"caption\":\"Fundaci\u00f3n Dolores Sope\u00f1a Sevilla\"},\"image\":{\"@id\":\"https:\\\/\\\/www.sopenasevilla.org\\\/#\\\/schema\\\/logo\\\/image\\\/\"},\"sameAs\":[\"https:\\\/\\\/www.facebook.com\\\/sopenasevilla\\\/\",\"https:\\\/\\\/x.com\\\/SopenaSevilla\",\"https:\\\/\\\/www.youtube.com\\\/channel\\\/UCKW0FqYbGrNmm8wrXOG4J3A\",\"https:\\\/\\\/www.instagram.com\\\/sopenasevilla\\\/\"]}]}<\/script>\n<!-- \/ Yoast SEO Premium plugin. -->","yoast_head_json":{"title":"Formation professionnelle Initiale \u00e0 S\u00e9ville | Fondation Sope\u00f1a","description":"Postulez pour votre place pour \u00e9tudier la formation professionnelle initiale \u00e0 S\u00e9ville, la Fondation Sope\u00f1a vous aide \u00e0 obtenir votre dipl\u00f4me officiel du CAP.","robots":{"index":"index","follow":"follow","max-snippet":"max-snippet:-1","max-image-preview":"max-image-preview:large","max-video-preview":"max-video-preview:-1"},"canonical":"https:\/\/www.sopenasevilla.org\/fr\/formation-professionnelle-initiale\/","og_locale":"fr_FR","og_type":"article","og_title":"Formation professionnelle initiale \u00e0 S\u00e9ville | Fondation Sope\u00f1a","og_description":"Postulez pour votre place pour \u00e9tudier la formation professionnelle initiale \u00e0 S\u00e9ville, la Fondation Sope\u00f1a vous aide \u00e0 obtenir votre dipl\u00f4me officiel du CAP.","og_url":"https:\/\/www.sopenasevilla.org\/fr\/formation-professionnelle-initiale\/","og_site_name":"Centre de formation professionnelle de S\u00e9ville","article_publisher":"https:\/\/www.facebook.com\/sopenasevilla\/","article_modified_time":"2025-01-29T17:06:11+00:00","og_image":[{"width":850,"height":478,"url":"https:\/\/www.sopenasevilla.org\/wp-content\/uploads\/2021\/02\/formacion-profesional-basica.jpg","type":"image\/jpeg"}],"twitter_card":"summary_large_image","twitter_title":"Formation professionnelle initiale","twitter_site":"@SopenaSevilla","schema":{"@context":"https:\/\/schema.org","@graph":[{"@type":"WebPage","@id":"https:\/\/www.sopenasevilla.org\/fr\/formation-professionnelle-initiale\/","url":"https:\/\/www.sopenasevilla.org\/fr\/formation-professionnelle-initiale\/","name":"Formation professionnelle Initiale \u00e0 S\u00e9ville | Fondation Sope\u00f1a","isPartOf":{"@id":"https:\/\/www.sopenasevilla.org\/#website"},"primaryImageOfPage":{"@id":"https:\/\/www.sopenasevilla.org\/fr\/formation-professionnelle-initiale\/#primaryimage"},"image":{"@id":"https:\/\/www.sopenasevilla.org\/fr\/formation-professionnelle-initiale\/#primaryimage"},"thumbnailUrl":"https:\/\/www.sopenasevilla.org\/wp-content\/uploads\/2021\/02\/formacion-profesional-basica.jpg","datePublished":"2020-11-27T11:51:25+00:00","dateModified":"2025-01-29T17:06:11+00:00","description":"Postulez pour votre place pour \u00e9tudier la formation professionnelle initiale \u00e0 S\u00e9ville, la Fondation Sope\u00f1a vous aide \u00e0 obtenir votre dipl\u00f4me officiel du CAP.","breadcrumb":{"@id":"https:\/\/www.sopenasevilla.org\/fr\/formation-professionnelle-initiale\/#breadcrumb"},"inLanguage":"fr-FR","potentialAction":[{"@type":"ReadAction","target":["https:\/\/www.sopenasevilla.org\/fr\/formation-professionnelle-initiale\/"]}]},{"@type":"ImageObject","inLanguage":"fr-FR","@id":"https:\/\/www.sopenasevilla.org\/fr\/formation-professionnelle-initiale\/#primaryimage","url":"https:\/\/www.sopenasevilla.org\/wp-content\/uploads\/2021\/02\/formacion-profesional-basica.jpg","contentUrl":"https:\/\/www.sopenasevilla.org\/wp-content\/uploads\/2021\/02\/formacion-profesional-basica.jpg","width":850,"height":478,"caption":"FORMATION PROFESSIONNELLE INITIALE"},{"@type":"BreadcrumbList","@id":"https:\/\/www.sopenasevilla.org\/fr\/formation-professionnelle-initiale\/#breadcrumb","itemListElement":[{"@type":"ListItem","position":1,"name":"FP Sevilla","item":"https:\/\/www.sopenasevilla.org\/fr\/"},{"@type":"ListItem","position":2,"name":"Formation professionnelle initiale"}]},{"@type":"WebSite","@id":"https:\/\/www.sopenasevilla.org\/#website","url":"https:\/\/www.sopenasevilla.org\/","name":"Centro de Formaci\u00f3n Profesional | FP Sevilla","description":"La Fondation Sope\u00f1a est un institut concert\u00e9 de formation professionnelle o\u00f9 les cycles de formation du dipl\u00f4me sup\u00e9rieur BTS, du dipl\u00f4me interm\u00e9diaire baccalaur\u00e9at et de la initiale (CAP) sont dispens\u00e9s en pr\u00e9sentiel et en ligne.","publisher":{"@id":"https:\/\/www.sopenasevilla.org\/#organization"},"alternateName":"Sope\u00f1a Sevilla","potentialAction":[{"@type":"SearchAction","target":{"@type":"EntryPoint","urlTemplate":"https:\/\/www.sopenasevilla.org\/?s={search_term_string}"},"query-input":{"@type":"PropertyValueSpecification","valueRequired":true,"valueName":"search_term_string"}}],"inLanguage":"fr-FR"},{"@type":"Organization","@id":"https:\/\/www.sopenasevilla.org\/#organization","name":"Fundaci\u00f3n Dolores Sope\u00f1a Sevilla","alternateName":"Sope\u00f1a Sevilla","url":"https:\/\/www.sopenasevilla.org\/","logo":{"@type":"ImageObject","inLanguage":"fr-FR","@id":"https:\/\/www.sopenasevilla.org\/#\/schema\/logo\/image\/","url":"https:\/\/www.sopenasevilla.org\/wp-content\/uploads\/2020\/10\/fundacion-dolores-sopena-sevilla.jpg","contentUrl":"https:\/\/www.sopenasevilla.org\/wp-content\/uploads\/2020\/10\/fundacion-dolores-sopena-sevilla.jpg","width":350,"height":128,"caption":"Fundaci\u00f3n Dolores Sope\u00f1a Sevilla"},"image":{"@id":"https:\/\/www.sopenasevilla.org\/#\/schema\/logo\/image\/"},"sameAs":["https:\/\/www.facebook.com\/sopenasevilla\/","https:\/\/x.com\/SopenaSevilla","https:\/\/www.youtube.com\/channel\/UCKW0FqYbGrNmm8wrXOG4J3A","https:\/\/www.instagram.com\/sopenasevilla\/"]}]}},"_links":{"self":[{"href":"https:\/\/www.sopenasevilla.org\/fr\/wp-json\/wp\/v2\/pages\/1884","targetHints":{"allow":["GET"]}}],"collection":[{"href":"https:\/\/www.sopenasevilla.org\/fr\/wp-json\/wp\/v2\/pages"}],"about":[{"href":"https:\/\/www.sopenasevilla.org\/fr\/wp-json\/wp\/v2\/types\/page"}],"author":[{"embeddable":true,"href":"https:\/\/www.sopenasevilla.org\/fr\/wp-json\/wp\/v2\/users\/1"}],"replies":[{"embeddable":true,"href":"https:\/\/www.sopenasevilla.org\/fr\/wp-json\/wp\/v2\/comments?post=1884"}],"version-history":[{"count":0,"href":"https:\/\/www.sopenasevilla.org\/fr\/wp-json\/wp\/v2\/pages\/1884\/revisions"}],"wp:featuredmedia":[{"embeddable":true,"href":"https:\/\/www.sopenasevilla.org\/fr\/wp-json\/wp\/v2\/media\/4752"}],"wp:attachment":[{"href":"https:\/\/www.sopenasevilla.org\/fr\/wp-json\/wp\/v2\/media?parent=1884"}],"curies":[{"name":"wp","href":"https:\/\/api.w.org\/{rel}","templated":true}]}}