{"id":2157,"date":"2020-11-27T13:19:10","date_gmt":"2020-11-27T12:19:10","guid":{"rendered":"http:\/\/clipp2.es\/erasmus\/red-de-centros-erasmus\/"},"modified":"2021-03-18T11:29:42","modified_gmt":"2021-03-18T10:29:42","slug":"rete-centri-erasmus","status":"publish","type":"page","link":"https:\/\/www.sopenasevilla.org\/it\/erasmus\/rete-centri-erasmus\/","title":{"rendered":"RETE DEI CENTRI ERASMUS"},"content":{"rendered":"\n<style type=\"text\/css\" data-created_by=\"avia_inline_auto\" id=\"style-css-av-khuj8gb2-f1d7d687d4dc38b20e0c6250bb02ecd9\">\n.avia-section.av-khuj8gb2-f1d7d687d4dc38b20e0c6250bb02ecd9{\nbackground-color:#32ac9d;\nbackground-image:url(https:\/\/www.sopenasevilla.org\/wp-content\/uploads\/2021\/03\/erasmus-en-el-mundo.jpg);\nbackground-repeat:no-repeat;\nbackground-position:50% 0%;\nbackground-attachment:scroll;\n}\n.avia-section.av-khuj8gb2-f1d7d687d4dc38b20e0c6250bb02ecd9 .av-section-color-overlay{\nopacity:0.1;\nbackground-color:#ffffff;\n}\n<\/style>\n<div id='av_section_1'  class='avia-section av-khuj8gb2-f1d7d687d4dc38b20e0c6250bb02ecd9 main_color avia-section-default avia-no-border-styling  avia-builder-el-0  el_before_av_slideshow_full  avia-builder-el-first  av-small-hide av-mini-hide avia-bg-style-scroll av-section-color-overlay-active av-minimum-height av-minimum-height-65 av-height-percent  container_wrap sidebar_right'  data-section-bg-repeat='no-repeat' data-av_minimum_height_pc='65' data-av_min_height_opt='percent'><div class=\"av-section-color-overlay-wrap\"><div class=\"av-section-color-overlay\"><\/div><div class='container av-section-cont-open' ><main  role=\"main\" itemprop=\"mainContentOfPage\"  class='template-page content  av-content-small alpha units'><div class='post-entry post-entry-type-page post-entry-2157'><div class='entry-content-wrapper clearfix'>\n<\/div><\/div><\/main><!-- close content main element --><\/div><\/div><\/div><div id='full_slider_1'  class='avia-fullwidth-slider main_color avia-shadow av-desktop-hide av-medium-hide  avia-builder-el-1  el_after_av_section  el_before_av_section   slider-not-first container_wrap sidebar_right'  ><div  class='avia-slideshow av-khrsbt03-7111035ac8d780db4ff2f234aee1ba62 avia-slideshow-no scaling av_slideshow_full avia-slide-slider av-desktop-hide av-medium-hide av-slideshow-ui av-control-default av-slideshow-manual av-loop-once av-loop-manual-endless av-default-height-applied  image_no_stretch avia-slideshow-1' data-slideshow-options=\"{&quot;animation&quot;:&quot;slide&quot;,&quot;autoplay&quot;:false,&quot;loop_autoplay&quot;:&quot;once&quot;,&quot;interval&quot;:5,&quot;loop_manual&quot;:&quot;manual-endless&quot;,&quot;autoplay_stopper&quot;:false,&quot;noNavigation&quot;:false,&quot;bg_slider&quot;:false,&quot;keep_padding&quot;:false,&quot;hoverpause&quot;:false,&quot;show_slide_delay&quot;:0}\"  itemprop=\"image\" itemscope=\"itemscope\" itemtype=\"https:\/\/schema.org\/ImageObject\" ><ul class='avia-slideshow-inner ' style='padding-bottom: 50%;'><li  class='avia-slideshow-slide av-khrsbt03-7111035ac8d780db4ff2f234aee1ba62__0  av-single-slide slide-1 slide-odd'><div data-rel='slideshow-1' class='avia-slide-wrap '   ><img decoding=\"async\" fetchpriority=\"high\" class=\"wp-image-1016 avia-img-lazy-loading-not-1016\"  src=\"https:\/\/www.sopenasevilla.org\/wp-content\/uploads\/2020\/11\/erasmus-en-el-mundo-1.jpg\" width=\"450\" height=\"225\" title='erasmus-en-el-mundo' alt='erasmus en el mundo'  itemprop=\"thumbnailUrl\" srcset=\"https:\/\/www.sopenasevilla.org\/wp-content\/uploads\/2020\/11\/erasmus-en-el-mundo-1.jpg 450w, https:\/\/www.sopenasevilla.org\/wp-content\/uploads\/2020\/11\/erasmus-en-el-mundo-1-300x150.jpg 300w\" sizes=\"(max-width: 450px) 100vw, 450px\" \/><\/div><\/li><\/ul><\/div><\/div>\n<div id='av_section_2'  class='avia-section av-jqkc0-8d865697b998d5befcc04ce04c2383fb main_color avia-section-small avia-no-border-styling  avia-builder-el-2  el_after_av_slideshow_full  avia-builder-el-last  avia-bg-style-scroll container_wrap sidebar_right'  ><div class='container av-section-cont-open' ><div class='template-page content  av-content-small alpha units'><div class='post-entry post-entry-type-page post-entry-2157'><div class='entry-content-wrapper clearfix'>\n<div class='flex_column_table av-j8cs0-6379c6636eaa2dbf0b52155351770963 sc-av_one_full av-equal-height-column-flextable'>\n<style type=\"text\/css\" data-created_by=\"avia_inline_auto\" id=\"style-css-av-j8cs0-6379c6636eaa2dbf0b52155351770963\">\n#top .flex_column_table.av-equal-height-column-flextable.av-j8cs0-6379c6636eaa2dbf0b52155351770963{\nmargin-top:-30px;\nmargin-bottom:0px;\n}\n.flex_column.av-j8cs0-6379c6636eaa2dbf0b52155351770963{\nborder-radius:0px 0px 0px 0px;\npadding:30px 30px 30px 30px;\nbackground-color:#ffffff;\n}\n<\/style>\n<div  class='flex_column av-j8cs0-6379c6636eaa2dbf0b52155351770963 av_one_full  avia-builder-el-3  el_before_av_one_fifth  avia-builder-el-first  first no_margin flex_column_table_cell av-equal-height-column av-align-top  '     ><p>\n<style type=\"text\/css\" data-created_by=\"avia_inline_auto\" id=\"style-css-av-ibqh0-11ca75317e069a88e3e7486f49b52ab0\">\n#top .hr.hr-invisible.av-ibqh0-11ca75317e069a88e3e7486f49b52ab0{\nmargin-top:-30px;\nheight:1px;\n}\n<\/style>\n<div  class='hr av-ibqh0-11ca75317e069a88e3e7486f49b52ab0 hr-invisible  avia-builder-el-4  el_before_av_heading  avia-builder-el-first '><span class='hr-inner '><span class=\"hr-inner-style\"><\/span><\/span><\/div><br \/>\n\n<style type=\"text\/css\" data-created_by=\"avia_inline_auto\" id=\"style-css-av-2cvktq-5b8e418b7d4ecacd54396467a10f0725\">\n#top .av-special-heading.av-2cvktq-5b8e418b7d4ecacd54396467a10f0725{\npadding-bottom:0;\n}\nbody .av-special-heading.av-2cvktq-5b8e418b7d4ecacd54396467a10f0725 .av-special-heading-tag .heading-char{\nfont-size:25px;\n}\n.av-special-heading.av-2cvktq-5b8e418b7d4ecacd54396467a10f0725 .av-subheading{\nfont-size:15px;\n}\n\n@media only screen and (max-width: 479px){ \n#top #wrap_all .av-special-heading.av-2cvktq-5b8e418b7d4ecacd54396467a10f0725 .av-special-heading-tag{\nfont-size:30px;\n}\n}\n<\/style>\n<div  class='av-special-heading av-2cvktq-5b8e418b7d4ecacd54396467a10f0725 av-special-heading-h1 blockquote modern-quote modern-centered  avia-builder-el-5  el_after_av_hr  el_before_av_textblock '><h1 class='av-special-heading-tag '  itemprop=\"headline\"  >RETE DEI CENTRI ERASMUS<\/h1><div class=\"special-heading-border\"><div class=\"special-heading-inner-border\"><\/div><\/div><\/div><br \/>\n<section  class='av_textblock_section av-e9wh0-5bf1ae5239c61f85fd970d450a1758de '   itemscope=\"itemscope\" itemtype=\"https:\/\/schema.org\/CreativeWork\" ><div class='avia_textblock'  itemprop=\"text\" ><p style=\"text-align: center;\"><span style=\"color: #ee7402; font-size: 18pt;\">\u2756<\/span><\/p>\n<\/div><\/section><br \/>\n<section  class='av_textblock_section av-1q49w-b4529893da04dbe0ff2954cd3de808e9 '   itemscope=\"itemscope\" itemtype=\"https:\/\/schema.org\/CreativeWork\" ><div class='avia_textblock'  itemprop=\"text\" ><p>Sei un Centro educativo innovativo e scommetti su una formazione professionale europea? La nostra rete di centri europei \u00e8 in continua espansione e siamo aperti a collaborare con voi in tutti i nostri progetti. E tu, vuoi far parte dei nostri progetti futuri? Invitiamo.<\/p>\n<\/div><\/section><\/p><\/div><\/div><!--close column table wrapper. Autoclose: 1 --><div class='flex_column_table av-j8cs0-6379c6636eaa2dbf0b52155351770963 sc-av_one_fifth av-equal-height-column-flextable'>\n<style type=\"text\/css\" data-created_by=\"avia_inline_auto\" id=\"style-css-av-j8cs0-6379c6636eaa2dbf0b52155351770963\">\n#top .flex_column_table.av-equal-height-column-flextable.av-j8cs0-6379c6636eaa2dbf0b52155351770963{\nmargin-top:-30px;\nmargin-bottom:0px;\n}\n.flex_column.av-j8cs0-6379c6636eaa2dbf0b52155351770963{\nborder-radius:0px 0px 0px 0px;\npadding:30px 30px 30px 30px;\nbackground-color:#ffffff;\n}\n<\/style>\n<div  class='flex_column av-j8cs0-6379c6636eaa2dbf0b52155351770963 av_one_fifth  avia-builder-el-8  el_after_av_one_full  el_before_av_three_fifth  first no_margin flex_column_table_cell av-equal-height-column av-align-top  column-top-margin'     ><\/div>\n<style type=\"text\/css\" data-created_by=\"avia_inline_auto\" id=\"style-css-av-j8cs0-a00107d34174ecfc8fa2a6cd30b2918c\">\n#top .flex_column_table.av-equal-height-column-flextable.av-j8cs0-a00107d34174ecfc8fa2a6cd30b2918c{\nmargin-top:-30px;\nmargin-bottom:0px;\n}\n.flex_column.av-j8cs0-a00107d34174ecfc8fa2a6cd30b2918c{\nborder-radius:0px 0px 0px 0px;\npadding:30px 30px 30px 30px;\nbackground-color:#ffffff;\n}\n<\/style>\n<div  class='flex_column av-j8cs0-a00107d34174ecfc8fa2a6cd30b2918c av_three_fifth  avia-builder-el-9  el_after_av_one_fifth  el_before_av_one_fifth  no_margin flex_column_table_cell av-equal-height-column av-align-top  column-top-margin'     ><p>\n<style type=\"text\/css\" data-created_by=\"avia_inline_auto\" id=\"style-css-av-khud3gdp-77012e51c5b54f1c9198ba88d0ae8145\">\n#top .hr.hr-invisible.av-khud3gdp-77012e51c5b54f1c9198ba88d0ae8145{\nheight:50px;\n}\n<\/style>\n<div  class='hr av-khud3gdp-77012e51c5b54f1c9198ba88d0ae8145 hr-invisible  avia-builder-el-10  el_before_av_contact  avia-builder-el-first '><span class='hr-inner '><span class=\"hr-inner-style\"><\/span><\/span><\/div><br \/>\n<form action=\"https:\/\/www.sopenasevilla.org\/it\/erasmus\/rete-centri-erasmus\/\" method=\"post\" data-fields-with-error=\"Sono stati riscontrati errori nei seguenti campi:\" class=\"avia_ajax_form av-form-labels-visible   avia-builder-el-11  el_after_av_hr  avia-builder-el-last   \" data-avia-form-id=\"1\" data-avia-redirect='' ><fieldset><p class='  first_form  form_element form_fullwidth' id='element_avia_1_1'><label for=\"avia_1_1\">Nome <abbr class=\"required\" title=\"richiesto\">*<\/abbr><\/label> <input name=\"avia_1_1\" class=\"text_input is_empty\" type=\"text\" id=\"avia_1_1\" value=\"\" \/><\/p><p class='  first_form  form_element form_fullwidth' id='element_avia_2_1'><label for=\"avia_2_1\">E-mail <abbr class=\"required\" title=\"richiesto\">*<\/abbr><\/label> <input name=\"avia_2_1\" class=\"text_input is_email\" type=\"text\" id=\"avia_2_1\" value=\"\" \/><\/p><p class='  first_form  form_element form_fullwidth' id='element_avia_3_1'><label for=\"avia_3_1\">Telefono <abbr class=\"required\" title=\"richiesto\">*<\/abbr><\/label> <input name=\"avia_3_1\" class=\"text_input is_phone\" type=\"text\" id=\"avia_3_1\" value=\"\" \/><\/p><p class='  first_form  form_element form_fullwidth' id='element_avia_4_1'><label for=\"avia_4_1\">Nome del centro educativo <abbr class=\"required\" title=\"richiesto\">*<\/abbr><\/label> <input name=\"avia_4_1\" class=\"text_input is_empty\" type=\"text\" id=\"avia_4_1\" value=\"\" \/><\/p><p class='  first_form  form_element form_fullwidth' id='element_avia_5_1'><label for=\"avia_5_1\" class=\"textare_label hidden textare_label_avia_5_1\">Messaggio <abbr class=\"required\" title=\"richiesto\">*<\/abbr><\/label><textarea  name=\"avia_5_1\" class=\"text_area is_empty\" cols=\"40\" rows=\"7\" id=\"avia_5_1\" ><\/textarea><\/p><p class=\"hidden\"><input type=\"text\" name=\"avia_6_1\" class=\"hidden \" id=\"avia_6_1\" value=\"\" \/><\/p><p class=' av_form_privacy_check av_contact_privacy_check first_form  form_element form_fullwidth' id='element_avia_7_1'><input  name=\"avia_7_1\" class=\"input_checkbox is_empty\" type=\"checkbox\" id=\"avia_7_1\" value=\"true\"\/><label class=\"input_checkbox_label\" for=\"avia_7_1\"><span style=\"font-size: 12pt;\">Inviando <a href='https:\/\/www.sopenasevilla.org\/politica-privacidad\/' target='_blank'> accetti le norme sulla privacy<\/a><\/span> <abbr class=\"required\" title=\"richiesto\">*<\/abbr><\/label><\/p><p class=\"form_element \"><input type=\"hidden\" value=\"1\" name=\"avia_generated_form1\" \/><input type=\"submit\" value=\"Invia\" class=\"button\"  data-sending-label=\"Invio\"\/><\/p><\/fieldset><\/form><div id=\"ajaxresponse_1\" class=\"ajaxresponse ajaxresponse_1 hidden\"><\/div><\/p><\/div>\n<style type=\"text\/css\" data-created_by=\"avia_inline_auto\" id=\"style-css-av-j8cs0-a00107d34174ecfc8fa2a6cd30b2918c\">\n#top .flex_column_table.av-equal-height-column-flextable.av-j8cs0-a00107d34174ecfc8fa2a6cd30b2918c{\nmargin-top:-30px;\nmargin-bottom:0px;\n}\n.flex_column.av-j8cs0-a00107d34174ecfc8fa2a6cd30b2918c{\nborder-radius:0px 0px 0px 0px;\npadding:30px 30px 30px 30px;\nbackground-color:#ffffff;\n}\n<\/style>\n<div  class='flex_column av-j8cs0-a00107d34174ecfc8fa2a6cd30b2918c av_one_fifth  avia-builder-el-12  el_after_av_three_fifth  avia-builder-el-last  no_margin flex_column_table_cell av-equal-height-column av-align-top  column-top-margin'     ><\/div><\/div><!--close column table wrapper. Autoclose: 1 --><\/div><\/div><\/div><!-- close content main div --><\/div><\/div><div id='after_section_2'  class='main_color av_default_container_wrap container_wrap sidebar_right'  ><div class='container av-section-cont-open' ><div class='template-page content  av-content-small alpha units'><div class='post-entry post-entry-type-page post-entry-2157'><div class='entry-content-wrapper clearfix'>\n","protected":false},"excerpt":{"rendered":"","protected":false},"author":1,"featured_media":0,"parent":2120,"menu_order":0,"comment_status":"closed","ping_status":"closed","template":"","meta":{"footnotes":""},"class_list":["post-2157","page","type-page","status-publish","hentry"],"yoast_head":"<!-- This site is optimized with the Yoast SEO Premium plugin v27.4 (Yoast SEO v27.4) - https:\/\/yoast.com\/product\/yoast-seo-premium-wordpress\/ -->\n<title>Rete dei Centri Erasmus | Fondazione Sope\u00f1a<\/title>\n<meta name=\"description\" content=\"La nostra rete di centri europei \u00e8 in continua espansione e siamo aperti a collaborare con voi in tutti i nostri progetti. E tu, vuoi far parte dei nostri progetti futuri? Invitiamo.\" \/>\n<meta name=\"robots\" content=\"index, follow, max-snippet:-1, max-image-preview:large, max-video-preview:-1\" \/>\n<link rel=\"canonical\" href=\"https:\/\/www.sopenasevilla.org\/it\/erasmus\/rete-centri-erasmus\/\" \/>\n<meta property=\"og:locale\" content=\"it_IT\" \/>\n<meta property=\"og:type\" content=\"article\" \/>\n<meta property=\"og:title\" content=\"RETE DEI CENTRI ERASMUS\" \/>\n<meta property=\"og:description\" content=\"La nostra rete di centri europei \u00e8 in continua espansione e siamo aperti a collaborare con voi in tutti i nostri progetti. E tu, vuoi far parte dei nostri progetti futuri? Invitiamo.\" \/>\n<meta property=\"og:url\" content=\"https:\/\/www.sopenasevilla.org\/it\/erasmus\/rete-centri-erasmus\/\" \/>\n<meta property=\"og:site_name\" content=\"Centro di formazione professionale a Siviglia\" \/>\n<meta property=\"article:publisher\" content=\"https:\/\/www.facebook.com\/sopenasevilla\/\" \/>\n<meta property=\"article:modified_time\" content=\"2021-03-18T10:29:42+00:00\" \/>\n<meta property=\"og:image\" content=\"https:\/\/www.sopenasevilla.org\/wp-content\/uploads\/2021\/02\/fundacion-dolores-sopena.jpg\" \/>\n\t<meta property=\"og:image:width\" content=\"850\" \/>\n\t<meta property=\"og:image:height\" content=\"478\" \/>\n\t<meta property=\"og:image:type\" content=\"image\/jpeg\" \/>\n<meta name=\"twitter:card\" content=\"summary_large_image\" \/>\n<meta name=\"twitter:site\" content=\"@SopenaSevilla\" \/>\n<script type=\"application\/ld+json\" class=\"yoast-schema-graph\">{\"@context\":\"https:\\\/\\\/schema.org\",\"@graph\":[{\"@type\":\"WebPage\",\"@id\":\"https:\\\/\\\/www.sopenasevilla.org\\\/it\\\/erasmus\\\/rete-centri-erasmus\\\/\",\"url\":\"https:\\\/\\\/www.sopenasevilla.org\\\/it\\\/erasmus\\\/rete-centri-erasmus\\\/\",\"name\":\"Rete dei Centri Erasmus | Fondazione Sope\u00f1a\",\"isPartOf\":{\"@id\":\"https:\\\/\\\/www.sopenasevilla.org\\\/#website\"},\"datePublished\":\"2020-11-27T12:19:10+00:00\",\"dateModified\":\"2021-03-18T10:29:42+00:00\",\"description\":\"La nostra rete di centri europei \u00e8 in continua espansione e siamo aperti a collaborare con voi in tutti i nostri progetti. E tu, vuoi far parte dei nostri progetti futuri? Invitiamo.\",\"breadcrumb\":{\"@id\":\"https:\\\/\\\/www.sopenasevilla.org\\\/it\\\/erasmus\\\/rete-centri-erasmus\\\/#breadcrumb\"},\"inLanguage\":\"it-IT\",\"potentialAction\":[{\"@type\":\"ReadAction\",\"target\":[\"https:\\\/\\\/www.sopenasevilla.org\\\/it\\\/erasmus\\\/rete-centri-erasmus\\\/\"]}]},{\"@type\":\"BreadcrumbList\",\"@id\":\"https:\\\/\\\/www.sopenasevilla.org\\\/it\\\/erasmus\\\/rete-centri-erasmus\\\/#breadcrumb\",\"itemListElement\":[{\"@type\":\"ListItem\",\"position\":1,\"name\":\"FP Sevilla\",\"item\":\"https:\\\/\\\/www.sopenasevilla.org\\\/it\\\/\"},{\"@type\":\"ListItem\",\"position\":2,\"name\":\"Erasmus\",\"item\":\"https:\\\/\\\/www.sopenasevilla.org\\\/it\\\/erasmus\\\/\"},{\"@type\":\"ListItem\",\"position\":3,\"name\":\"RETE DEI CENTRI ERASMUS\"}]},{\"@type\":\"WebSite\",\"@id\":\"https:\\\/\\\/www.sopenasevilla.org\\\/#website\",\"url\":\"https:\\\/\\\/www.sopenasevilla.org\\\/\",\"name\":\"Centro de Formaci\u00f3n Profesional | FP Sevilla\",\"description\":\"La Fondazione Sope\u00f1a \u00e8 un istituto concertato di formazione professionale in cui i cicli di formazione di grado superiore, intermedio e di base vengono insegnati di persona e online\",\"publisher\":{\"@id\":\"https:\\\/\\\/www.sopenasevilla.org\\\/#organization\"},\"alternateName\":\"Sope\u00f1a Sevilla\",\"potentialAction\":[{\"@type\":\"SearchAction\",\"target\":{\"@type\":\"EntryPoint\",\"urlTemplate\":\"https:\\\/\\\/www.sopenasevilla.org\\\/?s={search_term_string}\"},\"query-input\":{\"@type\":\"PropertyValueSpecification\",\"valueRequired\":true,\"valueName\":\"search_term_string\"}}],\"inLanguage\":\"it-IT\"},{\"@type\":\"Organization\",\"@id\":\"https:\\\/\\\/www.sopenasevilla.org\\\/#organization\",\"name\":\"Fundaci\u00f3n Dolores Sope\u00f1a Sevilla\",\"alternateName\":\"Sope\u00f1a Sevilla\",\"url\":\"https:\\\/\\\/www.sopenasevilla.org\\\/\",\"logo\":{\"@type\":\"ImageObject\",\"inLanguage\":\"it-IT\",\"@id\":\"https:\\\/\\\/www.sopenasevilla.org\\\/#\\\/schema\\\/logo\\\/image\\\/\",\"url\":\"https:\\\/\\\/www.sopenasevilla.org\\\/wp-content\\\/uploads\\\/2020\\\/10\\\/fundacion-dolores-sopena-sevilla.jpg\",\"contentUrl\":\"https:\\\/\\\/www.sopenasevilla.org\\\/wp-content\\\/uploads\\\/2020\\\/10\\\/fundacion-dolores-sopena-sevilla.jpg\",\"width\":350,\"height\":128,\"caption\":\"Fundaci\u00f3n Dolores Sope\u00f1a Sevilla\"},\"image\":{\"@id\":\"https:\\\/\\\/www.sopenasevilla.org\\\/#\\\/schema\\\/logo\\\/image\\\/\"},\"sameAs\":[\"https:\\\/\\\/www.facebook.com\\\/sopenasevilla\\\/\",\"https:\\\/\\\/x.com\\\/SopenaSevilla\",\"https:\\\/\\\/www.youtube.com\\\/channel\\\/UCKW0FqYbGrNmm8wrXOG4J3A\",\"https:\\\/\\\/www.instagram.com\\\/sopenasevilla\\\/\"]}]}<\/script>\n<!-- \/ Yoast SEO Premium plugin. -->","yoast_head_json":{"title":"Rete dei Centri Erasmus | Fondazione Sope\u00f1a","description":"La nostra rete di centri europei \u00e8 in continua espansione e siamo aperti a collaborare con voi in tutti i nostri progetti. E tu, vuoi far parte dei nostri progetti futuri? Invitiamo.","robots":{"index":"index","follow":"follow","max-snippet":"max-snippet:-1","max-image-preview":"max-image-preview:large","max-video-preview":"max-video-preview:-1"},"canonical":"https:\/\/www.sopenasevilla.org\/it\/erasmus\/rete-centri-erasmus\/","og_locale":"it_IT","og_type":"article","og_title":"RETE DEI CENTRI ERASMUS","og_description":"La nostra rete di centri europei \u00e8 in continua espansione e siamo aperti a collaborare con voi in tutti i nostri progetti. E tu, vuoi far parte dei nostri progetti futuri? Invitiamo.","og_url":"https:\/\/www.sopenasevilla.org\/it\/erasmus\/rete-centri-erasmus\/","og_site_name":"Centro di formazione professionale a Siviglia","article_publisher":"https:\/\/www.facebook.com\/sopenasevilla\/","article_modified_time":"2021-03-18T10:29:42+00:00","og_image":[{"width":850,"height":478,"url":"https:\/\/www.sopenasevilla.org\/wp-content\/uploads\/2021\/02\/fundacion-dolores-sopena.jpg","type":"image\/jpeg"}],"twitter_card":"summary_large_image","twitter_site":"@SopenaSevilla","schema":{"@context":"https:\/\/schema.org","@graph":[{"@type":"WebPage","@id":"https:\/\/www.sopenasevilla.org\/it\/erasmus\/rete-centri-erasmus\/","url":"https:\/\/www.sopenasevilla.org\/it\/erasmus\/rete-centri-erasmus\/","name":"Rete dei Centri Erasmus | Fondazione Sope\u00f1a","isPartOf":{"@id":"https:\/\/www.sopenasevilla.org\/#website"},"datePublished":"2020-11-27T12:19:10+00:00","dateModified":"2021-03-18T10:29:42+00:00","description":"La nostra rete di centri europei \u00e8 in continua espansione e siamo aperti a collaborare con voi in tutti i nostri progetti. E tu, vuoi far parte dei nostri progetti futuri? Invitiamo.","breadcrumb":{"@id":"https:\/\/www.sopenasevilla.org\/it\/erasmus\/rete-centri-erasmus\/#breadcrumb"},"inLanguage":"it-IT","potentialAction":[{"@type":"ReadAction","target":["https:\/\/www.sopenasevilla.org\/it\/erasmus\/rete-centri-erasmus\/"]}]},{"@type":"BreadcrumbList","@id":"https:\/\/www.sopenasevilla.org\/it\/erasmus\/rete-centri-erasmus\/#breadcrumb","itemListElement":[{"@type":"ListItem","position":1,"name":"FP Sevilla","item":"https:\/\/www.sopenasevilla.org\/it\/"},{"@type":"ListItem","position":2,"name":"Erasmus","item":"https:\/\/www.sopenasevilla.org\/it\/erasmus\/"},{"@type":"ListItem","position":3,"name":"RETE DEI CENTRI ERASMUS"}]},{"@type":"WebSite","@id":"https:\/\/www.sopenasevilla.org\/#website","url":"https:\/\/www.sopenasevilla.org\/","name":"Centro de Formaci\u00f3n Profesional | FP Sevilla","description":"La Fondazione Sope\u00f1a \u00e8 un istituto concertato di formazione professionale in cui i cicli di formazione di grado superiore, intermedio e di base vengono insegnati di persona e online","publisher":{"@id":"https:\/\/www.sopenasevilla.org\/#organization"},"alternateName":"Sope\u00f1a Sevilla","potentialAction":[{"@type":"SearchAction","target":{"@type":"EntryPoint","urlTemplate":"https:\/\/www.sopenasevilla.org\/?s={search_term_string}"},"query-input":{"@type":"PropertyValueSpecification","valueRequired":true,"valueName":"search_term_string"}}],"inLanguage":"it-IT"},{"@type":"Organization","@id":"https:\/\/www.sopenasevilla.org\/#organization","name":"Fundaci\u00f3n Dolores Sope\u00f1a Sevilla","alternateName":"Sope\u00f1a Sevilla","url":"https:\/\/www.sopenasevilla.org\/","logo":{"@type":"ImageObject","inLanguage":"it-IT","@id":"https:\/\/www.sopenasevilla.org\/#\/schema\/logo\/image\/","url":"https:\/\/www.sopenasevilla.org\/wp-content\/uploads\/2020\/10\/fundacion-dolores-sopena-sevilla.jpg","contentUrl":"https:\/\/www.sopenasevilla.org\/wp-content\/uploads\/2020\/10\/fundacion-dolores-sopena-sevilla.jpg","width":350,"height":128,"caption":"Fundaci\u00f3n Dolores Sope\u00f1a Sevilla"},"image":{"@id":"https:\/\/www.sopenasevilla.org\/#\/schema\/logo\/image\/"},"sameAs":["https:\/\/www.facebook.com\/sopenasevilla\/","https:\/\/x.com\/SopenaSevilla","https:\/\/www.youtube.com\/channel\/UCKW0FqYbGrNmm8wrXOG4J3A","https:\/\/www.instagram.com\/sopenasevilla\/"]}]}},"_links":{"self":[{"href":"https:\/\/www.sopenasevilla.org\/it\/wp-json\/wp\/v2\/pages\/2157","targetHints":{"allow":["GET"]}}],"collection":[{"href":"https:\/\/www.sopenasevilla.org\/it\/wp-json\/wp\/v2\/pages"}],"about":[{"href":"https:\/\/www.sopenasevilla.org\/it\/wp-json\/wp\/v2\/types\/page"}],"author":[{"embeddable":true,"href":"https:\/\/www.sopenasevilla.org\/it\/wp-json\/wp\/v2\/users\/1"}],"replies":[{"embeddable":true,"href":"https:\/\/www.sopenasevilla.org\/it\/wp-json\/wp\/v2\/comments?post=2157"}],"version-history":[{"count":0,"href":"https:\/\/www.sopenasevilla.org\/it\/wp-json\/wp\/v2\/pages\/2157\/revisions"}],"up":[{"embeddable":true,"href":"https:\/\/www.sopenasevilla.org\/it\/wp-json\/wp\/v2\/pages\/2120"}],"wp:attachment":[{"href":"https:\/\/www.sopenasevilla.org\/it\/wp-json\/wp\/v2\/media?parent=2157"}],"curies":[{"name":"wp","href":"https:\/\/api.w.org\/{rel}","templated":true}]}}