{"id":2334,"date":"2020-11-27T13:29:36","date_gmt":"2020-11-27T12:29:36","guid":{"rendered":"http:\/\/clipp2.es\/tecnico-de-grado-medio-en-atencion-a-personas-en-situacion-de-dependencia\/"},"modified":"2025-01-29T18:46:53","modified_gmt":"2025-01-29T17:46:53","slug":"operatore-tecnico-addetto-all-assistenza-ota","status":"publish","type":"page","link":"https:\/\/www.sopenasevilla.org\/it\/operatore-tecnico-addetto-all-assistenza-ota\/","title":{"rendered":"OPERATORE TECNICO ADDETTO ALL\u2019ASSISTENZA OTA A SIVIGLIA"},"content":{"rendered":"\n<style type=\"text\/css\" data-created_by=\"avia_inline_auto\" id=\"style-css-av-khdvbh5t-1cf19d4253d209c1220b6e2490ad6b34\">\n.avia-section.av-khdvbh5t-1cf19d4253d209c1220b6e2490ad6b34{\nbackground-color:rgba(214,197,203,0.42);\nbackground-image:unset;\n}\n#top .avia-section.av-khdvbh5t-1cf19d4253d209c1220b6e2490ad6b34 .scroll-down-link{\ncolor:#ee7402;\n}\n#top .avia-section.av-khdvbh5t-1cf19d4253d209c1220b6e2490ad6b34 .scroll-down-link.avia-svg-icon svg:first-child{\nstroke:#ee7402;\nfill:#ee7402;\n}\n<\/style>\n<div id='av_section_1'  class='avia-section av-khdvbh5t-1cf19d4253d209c1220b6e2490ad6b34 main_color avia-section-large avia-no-border-styling  avia-builder-el-0  el_before_av_section  avia-builder-el-first  avia-bg-style-scroll av-minimum-height av-minimum-height-50 av-height-50  container_wrap sidebar_right'   data-av_minimum_height_pc='50' data-av_min_height_opt='50'><div class=\"av-section-color-overlay-wrap\"><a href='#next-section' title='' class='scroll-down-link av-custom-scroll-down-color avia-svg-icon avia-font-svg_entypo-fontello' data-av_svg_icon='down-open-mini' data-av_iconset='svg_entypo-fontello'><svg version=\"1.1\" xmlns=\"http:\/\/www.w3.org\/2000\/svg\" width=\"15\" height=\"32\" viewBox=\"0 0 15 32\" preserveAspectRatio=\"xMidYMid meet\" aria-labelledby='av-svg-title-1' aria-describedby='av-svg-desc-1' role=\"graphics-symbol\" aria-hidden=\"true\">\n<title id='av-svg-title-1'>Scorrere alla sezione successiva<\/title>\n<desc id='av-svg-desc-1'>Scorrere alla sezione successiva<\/desc>\n<path d=\"M12.96 12.16q0.704-0.832 1.536 0 0.832 0.704 0 1.536l-6.272 6.144q-0.704 0.704-1.536 0l-6.272-6.144q-0.832-0.832 0-1.536 0.768-0.768 1.6 0l5.44 4.992z\"><\/path>\n<\/svg><\/a><div class='container av-section-cont-open' ><main  role=\"main\" itemprop=\"mainContentOfPage\"  class='template-page content  av-content-small alpha units'><div class='post-entry post-entry-type-page post-entry-2334'><div class='entry-content-wrapper clearfix'>\n\n<style type=\"text\/css\" data-created_by=\"avia_inline_auto\" id=\"style-css-av-jqpal-61ad3e7a825fa48508f780d67e5292ca\">\n.flex_column.av-jqpal-61ad3e7a825fa48508f780d67e5292ca{\nborder-radius:0px 0px 0px 0px;\npadding:0px 0px 0px 0px;\n}\n<\/style>\n<div  class='flex_column av-jqpal-61ad3e7a825fa48508f780d67e5292ca av_two_third  avia-builder-el-1  el_before_av_one_third  avia-builder-el-first  first flex_column_div av-zero-column-padding  '     ><p>\n<style type=\"text\/css\" data-created_by=\"avia_inline_auto\" id=\"style-css-av-js485-471d2e43c2f01e9cdd68995b6ec8e342\">\n#top .av-special-heading.av-js485-471d2e43c2f01e9cdd68995b6ec8e342{\npadding-bottom:10px;\nfont-size:30px;\n}\nbody .av-special-heading.av-js485-471d2e43c2f01e9cdd68995b6ec8e342 .av-special-heading-tag .heading-char{\nfont-size:25px;\n}\n#top #wrap_all .av-special-heading.av-js485-471d2e43c2f01e9cdd68995b6ec8e342 .av-special-heading-tag{\nfont-size:30px;\n}\n.av-special-heading.av-js485-471d2e43c2f01e9cdd68995b6ec8e342 .av-subheading{\nfont-size:15px;\n}\n\n@media only screen and (min-width: 480px) and (max-width: 767px){ \n#top #wrap_all .av-special-heading.av-js485-471d2e43c2f01e9cdd68995b6ec8e342 .av-special-heading-tag{\nfont-size:0.8em;\n}\n}\n\n@media only screen and (max-width: 479px){ \n#top #wrap_all .av-special-heading.av-js485-471d2e43c2f01e9cdd68995b6ec8e342 .av-special-heading-tag{\nfont-size:0.8em;\n}\n}\n<\/style>\n<div  class='av-special-heading av-js485-471d2e43c2f01e9cdd68995b6ec8e342 av-special-heading-h1 blockquote modern-quote  avia-builder-el-2  el_before_av_textblock  avia-builder-el-first  av-inherit-size'><h1 class='av-special-heading-tag '  itemprop=\"headline\"  >OPERATORE TECNICO ADDETTO ALL\u2019ASSISTENZA OTA A SIVIGLIA<\/h1><div class=\"special-heading-border\"><div class=\"special-heading-inner-border\"><\/div><\/div><\/div><br \/>\n<section  class='av_textblock_section av-e9wh0-5bf1ae5239c61f85fd970d450a1758de '   itemscope=\"itemscope\" itemtype=\"https:\/\/schema.org\/CreativeWork\" ><div class='avia_textblock'  itemprop=\"text\" ><p style=\"text-align: center;\"><span style=\"color: #ee7402; font-size: 12pt;\">\u2756<\/span><\/p>\n<\/div><\/section><br \/>\n\n<style type=\"text\/css\" data-created_by=\"avia_inline_auto\" id=\"style-css-av-kjvmt4k5-acd6fcdcead6cec5fdc6baf0d96c954d\">\n.avia-image-container.av-kjvmt4k5-acd6fcdcead6cec5fdc6baf0d96c954d img.avia_image{\nbox-shadow:none;\n}\n.avia-image-container.av-kjvmt4k5-acd6fcdcead6cec5fdc6baf0d96c954d .av-image-caption-overlay-center{\ncolor:#ffffff;\n}\n<\/style>\n<div  class='avia-image-container av-kjvmt4k5-acd6fcdcead6cec5fdc6baf0d96c954d av-styling- avia-align-left  avia-builder-el-4  el_after_av_textblock  el_before_av_hr '   itemprop=\"image\" itemscope=\"itemscope\" itemtype=\"https:\/\/schema.org\/ImageObject\" ><div class=\"avia-image-container-inner\"><div class=\"avia-image-overlay-wrap\"><img decoding=\"async\" fetchpriority=\"high\" class='wp-image-4424 avia-img-lazy-loading-not-4424 avia_image ' src=\"https:\/\/www.sopenasevilla.org\/wp-content\/uploads\/2021\/02\/centro-formacion-profesional-homologado-junta-andalucia.png\" alt='centro di formazione professionale certificato Junta de andalucia' title='centro-formazione-professionale-certificato-Junta-de-andalucia'  height=\"70\" width=\"375\"  itemprop=\"thumbnailUrl\" srcset=\"https:\/\/www.sopenasevilla.org\/wp-content\/uploads\/2021\/02\/centro-formacion-profesional-homologado-junta-andalucia.png 375w, https:\/\/www.sopenasevilla.org\/wp-content\/uploads\/2021\/02\/centro-formacion-profesional-homologado-junta-andalucia-300x56.png 300w\" sizes=\"(max-width: 375px) 100vw, 375px\" \/><\/div><\/div><\/div><br \/>\n\n<style type=\"text\/css\" data-created_by=\"avia_inline_auto\" id=\"style-css-av-kjvmu4dh-73c50d6c260c4d4cb4a86ce493b85c3b\">\n#top .hr.hr-invisible.av-kjvmu4dh-73c50d6c260c4d4cb4a86ce493b85c3b{\nheight:30px;\n}\n<\/style>\n<div  class='hr av-kjvmu4dh-73c50d6c260c4d4cb4a86ce493b85c3b hr-invisible  avia-builder-el-5  el_after_av_image  el_before_av_textblock '><span class='hr-inner '><span class=\"hr-inner-style\"><\/span><\/span><\/div><br \/>\n<section  class='av_textblock_section av-kjvms830-4eb8fee82ed03060d0602c625aae273d '   itemscope=\"itemscope\" itemtype=\"https:\/\/schema.org\/CreativeWork\" ><div class='avia_textblock'  itemprop=\"text\" ><p>Negli ultimi anni abbiamo visto come la popolazione sia entrata in un processo di invecchiamento accelerato che ha causato una grande richiesta di assistenza agli anziani e alle persone che si trovano in una situazione di dipendenza. Inoltre, molte disabilit\u00e0 erano precedentemente non diagnosticate e oggi lo sono, e necessitano anche di personale qualificato che si occupi dell\u2019integrazione sociale e migliori il benessere fisico delle persone non autosufficienti.<\/p>\n<p>In Sope\u00f1a ti offriamo l\u2019opportunit\u00e0 di formarti come professionista del settore grazie al nostro Ciclo di Formazione <strong>Operatore Tecnico Addetto all\u2019assistenza O.T.A<\/strong>, un corso perfetto per questo che ti permette anche di ottenere i requisiti legali necessari per lavorare in un settore di molta domanda di lavoro e futuro.<\/p>\n<p>Cosa imparerai? Imparerai a prenderti cura di persone in situazione di dipendenza, anziani in residenza oa casa, migliorando cos\u00ec la loro qualit\u00e0 di vita. Svolgerai attivit\u00e0 di supporto alla gestione sanitaria, non sanitaria, psicosociale e domestica, applicando misure e standard di prevenzione e sicurezza e indirizzandoli ad altri servizi medici o sociali quando necessario.<\/p>\n<\/div><\/section><br \/>\n<section  class='av_textblock_section av-kjvqplj8-af943ae0f2b6ffb22950fb8da28d8476 '   itemscope=\"itemscope\" itemtype=\"https:\/\/schema.org\/CreativeWork\" ><div class='avia_textblock'  itemprop=\"text\" ><hr \/>\n\n<style type=\"text\/css\" data-created_by=\"avia_inline_auto\" id=\"style-css-av-tga5v-638587dd5ff8765bdbff2e1abf037258\">\n.av_font_icon.av-tga5v-638587dd5ff8765bdbff2e1abf037258{\ncolor:#ee7402;\nborder-color:#ee7402;\n}\n.avia-svg-icon.av-tga5v-638587dd5ff8765bdbff2e1abf037258 svg:first-child{\nstroke:#ee7402;\nfill:#ee7402;\n}\n.av_font_icon.av-tga5v-638587dd5ff8765bdbff2e1abf037258 .av-icon-char{\nfont-size:18px;\nline-height:18px;\n}\n<\/style>\n<span  class='av_font_icon av-tga5v-638587dd5ff8765bdbff2e1abf037258 avia_animate_when_visible av-icon-style- avia-icon-pos-left avia-iconfont avia-font-entypo-fontello avia-icon-animate'><span class='av-icon-char' data-av_icon='\ue842' data-av_iconfont='entypo-fontello' aria-hidden=\"true\" ><\/span><\/span>\n<p><strong>Centro Sope\u00f1a.<\/strong><br \/>\nC\/ Juan de Vera 2. 41003 Sevilla<br \/>\nOrario mattine: dal luned\u00ec al venerd\u00ec dalle 8:00 alle 14:30<\/p>\n<hr \/>\n\n<style type=\"text\/css\" data-created_by=\"avia_inline_auto\" id=\"style-css-av-tga5v-638587dd5ff8765bdbff2e1abf037258\">\n.av_font_icon.av-tga5v-638587dd5ff8765bdbff2e1abf037258{\ncolor:#ee7402;\nborder-color:#ee7402;\n}\n.avia-svg-icon.av-tga5v-638587dd5ff8765bdbff2e1abf037258 svg:first-child{\nstroke:#ee7402;\nfill:#ee7402;\n}\n.av_font_icon.av-tga5v-638587dd5ff8765bdbff2e1abf037258 .av-icon-char{\nfont-size:18px;\nline-height:18px;\n}\n<\/style>\n<span  class='av_font_icon av-tga5v-638587dd5ff8765bdbff2e1abf037258 avia_animate_when_visible av-icon-style- avia-icon-pos-left avia-iconfont avia-font-entypo-fontello avia-icon-animate'><span class='av-icon-char' data-av_icon='\ue842' data-av_iconfont='entypo-fontello' aria-hidden=\"true\" ><\/span><\/span>\n<p><strong>Centro Sope\u00f1a San Pablo.<\/strong><br \/>\nC\/ Dr. Laff\u00f3n Soto 4. 41007 Sevilla<br \/>\nOrario mattine: dal luned\u00ec al venerd\u00ec dalle 8:00 alle 14:30<\/p>\n<hr \/>\n<\/div><\/section><br \/>\n\n<style type=\"text\/css\" data-created_by=\"avia_inline_auto\" id=\"style-css-av-kjvmu4dh-282d4e2c0c707940e4cfa07c63d4478d\">\n#top .hr.hr-invisible.av-kjvmu4dh-282d4e2c0c707940e4cfa07c63d4478d{\nheight:15px;\n}\n<\/style>\n<div  class='hr av-kjvmu4dh-282d4e2c0c707940e4cfa07c63d4478d hr-invisible  avia-builder-el-10  el_after_av_textblock  avia-builder-el-last '><span class='hr-inner '><span class=\"hr-inner-style\"><\/span><\/span><\/div><\/p><\/div>\n<style type=\"text\/css\" data-created_by=\"avia_inline_auto\" id=\"style-css-av-clbv1-1ae2b2631b4fe52c85ab26ecb869c956\">\n.flex_column.av-clbv1-1ae2b2631b4fe52c85ab26ecb869c956{\ntransform:scale(1.1);\nz-index:5;\nborder-width:2px;\nborder-color:#e2e2e2;\nborder-style:solid;\nborder-radius:10px 10px 10px 10px;\npadding:20px 20px 20px 20px;\nbackground-color:#ffffff;\n}\n<\/style>\n<div  class='flex_column av-clbv1-1ae2b2631b4fe52c85ab26ecb869c956 av_one_third  avia-builder-el-11  el_after_av_two_third  avia-builder-el-last  flex_column_div  '     ><p>\n<style type=\"text\/css\" data-created_by=\"avia_inline_auto\" id=\"style-css-av-flwth-5bec7a3f6936280618fa12821fbf89a9\">\n#top .av-special-heading.av-flwth-5bec7a3f6936280618fa12821fbf89a9{\npadding-bottom:10px;\nfont-size:25px;\n}\nbody .av-special-heading.av-flwth-5bec7a3f6936280618fa12821fbf89a9 .av-special-heading-tag .heading-char{\nfont-size:25px;\n}\n#top #wrap_all .av-special-heading.av-flwth-5bec7a3f6936280618fa12821fbf89a9 .av-special-heading-tag{\nfont-size:25px;\n}\n.av-special-heading.av-flwth-5bec7a3f6936280618fa12821fbf89a9 .av-subheading{\nfont-size:15px;\n}\n\n@media only screen and (max-width: 479px){ \n#top #wrap_all .av-special-heading.av-flwth-5bec7a3f6936280618fa12821fbf89a9 .av-special-heading-tag{\nfont-size:22px;\n}\n}\n\n@media only screen and (min-width: 480px) and (max-width: 767px){ \n#top #wrap_all .av-special-heading.av-flwth-5bec7a3f6936280618fa12821fbf89a9 .av-special-heading-tag{\nfont-size:0.8em;\n}\n}\n<\/style>\n<div  id=\"matriculate\"  class='av-special-heading av-flwth-5bec7a3f6936280618fa12821fbf89a9 av-special-heading-h3 blockquote modern-quote modern-centered  avia-builder-el-12  el_before_av_codeblock  avia-builder-el-first  av-inherit-size'><h3 class='av-special-heading-tag '  itemprop=\"headline\"  >Richiedi maggiori informazioni!<\/h3><div class=\"special-heading-border\"><div class=\"special-heading-inner-border\"><\/div><\/div><\/div><br \/>\n<\/p><\/div><\/div><\/div><\/main><!-- close content main element --><\/div><\/div><\/div>\n<style type=\"text\/css\" data-created_by=\"avia_inline_auto\" id=\"style-css-av-kjvn7emu-7d5f447108061743de98103be1620bec\">\n.avia-section.av-kjvn7emu-7d5f447108061743de98103be1620bec{\nbackground-color:#ffffff;\nbackground-image:unset;\n}\n<\/style>\n<div id='av_section_2'  class='avia-section av-kjvn7emu-7d5f447108061743de98103be1620bec main_color avia-section-small avia-no-border-styling  avia-builder-el-14  el_after_av_section  el_before_av_hr  avia-bg-style-scroll av-minimum-height av-minimum-height-15 av-height-percent  container_wrap sidebar_right'   data-av_minimum_height_pc='15' data-av_min_height_opt='percent'><div class='container av-section-cont-open' ><div class='template-page content  av-content-small alpha units'><div class='post-entry post-entry-type-page post-entry-2334'><div class='entry-content-wrapper clearfix'>\n\n<style type=\"text\/css\" data-created_by=\"avia_inline_auto\" id=\"style-css-av-kjvnpd6c-ada0a7d9db5d34a6ced7f4a0ef4b6057\">\n.avia-icon-grid-container.av-kjvnpd6c-ada0a7d9db5d34a6ced7f4a0ef4b6057 .avia-icongrid{\njustify-content:space-between;\n}\n.avia-icon-grid-container.av-kjvnpd6c-ada0a7d9db5d34a6ced7f4a0ef4b6057 .avia-icongrid-wrapper .avia-icongrid-icon{\ncolor:#707070;\n}\n.avia-icon-grid-container.av-kjvnpd6c-ada0a7d9db5d34a6ced7f4a0ef4b6057 .avia-icongrid-wrapper .avia-icongrid-icon .icongrid-char.avia-svg-icon svg:first-child{\nfill:#707070;\nstroke:#707070;\n}\n.avia-icon-grid-container.av-kjvnpd6c-ada0a7d9db5d34a6ced7f4a0ef4b6057 .avia-icongrid-wrapper .icongrid_title{\ncolor:#707070;\n}\n.avia-icon-grid-container.av-kjvnpd6c-ada0a7d9db5d34a6ced7f4a0ef4b6057 .avia-icongrid-wrapper .icongrid_subtitle{\ncolor:#707070;\n}\n.avia-icon-grid-container.av-kjvnpd6c-ada0a7d9db5d34a6ced7f4a0ef4b6057 .avia-icongrid-wrapper .avia-icongrid-content .avia-icongrid-text{\ncolor:#707070;\n}\n.avia-icon-grid-container.av-kjvnpd6c-ada0a7d9db5d34a6ced7f4a0ef4b6057 .avia-icongrid-wrapper .avia-icongrid-flipback .avia-icongrid-text{\ncolor:#707070;\n}\n<\/style>\n<div  class='avia-icon-grid-container av-kjvnpd6c-ada0a7d9db5d34a6ced7f4a0ef4b6057 avia-flip-x  avia-builder-el-15  avia-builder-el-no-sibling ' ><ul id='avia-icongrid-69f43d5c64b16' class='avia-icongrid clearfix avia_animate_when_almost_visible avia-icongrid-flipbox avia-icongrid-numrow-3 avia-cell-space-between av-flex-cells av-break-767 av-can-break-50'>\n<li class='av-icon-cell-item av-row-with-3-cells av-row-nr-1 av-cell-1 av-first-cell-row av-first-cell-item'><div class='avia-icongrid-wrapper av-av_icongrid_item-53c2ce63b74baf663f12b31a28ec825f'><article class='article-icon-entry '  itemscope=\"itemscope\" itemtype=\"https:\/\/schema.org\/CreativeWork\" ><div class='avia-icongrid-front '><div class=\"avia-icongrid-inner\"><div class='avia-icongrid-icon'><span class='icongrid-char avia-iconfont avia-font-entypo-fontello' data-av_icon='\ue82b' data-av_iconfont='entypo-fontello' ><\/span><\/div><header class=\"entry-content-header\" aria-label=\"Icona: Adattato al mondo del lavoro\"><h4 class='av_icongrid_title icongrid_title '  itemprop=\"headline\" >Adattato al mondo del lavoro<\/h4><\/header><\/div><\/div><div class='avia-icongrid-flipback '><div class=\"avia-icongrid-inner\"><div class='avia-icongrid-text'  itemprop=\"text\" ><p style=\"text-align: center;\">Collaboriamo con pi\u00f9 di 250 aziende del settore<\/p>\n<\/div><\/div><\/div><\/article><\/div><\/li>\n<li class='av-icon-cell-item av-row-with-3-cells av-row-nr-1 av-cell-2 av-first-cell-row av-inner-cell-item'><div class='avia-icongrid-wrapper av-av_icongrid_item-90b034746f8ca4ce7596eeec861a09a3'><article class='article-icon-entry '  itemscope=\"itemscope\" itemtype=\"https:\/\/schema.org\/CreativeWork\" ><div class='avia-icongrid-front '><div class=\"avia-icongrid-inner\"><div class='avia-icongrid-icon'><span class='icongrid-char avia-iconfont avia-font-entypo-fontello' data-av_icon='\ue80b' data-av_iconfont='entypo-fontello' ><\/span><\/div><header class=\"entry-content-header\" aria-label=\"Icona: Insegnanti di alto livello\"><h4 class='av_icongrid_title icongrid_title '  itemprop=\"headline\" >Insegnanti di alto livello<\/h4><\/header><\/div><\/div><div class='avia-icongrid-flipback '><div class=\"avia-icongrid-inner\"><div class='avia-icongrid-text'  itemprop=\"text\" ><p>Pi\u00f9 di 40.000 studenti iscritti dal 1970<\/p>\n<\/div><\/div><\/div><\/article><\/div><\/li>\n<li class='av-icon-cell-item av-row-with-3-cells av-row-nr-1 av-cell-3 av-first-cell-row av-last-cell-item'><div class='avia-icongrid-wrapper av-av_icongrid_item-ae0d19f70ef6d9fd76322e9c9f3c48b1'><article class='article-icon-entry '  itemscope=\"itemscope\" itemtype=\"https:\/\/schema.org\/CreativeWork\" ><div class='avia-icongrid-front '><div class=\"avia-icongrid-inner\"><div class='avia-icongrid-icon'><span class='icongrid-char avia-iconfont avia-font-entypo-fontello' data-av_icon='\ue84e' data-av_iconfont='entypo-fontello' ><\/span><\/div><header class=\"entry-content-header\" aria-label=\"Icona: Aiuta nel tuo apprendimento\"><h4 class='av_icongrid_title icongrid_title '  itemprop=\"headline\" >Aiuta nel tuo apprendimento<\/h4><\/header><\/div><\/div><div class='avia-icongrid-flipback '><div class=\"avia-icongrid-inner\"><div class='avia-icongrid-text'  itemprop=\"text\" ><p>Il nostro team di tutor e docenti pronto ad aiutarti<\/p>\n<\/div><\/div><\/div><\/article><\/div><\/li>\n<\/ul><\/div>\n<\/div><\/div><\/div><!-- close content main div --><\/div><\/div><div id='after_section_2'  class='main_color av_default_container_wrap container_wrap sidebar_right'  ><div class='container av-section-cont-open' ><div class='template-page content  av-content-small alpha units'><div class='post-entry post-entry-type-page post-entry-2334'><div class='entry-content-wrapper clearfix'><\/p>\n\n<style type=\"text\/css\" data-created_by=\"avia_inline_auto\" id=\"style-css-av-kjvmu4dh-73c50d6c260c4d4cb4a86ce493b85c3b\">\n#top .hr.hr-invisible.av-kjvmu4dh-73c50d6c260c4d4cb4a86ce493b85c3b{\nheight:30px;\n}\n<\/style>\n<div  class='hr av-kjvmu4dh-73c50d6c260c4d4cb4a86ce493b85c3b hr-invisible  avia-builder-el-16  el_after_av_section  el_before_av_one_half  avia-builder-el-first '><span class='hr-inner '><span class=\"hr-inner-style\"><\/span><\/span><\/div>\n\n<style type=\"text\/css\" data-created_by=\"avia_inline_auto\" id=\"style-css-av-6iyqp-b765099909060dbac4e6927531bbc962\">\n.flex_column.av-6iyqp-b765099909060dbac4e6927531bbc962{\nborder-radius:0px 0px 0px 0px;\npadding:0px 0px 0px 0px;\n}\n<\/style>\n<div  class='flex_column av-6iyqp-b765099909060dbac4e6927531bbc962 av_one_half  avia-builder-el-17  el_after_av_hr  el_before_av_one_half  first flex_column_div av-zero-column-padding  '     ><p>\n<style type=\"text\/css\" data-created_by=\"avia_inline_auto\" id=\"style-css-av-aic0t-a4fa1a10e3496403d12b5b7879dbe4ea\">\n#top .av-special-heading.av-aic0t-a4fa1a10e3496403d12b5b7879dbe4ea{\npadding-bottom:10px;\nfont-size:30px;\n}\nbody .av-special-heading.av-aic0t-a4fa1a10e3496403d12b5b7879dbe4ea .av-special-heading-tag .heading-char{\nfont-size:25px;\n}\n#top #wrap_all .av-special-heading.av-aic0t-a4fa1a10e3496403d12b5b7879dbe4ea .av-special-heading-tag{\nfont-size:30px;\n}\n.av-special-heading.av-aic0t-a4fa1a10e3496403d12b5b7879dbe4ea .av-subheading{\nfont-size:15px;\n}\n\n@media only screen and (min-width: 480px) and (max-width: 767px){ \n#top #wrap_all .av-special-heading.av-aic0t-a4fa1a10e3496403d12b5b7879dbe4ea .av-special-heading-tag{\nfont-size:0.8em;\n}\n}\n\n@media only screen and (max-width: 479px){ \n#top #wrap_all .av-special-heading.av-aic0t-a4fa1a10e3496403d12b5b7879dbe4ea .av-special-heading-tag{\nfont-size:0.8em;\n}\n}\n<\/style>\n<div  class='av-special-heading av-aic0t-a4fa1a10e3496403d12b5b7879dbe4ea av-special-heading-h2 blockquote modern-quote  avia-builder-el-18  el_before_av_hr  avia-builder-el-first  av-inherit-size'><h2 class='av-special-heading-tag '  itemprop=\"headline\"  >COSA FA UN TECNICO A CURA DI PERSONE IN SITUAZIONE DI DIPENDENZA?<\/h2><div class=\"special-heading-border\"><div class=\"special-heading-inner-border\"><\/div><\/div><\/div><br \/>\n\n<style type=\"text\/css\" data-created_by=\"avia_inline_auto\" id=\"style-css-av-kjvmu4dh-e7156e0a9fe99199a65b25e167357a3d\">\n#top .hr.hr-invisible.av-kjvmu4dh-e7156e0a9fe99199a65b25e167357a3d{\nheight:25px;\n}\n<\/style>\n<div  class='hr av-kjvmu4dh-e7156e0a9fe99199a65b25e167357a3d hr-invisible  avia-builder-el-19  el_after_av_heading  el_before_av_image '><span class='hr-inner '><span class=\"hr-inner-style\"><\/span><\/span><\/div><br \/>\n\n<style type=\"text\/css\" data-created_by=\"avia_inline_auto\" id=\"style-css-av-kjvpa675-4c3bb19f4da666eff062cb87bc8d2fb6\">\n.avia-image-container.av-kjvpa675-4c3bb19f4da666eff062cb87bc8d2fb6 img.avia_image{\nbox-shadow:none;\n}\n.avia-image-container.av-kjvpa675-4c3bb19f4da666eff062cb87bc8d2fb6 .av-image-caption-overlay-center{\ncolor:#ffffff;\n}\n<\/style>\n<div  class='avia-image-container av-kjvpa675-4c3bb19f4da666eff062cb87bc8d2fb6 av-styling- avia-align-center  avia-builder-el-20  el_after_av_hr  avia-builder-el-last '   itemprop=\"image\" itemscope=\"itemscope\" itemtype=\"https:\/\/schema.org\/ImageObject\" ><div class=\"avia-image-container-inner\"><div class=\"avia-image-overlay-wrap\"><img decoding=\"async\" fetchpriority=\"high\" class='wp-image-5239 avia-img-lazy-loading-not-5239 avia_image ' src=\"https:\/\/www.sopenasevilla.org\/wp-content\/uploads\/2021\/03\/grado-medio-personas-situacion-dependencia-distancia.jpg\" alt='OPERATORE TECNICO ADDETTO ALL\u2019ASSISTENZA O.T.A A DISTANZA' title='OPERATORE-TECNICO-ADDETTO-ALL\u2019ASSISTENZA-A-DISTANZA'  height=\"434\" width=\"650\"  itemprop=\"thumbnailUrl\" srcset=\"https:\/\/www.sopenasevilla.org\/wp-content\/uploads\/2021\/03\/grado-medio-personas-situacion-dependencia-distancia.jpg 650w, https:\/\/www.sopenasevilla.org\/wp-content\/uploads\/2021\/03\/grado-medio-personas-situacion-dependencia-distancia-300x200.jpg 300w\" sizes=\"(max-width: 650px) 100vw, 650px\" \/><\/div><\/div><\/div><\/p><\/div>\n\n<style type=\"text\/css\" data-created_by=\"avia_inline_auto\" id=\"style-css-av-1n2n1t-88f143714d768ec71a5b5cbdd94ed034\">\n.flex_column.av-1n2n1t-88f143714d768ec71a5b5cbdd94ed034{\nborder-radius:0px 0px 0px 0px;\npadding:0px 0px 0px 0px;\n}\n<\/style>\n<div  class='flex_column av-1n2n1t-88f143714d768ec71a5b5cbdd94ed034 av_one_half  avia-builder-el-21  el_after_av_one_half  el_before_av_hr  flex_column_div av-zero-column-padding  '     ><p>\n<style type=\"text\/css\" data-created_by=\"avia_inline_auto\" id=\"style-css-av-kjvmu4dh-7795a669e745a2f4061cb52c09462d1f\">\n#top .hr.hr-invisible.av-kjvmu4dh-7795a669e745a2f4061cb52c09462d1f{\nheight:80px;\n}\n<\/style>\n<div  class='hr av-kjvmu4dh-7795a669e745a2f4061cb52c09462d1f hr-invisible  avia-builder-el-22  el_before_av_hr  avia-builder-el-first  av-small-hide av-mini-hide'><span class='hr-inner '><span class=\"hr-inner-style\"><\/span><\/span><\/div><br \/>\n\n<style type=\"text\/css\" data-created_by=\"avia_inline_auto\" id=\"style-css-av-kjvmu4dh-702d400971ed4dab124a106db2a1a8d4\">\n#top .hr.hr-invisible.av-kjvmu4dh-702d400971ed4dab124a106db2a1a8d4{\nheight:30px;\n}\n<\/style>\n<div  class='hr av-kjvmu4dh-702d400971ed4dab124a106db2a1a8d4 hr-invisible  avia-builder-el-23  el_after_av_hr  el_before_av_textblock  av-desktop-hide av-medium-hide'><span class='hr-inner '><span class=\"hr-inner-style\"><\/span><\/span><\/div><br \/>\n<section  class='av_textblock_section av-kjvp3n5r-e6a0cb91e663e7976ab0d3a864b34fcb '   itemscope=\"itemscope\" itemtype=\"https:\/\/schema.org\/CreativeWork\" ><div class='avia_textblock'  itemprop=\"text\" ><ul>\n<li>Badante di persone non autosufficienti in diverse istituzioni e \/ o case.<\/li>\n<li>Badante nei centri di assistenza psichiatrica.<\/li>\n<li>Assistente geriatra. Governante e vicegovernante di persone in situazione di dipendenza dalle istituzioni.<\/li>\n<li>Assistente responsabile dell\u2019impianto di residenze per anziani e persone con disabilit\u00e0.<\/li>\n<li>Personale ausiliare di aiuto a domicilio.<\/li>\n<li>Assistente domiciliare.<\/li>\n<li>Collaboratore o collaboratrice familiare.<\/li>\n<li>Assistente educativo speciale.<\/li>\n<li>Assistente personale.<\/li>\n<li>Operatore di teleassistenza.<\/li>\n<\/ul>\n<\/div><\/section><\/p><\/div>\n\n<style type=\"text\/css\" data-created_by=\"avia_inline_auto\" id=\"style-css-av-kjvp64dm-be4d8404f769f9e499b0b2a6a3acf00d\">\n#top .hr.av-kjvp64dm-be4d8404f769f9e499b0b2a6a3acf00d{\nmargin-top:30px;\nmargin-bottom:30px;\n}\n.hr.av-kjvp64dm-be4d8404f769f9e499b0b2a6a3acf00d .hr-inner{\nwidth:1800px;\nborder-color:#707070;\n}\n<\/style>\n<div  class='hr av-kjvp64dm-be4d8404f769f9e499b0b2a6a3acf00d hr-custom  avia-builder-el-25  el_after_av_one_half  el_before_av_one_full  hr-center hr-icon-no'><span class='hr-inner inner-border-av-border-thin'><span class=\"hr-inner-style\"><\/span><\/span><\/div>\n\n<style type=\"text\/css\" data-created_by=\"avia_inline_auto\" id=\"style-css-av-h0d5t-5a31816a2ec3b721a46f3cb1973109c5\">\n.flex_column.av-h0d5t-5a31816a2ec3b721a46f3cb1973109c5{\nborder-radius:0px 0px 0px 0px;\npadding:0px 0px 0px 0px;\n}\n<\/style>\n<div  class='flex_column av-h0d5t-5a31816a2ec3b721a46f3cb1973109c5 av_one_full  avia-builder-el-26  el_after_av_hr  el_before_av_one_full  first flex_column_div av-zero-column-padding  '     ><p>\n<style type=\"text\/css\" data-created_by=\"avia_inline_auto\" id=\"style-css-av-38zwid-cda33728b8c51e17666c3c0a5ccc5f3e\">\n#top .av-special-heading.av-38zwid-cda33728b8c51e17666c3c0a5ccc5f3e{\npadding-bottom:10px;\nfont-size:30px;\n}\nbody .av-special-heading.av-38zwid-cda33728b8c51e17666c3c0a5ccc5f3e .av-special-heading-tag .heading-char{\nfont-size:25px;\n}\n#top #wrap_all .av-special-heading.av-38zwid-cda33728b8c51e17666c3c0a5ccc5f3e .av-special-heading-tag{\nfont-size:30px;\n}\n.av-special-heading.av-38zwid-cda33728b8c51e17666c3c0a5ccc5f3e .av-subheading{\nfont-size:15px;\n}\n\n@media only screen and (min-width: 480px) and (max-width: 767px){ \n#top #wrap_all .av-special-heading.av-38zwid-cda33728b8c51e17666c3c0a5ccc5f3e .av-special-heading-tag{\nfont-size:0.8em;\n}\n}\n\n@media only screen and (max-width: 479px){ \n#top #wrap_all .av-special-heading.av-38zwid-cda33728b8c51e17666c3c0a5ccc5f3e .av-special-heading-tag{\nfont-size:0.8em;\n}\n}\n<\/style>\n<div  class='av-special-heading av-38zwid-cda33728b8c51e17666c3c0a5ccc5f3e av-special-heading-h2 blockquote modern-quote  avia-builder-el-27  el_before_av_hr  avia-builder-el-first  av-inherit-size'><h2 class='av-special-heading-tag '  itemprop=\"headline\"  >SBOCCHI PROFESSIONALI<\/h2><div class=\"special-heading-border\"><div class=\"special-heading-inner-border\"><\/div><\/div><\/div><br \/>\n\n<style type=\"text\/css\" data-created_by=\"avia_inline_auto\" id=\"style-css-av-kjvmu4dh-e7156e0a9fe99199a65b25e167357a3d\">\n#top .hr.hr-invisible.av-kjvmu4dh-e7156e0a9fe99199a65b25e167357a3d{\nheight:25px;\n}\n<\/style>\n<div  class='hr av-kjvmu4dh-e7156e0a9fe99199a65b25e167357a3d hr-invisible  avia-builder-el-28  el_after_av_heading  el_before_av_textblock '><span class='hr-inner '><span class=\"hr-inner-style\"><\/span><\/span><\/div><br \/>\n<section  class='av_textblock_section av-kjvp3n5r-e6a0cb91e663e7976ab0d3a864b34fcb '   itemscope=\"itemscope\" itemtype=\"https:\/\/schema.org\/CreativeWork\" ><div class='avia_textblock'  itemprop=\"text\" ><p>Con questo ciclo diventerai un professionista specializzato nel settore dei servizi di cura della persona, svolgendo sia compiti di supporto nella gestione domestica che compiti di assistenza e psicosociali in case di cura o centri di supporto e formazione per persone non autosufficienti.<\/p>\n<p>Potrai anche lavorare in aziende di teleassistenza e supporto telematico per situazioni di dipendenza, servizi sociali pubblici, ecc\u2026 Potrai lavorare in una professione che migliora la vita delle persone!<\/p>\n<p>Puoi anche avere accesso diretto a cicli di formazione di livello superiore in Integrazione sociale e Educazione della prima infanzia, che ti consentiranno di continuare a crescere professionalmente nel settore.<\/p>\n<p>Nei centri Sope\u00f1a di Siviglia puoi studiare questo ciclo di formazione in modalit\u00e0 presenziale e duale-presenziale.<\/p>\n<\/div><\/section><\/p><\/div>\n\n<style type=\"text\/css\" data-created_by=\"avia_inline_auto\" id=\"style-css-av-a43nt-46a7acc25476849c5962ed59207ccc94\">\n.flex_column.av-a43nt-46a7acc25476849c5962ed59207ccc94{\nborder-radius:0px 0px 0px 0px;\npadding:0px 0px 0px 0px;\n}\n<\/style>\n<div  class='flex_column av-a43nt-46a7acc25476849c5962ed59207ccc94 av_one_full  avia-builder-el-30  el_after_av_one_full  el_before_av_hr  first flex_column_div av-zero-column-padding  column-top-margin'     ><div  class='avia-logo-element-container av-kke0gdur-70c0c216d8046b774a761b4733e08c8d av-border-deactivate avia-logo-slider avia-content-slider avia-smallarrow-slider avia-content-slider-active noHover avia-content-slider-odd  avia-builder-el-31  avia-builder-el-no-sibling  av-slideshow-ui av-control-default av-nav-arrows-visible av-nav-dots-visible av-hide-nav-arrows av-slideshow-manual av-loop-once av-loop-manual-endless avia-content-slider1' data-slideshow-options=\"{&quot;animation&quot;:&quot;slide&quot;,&quot;autoplay&quot;:false,&quot;loop_autoplay&quot;:&quot;once&quot;,&quot;interval&quot;:5,&quot;loop_manual&quot;:&quot;manual-endless&quot;,&quot;autoplay_stopper&quot;:false,&quot;noNavigation&quot;:false,&quot;bg_slider&quot;:false,&quot;keep_padding&quot;:&quot;&quot;,&quot;hoverpause&quot;:false,&quot;show_slide_delay&quot;:0}\"><div class='avia-smallarrow-slider-heading  no-logo-slider-heading '><div class='new-special-heading'>&nbsp;<\/div><div class='avia-slideshow-arrows avia-slideshow-controls' ><a href='#prev' class='prev-slide  avia-svg-icon avia-font-svg_entypo-fontello' data-av_svg_icon='left-open-big' data-av_iconset='svg_entypo-fontello' tabindex='-1' title=\"Prec\"><svg version=\"1.1\" xmlns=\"http:\/\/www.w3.org\/2000\/svg\" width=\"15\" height=\"32\" viewBox=\"0 0 15 32\" preserveAspectRatio=\"xMidYMid meet\" aria-labelledby='av-svg-title-2' aria-describedby='av-svg-desc-2' role=\"graphics-symbol\" aria-hidden=\"true\">\n<title id='av-svg-title-2'>Prec<\/title>\n<desc id='av-svg-desc-2'>Prec<\/desc>\n<path d=\"M14.464 27.84q0.832 0.832 0 1.536-0.832 0.832-1.536 0l-12.544-12.608q-0.768-0.768 0-1.6l12.544-12.608q0.704-0.832 1.536 0 0.832 0.704 0 1.536l-11.456 11.904z\"><\/path>\n<\/svg><span class='avia_hidden_link_text'>Prec<\/span><\/a><a href='#next' class='next-slide  avia-svg-icon avia-font-svg_entypo-fontello' data-av_svg_icon='right-open-big' data-av_iconset='svg_entypo-fontello' tabindex='-1' title=\"Succ\"><svg version=\"1.1\" xmlns=\"http:\/\/www.w3.org\/2000\/svg\" width=\"15\" height=\"32\" viewBox=\"0 0 15 32\" preserveAspectRatio=\"xMidYMid meet\" aria-labelledby='av-svg-title-3' aria-describedby='av-svg-desc-3' role=\"graphics-symbol\" aria-hidden=\"true\">\n<title id='av-svg-title-3'>Succ<\/title>\n<desc id='av-svg-desc-3'>Succ<\/desc>\n<path d=\"M0.416 27.84l11.456-11.84-11.456-11.904q-0.832-0.832 0-1.536 0.832-0.832 1.536 0l12.544 12.608q0.768 0.832 0 1.6l-12.544 12.608q-0.704 0.832-1.536 0-0.832-0.704 0-1.536z\"><\/path>\n<\/svg><span class='avia_hidden_link_text'>Succ<\/span><\/a><\/div><\/div><div class=\"avia-content-slider-inner\"><div class=\"slide-entry-wrap\"><div  class='slide-entry av-1ojdzh-304100f8fcb1ba3da2bd5ad433c4e300 flex_column no_margin av_one_fifth real-thumbnail post-entry slide-entry-overview slide-loop-1 slide-parity-odd  first'><img decoding=\"async\" fetchpriority=\"high\" width=\"250\" height=\"122\" src=\"https:\/\/www.sopenasevilla.org\/wp-content\/uploads\/2021\/02\/atendia.png\" class=\"wp-image-4180 avia-img-lazy-loading-not-4180 attachment-no scaling size-no scaling\" alt=\"\" \/><\/div><div  class='slide-entry av-1ii485-23737e7f87ed65e1a32751221a174f9f flex_column no_margin av_one_fifth real-thumbnail post-entry slide-entry-overview slide-loop-2 slide-parity-even  '><img decoding=\"async\" fetchpriority=\"high\" width=\"250\" height=\"122\" src=\"https:\/\/www.sopenasevilla.org\/wp-content\/uploads\/2021\/02\/logo_cruz_roja_voluntariado.png\" class=\"wp-image-4204 avia-img-lazy-loading-not-4204 attachment-no scaling size-no scaling\" alt=\"\" \/><\/div><div  class='slide-entry av-1h4qg5-0036a6729020b455dc91bf567f087b3a flex_column no_margin av_one_fifth real-thumbnail post-entry slide-entry-overview slide-loop-3 slide-parity-odd  '><img decoding=\"async\" fetchpriority=\"high\" width=\"250\" height=\"122\" src=\"https:\/\/www.sopenasevilla.org\/wp-content\/uploads\/2021\/02\/logo_domusvi_es.png\" class=\"wp-image-4208 avia-img-lazy-loading-not-4208 attachment-no scaling size-no scaling\" alt=\"\" \/><\/div><div  class='slide-entry av-1bk8ut-a39d0aa9a1179acb85fcc05bd6fab706 flex_column no_margin av_one_fifth real-thumbnail post-entry slide-entry-overview slide-loop-4 slide-parity-even  '><img decoding=\"async\" fetchpriority=\"high\" width=\"250\" height=\"122\" src=\"https:\/\/www.sopenasevilla.org\/wp-content\/uploads\/2021\/02\/avanza.png\" class=\"wp-image-4192 avia-img-lazy-loading-not-4192 attachment-no scaling size-no scaling\" alt=\"\" \/><\/div><div  class='slide-entry av-11i97x-5aa03b3c2624818dfdce783cc693749c flex_column no_margin av_one_fifth real-thumbnail post-entry slide-entry-overview slide-loop-5 slide-parity-odd  '><img decoding=\"async\" fetchpriority=\"high\" width=\"250\" height=\"122\" src=\"https:\/\/www.sopenasevilla.org\/wp-content\/uploads\/2021\/02\/aturem.png\" class=\"wp-image-4184 avia-img-lazy-loading-not-4184 attachment-no scaling size-no scaling\" alt=\"\" \/><\/div><\/div><div class=\"slide-entry-wrap\"><div  class='slide-entry av-3ius5-c628eafdb676a6517cecb29a76f4afb5 flex_column no_margin av_one_fifth real-thumbnail post-entry slide-entry-overview slide-loop-6 slide-parity-odd  first'><img decoding=\"async\" fetchpriority=\"high\" width=\"250\" height=\"122\" src=\"https:\/\/www.sopenasevilla.org\/wp-content\/uploads\/2021\/02\/auxilia-sevilla.png\" class=\"wp-image-4188 avia-img-lazy-loading-not-4188 attachment-no scaling size-no scaling\" alt=\"\" \/><\/div><div  class='slide-entry av-spqxh-6e2dc16ef3334b2b25de18c9cf1341aa flex_column no_margin av_one_fifth real-thumbnail post-entry slide-entry-overview slide-loop-7 slide-parity-even  '><img decoding=\"async\" fetchpriority=\"high\" width=\"250\" height=\"122\" src=\"https:\/\/www.sopenasevilla.org\/wp-content\/uploads\/2021\/02\/Fundacion_Geron.png\" class=\"wp-image-4196 avia-img-lazy-loading-not-4196 attachment-no scaling size-no scaling\" alt=\"\" \/><\/div><div  class='slide-entry av-lwgol-758dc470fc729b8f9b702cd60e7afbe5 flex_column no_margin av_one_fifth real-thumbnail post-entry slide-entry-overview slide-loop-8 slide-parity-odd  '><img decoding=\"async\" fetchpriority=\"high\" width=\"250\" height=\"122\" src=\"https:\/\/www.sopenasevilla.org\/wp-content\/uploads\/2021\/02\/Fundacion-San-Pelayo.png\" class=\"wp-image-4200 avia-img-lazy-loading-not-4200 attachment-no scaling size-no scaling\" alt=\"\" \/><\/div><div  class='slide-entry av-ey7f9-0a258fdf7a65925e61e3be9c791ae544 flex_column no_margin av_one_fifth real-thumbnail post-entry slide-entry-overview slide-loop-9 slide-parity-even  '><img decoding=\"async\" fetchpriority=\"high\" width=\"250\" height=\"122\" src=\"https:\/\/www.sopenasevilla.org\/wp-content\/uploads\/2021\/02\/logo-aspanri-Convertido.png\" class=\"wp-image-4212 avia-img-lazy-loading-not-4212 attachment-no scaling size-no scaling\" alt=\"\" \/><\/div><div  class='slide-entry av-b34h9-3da08da09308582bcb386d12c7983a24 flex_column no_margin av_one_fifth real-thumbnail post-entry slide-entry-overview slide-loop-10 slide-parity-odd post-entry-last '><img decoding=\"async\" fetchpriority=\"high\" width=\"250\" height=\"122\" src=\"https:\/\/www.sopenasevilla.org\/wp-content\/uploads\/2021\/02\/santa-clara.png\" class=\"wp-image-4216 avia-img-lazy-loading-not-4216 attachment-no scaling size-no scaling\" alt=\"\" \/><\/div><\/div><\/div><div class='avia-slideshow-dots avia-slideshow-controls'><a href='#1' class='goto-slide active' >1<\/a><a href='#2' class='goto-slide ' >2<\/a><\/div><\/div><\/div>\n\n<style type=\"text\/css\" data-created_by=\"avia_inline_auto\" id=\"style-css-av-kjvp64dm-be4d8404f769f9e499b0b2a6a3acf00d\">\n#top .hr.av-kjvp64dm-be4d8404f769f9e499b0b2a6a3acf00d{\nmargin-top:30px;\nmargin-bottom:30px;\n}\n.hr.av-kjvp64dm-be4d8404f769f9e499b0b2a6a3acf00d .hr-inner{\nwidth:1800px;\nborder-color:#707070;\n}\n<\/style>\n<div  class='hr av-kjvp64dm-be4d8404f769f9e499b0b2a6a3acf00d hr-custom  avia-builder-el-32  el_after_av_one_full  el_before_av_one_half  hr-center hr-icon-no'><span class='hr-inner inner-border-av-border-thin'><span class=\"hr-inner-style\"><\/span><\/span><\/div>\n\n<style type=\"text\/css\" data-created_by=\"avia_inline_auto\" id=\"style-css-av-h0d5t-5a31816a2ec3b721a46f3cb1973109c5\">\n.flex_column.av-h0d5t-5a31816a2ec3b721a46f3cb1973109c5{\nborder-radius:0px 0px 0px 0px;\npadding:0px 0px 0px 0px;\n}\n<\/style>\n<div  class='flex_column av-h0d5t-5a31816a2ec3b721a46f3cb1973109c5 av_one_half  avia-builder-el-33  el_after_av_hr  el_before_av_one_half  first flex_column_div av-zero-column-padding  '     ><p>\n<style type=\"text\/css\" data-created_by=\"avia_inline_auto\" id=\"style-css-av-bl8hh-f6540a36aefd971b802ea26c9a89781c\">\n#top .av-special-heading.av-bl8hh-f6540a36aefd971b802ea26c9a89781c{\npadding-bottom:10px;\nfont-size:30px;\n}\nbody .av-special-heading.av-bl8hh-f6540a36aefd971b802ea26c9a89781c .av-special-heading-tag .heading-char{\nfont-size:25px;\n}\n#top #wrap_all .av-special-heading.av-bl8hh-f6540a36aefd971b802ea26c9a89781c .av-special-heading-tag{\nfont-size:30px;\n}\n.av-special-heading.av-bl8hh-f6540a36aefd971b802ea26c9a89781c .av-subheading{\nfont-size:15px;\n}\n\n@media only screen and (min-width: 480px) and (max-width: 767px){ \n#top #wrap_all .av-special-heading.av-bl8hh-f6540a36aefd971b802ea26c9a89781c .av-special-heading-tag{\nfont-size:0.8em;\n}\n}\n\n@media only screen and (max-width: 479px){ \n#top #wrap_all .av-special-heading.av-bl8hh-f6540a36aefd971b802ea26c9a89781c .av-special-heading-tag{\nfont-size:0.8em;\n}\n}\n<\/style>\n<div  class='av-special-heading av-bl8hh-f6540a36aefd971b802ea26c9a89781c av-special-heading-h2 blockquote modern-quote  avia-builder-el-34  el_before_av_hr  avia-builder-el-first  av-inherit-size'><h2 class='av-special-heading-tag '  itemprop=\"headline\"  >ARGOMENTI<\/h2><div class=\"special-heading-border\"><div class=\"special-heading-inner-border\"><\/div><\/div><\/div><br \/>\n\n<style type=\"text\/css\" data-created_by=\"avia_inline_auto\" id=\"style-css-av-kjvmu4dh-e7156e0a9fe99199a65b25e167357a3d\">\n#top .hr.hr-invisible.av-kjvmu4dh-e7156e0a9fe99199a65b25e167357a3d{\nheight:25px;\n}\n<\/style>\n<div  class='hr av-kjvmu4dh-e7156e0a9fe99199a65b25e167357a3d hr-invisible  avia-builder-el-35  el_after_av_heading  el_before_av_textblock '><span class='hr-inner '><span class=\"hr-inner-style\"><\/span><\/span><\/div><br \/>\n<section  class='av_textblock_section av-kjvp3n5r-e6a0cb91e663e7976ab0d3a864b34fcb '   itemscope=\"itemscope\" itemtype=\"https:\/\/schema.org\/CreativeWork\" ><div class='avia_textblock'  itemprop=\"text\" ><p>Studierai in modo teorico-pratico per 2000 ore (due anni accademici) al termine delle quali otterrai la qualifica ufficiale di Tecnico in Attenzione alle Persone in Situazione Dipendente.<\/p>\n<p>Durante il secondo anno, nel periodo da marzo a giugno, usufruirai di 260 ore di formazione interamente nei Centri di Lavoro di aziende quali case di cura, centri di assistenza psichiatrica, centri diurni, teleassistenza, ecc \u2026 ti permetteranno di acquisire l\u2019esperienza necessaria per entrare nel mercato del lavoro come professionista del settore.<\/p>\n<\/div><\/section><\/p><\/div>\n\n<style type=\"text\/css\" data-created_by=\"avia_inline_auto\" id=\"style-css-av-a43nt-7ea8af2e477ea50aff19c2c4a30cdbc3\">\n.flex_column.av-a43nt-7ea8af2e477ea50aff19c2c4a30cdbc3{\nborder-radius:0px 0px 0px 0px;\npadding:0px 0px 0px 0px;\n}\n<\/style>\n<div  class='flex_column av-a43nt-7ea8af2e477ea50aff19c2c4a30cdbc3 av_one_half  avia-builder-el-37  el_after_av_one_half  el_before_av_hr  flex_column_div av-zero-column-padding  '     ><p>\n<style type=\"text\/css\" data-created_by=\"avia_inline_auto\" id=\"style-css-av-kjvmu4dh-8705d525fa6804ee9d6b78d2fe9ef45f\">\n#top .hr.hr-invisible.av-kjvmu4dh-8705d525fa6804ee9d6b78d2fe9ef45f{\nheight:50px;\n}\n<\/style>\n<div  class='hr av-kjvmu4dh-8705d525fa6804ee9d6b78d2fe9ef45f hr-invisible  avia-builder-el-38  el_before_av_image  avia-builder-el-first '><span class='hr-inner '><span class=\"hr-inner-style\"><\/span><\/span><\/div><br \/>\n\n<style type=\"text\/css\" data-created_by=\"avia_inline_auto\" id=\"style-css-av-kjvpa675-5a81a17e69f3d584c970120a7e4e757d\">\n.avia-image-container.av-kjvpa675-5a81a17e69f3d584c970120a7e4e757d img.avia_image{\nbox-shadow:none;\n}\n.avia-image-container.av-kjvpa675-5a81a17e69f3d584c970120a7e4e757d .av-image-caption-overlay-center{\ncolor:#ffffff;\n}\n<\/style>\n<div  class='avia-image-container av-kjvpa675-5a81a17e69f3d584c970120a7e4e757d av-styling- avia-align-center  avia-builder-el-39  el_after_av_hr  avia-builder-el-last '   itemprop=\"image\" itemscope=\"itemscope\" itemtype=\"https:\/\/schema.org\/ImageObject\" ><div class=\"avia-image-container-inner\"><div class=\"avia-image-overlay-wrap\"><img decoding=\"async\" fetchpriority=\"high\" class='wp-image-4063 avia-img-lazy-loading-not-4063 avia_image ' src=\"https:\/\/www.sopenasevilla.org\/wp-content\/uploads\/2021\/02\/grado-medio-personas-situacion-dependencia-sevilla.jpg\" alt='Operatore tecnico addetto all\u2019assistenza a Siviglia' title='Operatore-tecnico-addetto-all\u2019assistenza-Siviglia'  height=\"433\" width=\"650\"  itemprop=\"thumbnailUrl\" srcset=\"https:\/\/www.sopenasevilla.org\/wp-content\/uploads\/2021\/02\/grado-medio-personas-situacion-dependencia-sevilla.jpg 650w, https:\/\/www.sopenasevilla.org\/wp-content\/uploads\/2021\/02\/grado-medio-personas-situacion-dependencia-sevilla-300x200.jpg 300w\" sizes=\"(max-width: 650px) 100vw, 650px\" \/><\/div><\/div><\/div><\/p><\/div>\n\n<style type=\"text\/css\" data-created_by=\"avia_inline_auto\" id=\"style-css-av-kjvp64dm-be4d8404f769f9e499b0b2a6a3acf00d\">\n#top .hr.av-kjvp64dm-be4d8404f769f9e499b0b2a6a3acf00d{\nmargin-top:30px;\nmargin-bottom:30px;\n}\n.hr.av-kjvp64dm-be4d8404f769f9e499b0b2a6a3acf00d .hr-inner{\nwidth:1800px;\nborder-color:#707070;\n}\n<\/style>\n<div  class='hr av-kjvp64dm-be4d8404f769f9e499b0b2a6a3acf00d hr-custom  avia-builder-el-40  el_after_av_one_half  el_before_av_one_full  hr-center hr-icon-no'><span class='hr-inner inner-border-av-border-thin'><span class=\"hr-inner-style\"><\/span><\/span><\/div>\n\n<style type=\"text\/css\" data-created_by=\"avia_inline_auto\" id=\"style-css-av-h0d5t-5a31816a2ec3b721a46f3cb1973109c5\">\n.flex_column.av-h0d5t-5a31816a2ec3b721a46f3cb1973109c5{\nborder-radius:0px 0px 0px 0px;\npadding:0px 0px 0px 0px;\n}\n<\/style>\n<div  class='flex_column av-h0d5t-5a31816a2ec3b721a46f3cb1973109c5 av_one_full  avia-builder-el-41  el_after_av_hr  el_before_av_hr  first flex_column_div av-zero-column-padding  '     ><p>\n<style type=\"text\/css\" data-created_by=\"avia_inline_auto\" id=\"style-css-av-2u7dzh-2bc781c55b9d071b90de8e326931602a\">\n#top .av-special-heading.av-2u7dzh-2bc781c55b9d071b90de8e326931602a{\npadding-bottom:10px;\nfont-size:30px;\n}\nbody .av-special-heading.av-2u7dzh-2bc781c55b9d071b90de8e326931602a .av-special-heading-tag .heading-char{\nfont-size:25px;\n}\n#top #wrap_all .av-special-heading.av-2u7dzh-2bc781c55b9d071b90de8e326931602a .av-special-heading-tag{\nfont-size:30px;\n}\n.av-special-heading.av-2u7dzh-2bc781c55b9d071b90de8e326931602a .av-subheading{\nfont-size:15px;\n}\n\n@media only screen and (min-width: 480px) and (max-width: 767px){ \n#top #wrap_all .av-special-heading.av-2u7dzh-2bc781c55b9d071b90de8e326931602a .av-special-heading-tag{\nfont-size:0.8em;\n}\n}\n\n@media only screen and (max-width: 479px){ \n#top #wrap_all .av-special-heading.av-2u7dzh-2bc781c55b9d071b90de8e326931602a .av-special-heading-tag{\nfont-size:0.8em;\n}\n}\n<\/style>\n<div  class='av-special-heading av-2u7dzh-2bc781c55b9d071b90de8e326931602a av-special-heading-h2 blockquote modern-quote  avia-builder-el-42  el_before_av_hr  avia-builder-el-first  av-inherit-size'><h2 class='av-special-heading-tag '  itemprop=\"headline\"  >MODULI PROFESSIONALI<\/h2><div class=\"special-heading-border\"><div class=\"special-heading-inner-border\"><\/div><\/div><\/div><br \/>\n\n<style type=\"text\/css\" data-created_by=\"avia_inline_auto\" id=\"style-css-av-kjvmu4dh-73c50d6c260c4d4cb4a86ce493b85c3b\">\n#top .hr.hr-invisible.av-kjvmu4dh-73c50d6c260c4d4cb4a86ce493b85c3b{\nheight:30px;\n}\n<\/style>\n<div  class='hr av-kjvmu4dh-73c50d6c260c4d4cb4a86ce493b85c3b hr-invisible  avia-builder-el-43  el_after_av_heading  el_before_av_timeline '><span class='hr-inner '><span class=\"hr-inner-style\"><\/span><\/span><\/div><br \/>\n<div  id=\"avia-timeline-1\"  class='avia-timeline-container av-kjvqcxvz-d726ad36be24fd8e26a62d2bc0063d72 av-slideshow-ui  avia-builder-el-44  el_after_av_hr  avia-builder-el-last  avia-slideshow-carousel' avia-data-slides='2'><ul class='avia-timeline avia-timeline-horizontal av-milestone-placement-top avia-timeline-boxshadow avia_animate_when_almost_visible avia-timeline-animate'>\n<li  class='av-milestone av-9x44t-342ba6dd4281b95b9429526e3b39c1dd av-animated-generic fade-in av-milestone-odd'><h2 class='av-milestone-date ' id='milestone-primo-anno' ><strong>Primo anno<span class='av-milestone-indicator'><\/span><\/strong><\/h2><div class=\"av-milestone-icon-wrap\"><span class='av-milestone-icon milestone_icon milestone_bullet_arrow'><span class='av-milestone-icon-inner milestone_inner'><span class='milestone_number'>1<\/span><\/span><\/span><\/div><article class='av-milestone-content-wrap'><div class='av-milestone-contentbox'><div class='av-milestone-content'><ul>\n<li>Caratteristiche e bisogni delle persone in una situazione di dipendenza.<\/li>\n<li>Assistenza e supporto psicosociale.<\/li>\n<li>Assistenza domiciliare.<\/li>\n<li>Assistenza sanitaria<\/li>\n<li>Primo soccorso.<\/li>\n<li>Formazione e orientamento al lavoro.<\/li>\n<\/ul>\n<\/div><\/div><footer class='av-milestone-article-footer entry-footer'><\/footer><\/article><\/li>\n<li  class='av-milestone av-2n0uvx-4cf14f4d5ad0fab8ca918690e77f1d8b av-animated-generic fade-in av-milestone-even'><h2 class='av-milestone-date ' id='milestone-secondo-anno' ><strong>Secondo anno<span class='av-milestone-indicator'><\/span><\/strong><\/h2><div class=\"av-milestone-icon-wrap\"><span class='av-milestone-icon milestone_icon milestone_bullet_arrow'><span class='av-milestone-icon-inner milestone_inner'><span class='milestone_number'>2<\/span><\/span><\/span><\/div><article class='av-milestone-content-wrap'><div class='av-milestone-contentbox'><div class='av-milestone-content'><ul>\n<li>Organizzazione dell\u2019assistenza a persone in situazione di dipendenza<\/li>\n<li>Abilit\u00e0 sociali.<\/li>\n<li>Supporto alla comunicazione.<\/li>\n<li>Cura igienica.<\/li>\n<li>Teleassistenza.<\/li>\n<li>Affari e imprenditorialit\u00e0.<\/li>\n<li>Stage in centri di lavoro.<\/li>\n<\/ul>\n<\/div><\/div><footer class='av-milestone-article-footer entry-footer'><\/footer><\/article><\/li>\n<\/ul><div class='avia-slideshow-arrows avia-slideshow-controls av-timeline-nav ' ><a href='#prev' class='prev-slide prev-slide av-timeline-nav-prev av-nav-btn avia-svg-icon avia-font-svg_entypo-fontello' data-av_svg_icon='left-open-big' data-av_iconset='svg_entypo-fontello' tabindex='-1' title=\"Prec\"><svg version=\"1.1\" xmlns=\"http:\/\/www.w3.org\/2000\/svg\" width=\"15\" height=\"32\" viewBox=\"0 0 15 32\" preserveAspectRatio=\"xMidYMid meet\" aria-labelledby='av-svg-title-4' aria-describedby='av-svg-desc-4' role=\"graphics-symbol\" aria-hidden=\"true\">\n<title id='av-svg-title-4'>Prec<\/title>\n<desc id='av-svg-desc-4'>Prec<\/desc>\n<path d=\"M14.464 27.84q0.832 0.832 0 1.536-0.832 0.832-1.536 0l-12.544-12.608q-0.768-0.768 0-1.6l12.544-12.608q0.704-0.832 1.536 0 0.832 0.704 0 1.536l-11.456 11.904z\"><\/path>\n<\/svg><span class='avia_hidden_link_text'>Prec<\/span><\/a><a href='#next' class='next-slide next-slide av-timeline-nav-next av-nav-btn avia-svg-icon avia-font-svg_entypo-fontello' data-av_svg_icon='right-open-big' data-av_iconset='svg_entypo-fontello' tabindex='-1' title=\"Succ\"><svg version=\"1.1\" xmlns=\"http:\/\/www.w3.org\/2000\/svg\" width=\"15\" height=\"32\" viewBox=\"0 0 15 32\" preserveAspectRatio=\"xMidYMid meet\" aria-labelledby='av-svg-title-5' aria-describedby='av-svg-desc-5' role=\"graphics-symbol\" aria-hidden=\"true\">\n<title id='av-svg-title-5'>Succ<\/title>\n<desc id='av-svg-desc-5'>Succ<\/desc>\n<path d=\"M0.416 27.84l11.456-11.84-11.456-11.904q-0.832-0.832 0-1.536 0.832-0.832 1.536 0l12.544 12.608q0.768 0.832 0 1.6l-12.544 12.608q-0.704 0.832-1.536 0-0.832-0.704 0-1.536z\"><\/path>\n<\/svg><span class='avia_hidden_link_text'>Succ<\/span><\/a><\/div><\/div><\/p><\/div>\n\n<style type=\"text\/css\" data-created_by=\"avia_inline_auto\" id=\"style-css-av-kjvp64dm-be4d8404f769f9e499b0b2a6a3acf00d\">\n#top .hr.av-kjvp64dm-be4d8404f769f9e499b0b2a6a3acf00d{\nmargin-top:30px;\nmargin-bottom:30px;\n}\n.hr.av-kjvp64dm-be4d8404f769f9e499b0b2a6a3acf00d .hr-inner{\nwidth:1800px;\nborder-color:#707070;\n}\n<\/style>\n<div  class='hr av-kjvp64dm-be4d8404f769f9e499b0b2a6a3acf00d hr-custom  avia-builder-el-45  el_after_av_one_full  el_before_av_one_full  hr-center hr-icon-no'><span class='hr-inner inner-border-av-border-thin'><span class=\"hr-inner-style\"><\/span><\/span><\/div>\n\n<style type=\"text\/css\" data-created_by=\"avia_inline_auto\" id=\"style-css-av-h0d5t-5a31816a2ec3b721a46f3cb1973109c5\">\n.flex_column.av-h0d5t-5a31816a2ec3b721a46f3cb1973109c5{\nborder-radius:0px 0px 0px 0px;\npadding:0px 0px 0px 0px;\n}\n<\/style>\n<div  class='flex_column av-h0d5t-5a31816a2ec3b721a46f3cb1973109c5 av_one_full  avia-builder-el-46  el_after_av_hr  el_before_av_one_half  first flex_column_div av-zero-column-padding  '     ><p>\n<style type=\"text\/css\" data-created_by=\"avia_inline_auto\" id=\"style-css-av-8w8z1-870cd113f844581996ebec09494c5871\">\n#top .av-special-heading.av-8w8z1-870cd113f844581996ebec09494c5871{\npadding-bottom:10px;\nfont-size:30px;\n}\nbody .av-special-heading.av-8w8z1-870cd113f844581996ebec09494c5871 .av-special-heading-tag .heading-char{\nfont-size:25px;\n}\n#top #wrap_all .av-special-heading.av-8w8z1-870cd113f844581996ebec09494c5871 .av-special-heading-tag{\nfont-size:30px;\n}\n.av-special-heading.av-8w8z1-870cd113f844581996ebec09494c5871 .av-subheading{\nfont-size:15px;\n}\n\n@media only screen and (min-width: 480px) and (max-width: 767px){ \n#top #wrap_all .av-special-heading.av-8w8z1-870cd113f844581996ebec09494c5871 .av-special-heading-tag{\nfont-size:0.8em;\n}\n}\n\n@media only screen and (max-width: 479px){ \n#top #wrap_all .av-special-heading.av-8w8z1-870cd113f844581996ebec09494c5871 .av-special-heading-tag{\nfont-size:0.8em;\n}\n}\n<\/style>\n<div  class='av-special-heading av-8w8z1-870cd113f844581996ebec09494c5871 av-special-heading-h2 blockquote modern-quote  avia-builder-el-47  el_before_av_hr  avia-builder-el-first  av-inherit-size'><h2 class='av-special-heading-tag '  itemprop=\"headline\"  >PREZZI<\/h2><div class=\"special-heading-border\"><div class=\"special-heading-inner-border\"><\/div><\/div><\/div><br \/>\n\n<style type=\"text\/css\" data-created_by=\"avia_inline_auto\" id=\"style-css-av-kjvmu4dh-e7156e0a9fe99199a65b25e167357a3d\">\n#top .hr.hr-invisible.av-kjvmu4dh-e7156e0a9fe99199a65b25e167357a3d{\nheight:25px;\n}\n<\/style>\n<div  class='hr av-kjvmu4dh-e7156e0a9fe99199a65b25e167357a3d hr-invisible  avia-builder-el-48  el_after_av_heading  avia-builder-el-last '><span class='hr-inner '><span class=\"hr-inner-style\"><\/span><\/span><\/div><\/p><\/div>\n\n<style type=\"text\/css\" data-created_by=\"avia_inline_auto\" id=\"style-css-av-h0d5t-be707ef74e60e60afc5cfb312d193e21\">\n@keyframes av_boxShadowEffect_av-h0d5t-be707ef74e60e60afc5cfb312d193e21-column {\n0%   { box-shadow:  0 0 0 0 #edae44; opacity: 1; }\n100% { box-shadow:  0 0 2px 0 #edae44; opacity: 1; }\n}\n.flex_column.av-h0d5t-be707ef74e60e60afc5cfb312d193e21{\nbox-shadow: 0 0 2px 0 #edae44;\nborder-radius:15px 15px 15px 15px;\npadding:30px 30px 30px 30px;\nbackground-color:#ffffff;\n}\n<\/style>\n<div  class='flex_column av-h0d5t-be707ef74e60e60afc5cfb312d193e21 av_one_half  avia-builder-el-49  el_after_av_one_full  el_before_av_one_half  first flex_column_div shadow-not-animated  column-top-margin'     ><section  class='av_textblock_section av-kljmdgm2-e78371d00d3e7ed285c8cb52b9c1fa61 '   itemscope=\"itemscope\" itemtype=\"https:\/\/schema.org\/CreativeWork\" ><div class='avia_textblock'  itemprop=\"text\" ><section class=\"av_textblock_section \">\n<div class=\"avia_textblock \"><\/div>\n<\/section>\n<p>\n<style type=\"text\/css\" data-created_by=\"avia_inline_auto\" id=\"style-css-av-2zucb2-6ff6ee6a98c1bc8830264d74760a4f84\">\n.av_font_icon.av-2zucb2-6ff6ee6a98c1bc8830264d74760a4f84{\ncolor:#ee7402;\nborder-color:#ee7402;\n}\n.avia-svg-icon.av-2zucb2-6ff6ee6a98c1bc8830264d74760a4f84 svg:first-child{\nstroke:#ee7402;\nfill:#ee7402;\n}\n.av_font_icon.av-2zucb2-6ff6ee6a98c1bc8830264d74760a4f84 .av-icon-char{\nfont-size:70px;\nline-height:70px;\n}\n<\/style>\n<span  class='av_font_icon av-2zucb2-6ff6ee6a98c1bc8830264d74760a4f84 avia_animate_when_visible av-icon-style- avia-icon-pos-center avia-iconfont avia-font-entypo-fontello avia-icon-animate'><span class='av-icon-char' data-av_icon='\ue8c9' data-av_iconfont='entypo-fontello' aria-hidden=\"true\" ><\/span><\/span><br \/>\n\n<style type=\"text\/css\" data-created_by=\"avia_inline_auto\" id=\"style-css-av-2woyim-026638214dd8ffb029b213a783903fef\">\n#top .hr.hr-invisible.av-2woyim-026638214dd8ffb029b213a783903fef{\nheight:40px;\n}\n<\/style>\n<div  class='hr av-2woyim-026638214dd8ffb029b213a783903fef hr-invisible  avia-builder-el-52  el_after_av_font_icon  avia-builder-el-last '><span class='hr-inner '><span class=\"hr-inner-style\"><\/span><\/span><\/div><\/p>\n<section class=\"av_textblock_section \">\n<div class=\"avia_textblock \">\n<h3>Modalit\u00e0 presenziale<\/h3>\n<hr \/>\n<ul>\n<li>In questa modalit\u00e0 svolgerai attivit\u00e0 teorico-pratiche presso il Centro durante il primo anno, e nel secondo anno, nel periodo settembre-marzo, studierai presso il Centro e da marzo a giugno svolgerai i tuoi tirocini in aziende del settore dell\u2019assistenza alla dipendenza e ai servizi psicosociali alla societ\u00e0.<\/li>\n<\/ul>\n<h3>Prezzi<\/h3>\n<div class=\"avia-button-wrap avia-button-center avia-builder-el-4 el_before_av_button avia-builder-el-first \">\n<hr \/>\n<p>Gratuito<\/p>\n<\/div>\n<hr \/>\n<\/div>\n<\/section>\n<div class=\"hr hr-invisible avia-builder-el-22 el_after_av_textblock el_before_av_button \"><\/div>\n<\/div><\/section><br \/>\n<div  class='avia-button-wrap av-kljmeoy9-5347e2f2b27f44b092405cb9fecd782b-wrap avia-button-center  avia-builder-el-53  el_after_av_textblock  avia-builder-el-last '><a href='#matriculate'  class='avia-button av-kljmeoy9-5347e2f2b27f44b092405cb9fecd782b av-link-btn avia-icon_select-no avia-size-large avia-position-center avia-color-theme-color'   aria-label=\"Richiedi subito il tuo posto!\"><span class='avia_iconbox_title' >Richiedi subito il tuo posto!<\/span><\/a><\/div><\/p><\/div>\n\n<style type=\"text\/css\" data-created_by=\"avia_inline_auto\" id=\"style-css-av-h0d5t-272e68e262c932f6bc3b74917a830cd4\">\n@keyframes av_boxShadowEffect_av-h0d5t-272e68e262c932f6bc3b74917a830cd4-column {\n0%   { box-shadow:  0 0 0 0 #edae44; opacity: 1; }\n100% { box-shadow:  0 0 2px 0 #edae44; opacity: 1; }\n}\n.flex_column.av-h0d5t-272e68e262c932f6bc3b74917a830cd4{\nbox-shadow: 0 0 2px 0 #edae44;\nborder-radius:15px 15px 15px 15px;\npadding:30px 30px 30px 30px;\nbackground-color:#ffffff;\n}\n<\/style>\n<div  class='flex_column av-h0d5t-272e68e262c932f6bc3b74917a830cd4 av_one_half  avia-builder-el-54  el_after_av_one_half  el_before_av_hr  flex_column_div shadow-not-animated  column-top-margin'     ><section  class='av_textblock_section av-kljmdgm2-e78371d00d3e7ed285c8cb52b9c1fa61 '   itemscope=\"itemscope\" itemtype=\"https:\/\/schema.org\/CreativeWork\" ><div class='avia_textblock'  itemprop=\"text\" ><section class=\"av_textblock_section \">\n<div class=\"avia_textblock \"><\/div>\n<\/section>\n<p>\n<style type=\"text\/css\" data-created_by=\"avia_inline_auto\" id=\"style-css-av-2zucb2-1cc676c7b7c909ce7a884e9433f62f89\">\n.av_font_icon.av-2zucb2-1cc676c7b7c909ce7a884e9433f62f89{\ncolor:#ee7402;\nborder-color:#ee7402;\n}\n.avia-svg-icon.av-2zucb2-1cc676c7b7c909ce7a884e9433f62f89 svg:first-child{\nstroke:#ee7402;\nfill:#ee7402;\n}\n.av_font_icon.av-2zucb2-1cc676c7b7c909ce7a884e9433f62f89 .av-icon-char{\nfont-size:70px;\nline-height:70px;\n}\n<\/style>\n<span  class='av_font_icon av-2zucb2-1cc676c7b7c909ce7a884e9433f62f89 avia_animate_when_visible av-icon-style- avia-icon-pos-center avia-iconfont avia-font-entypo-fontello avia-icon-animate'><span class='av-icon-char' data-av_icon='\ue8ab' data-av_iconfont='entypo-fontello' aria-hidden=\"true\" ><\/span><\/span><br \/>\n\n<style type=\"text\/css\" data-created_by=\"avia_inline_auto\" id=\"style-css-av-2woyim-026638214dd8ffb029b213a783903fef\">\n#top .hr.hr-invisible.av-2woyim-026638214dd8ffb029b213a783903fef{\nheight:40px;\n}\n<\/style>\n<div  class='hr av-2woyim-026638214dd8ffb029b213a783903fef hr-invisible  avia-builder-el-57  el_after_av_font_icon  avia-builder-el-last '><span class='hr-inner '><span class=\"hr-inner-style\"><\/span><\/span><\/div><\/p>\n<section class=\"av_textblock_section \">\n<div class=\"avia_textblock \">\n<h3>Modalit\u00e0 duale-presenziale<\/h3>\n<hr \/>\n<ul>\n<li>Questa modalit\u00e0 ti permette di apprendere nel Centro e anche direttamente in aziende di tutti i settori produttivi con un piano di formazione versatile e personalizzato, in modo che siano entrambi a valutare le tue competenze.<\/li>\n<li>\u00c8 un apprendimento molto pi\u00f9 pratico in azienda e ti permetter\u00e0 di entrare in contatto con il mondo dell\u2019azienda.<\/li>\n<\/ul>\n<h3>Prezzi<\/h3>\n<div class=\"avia-button-wrap avia-button-center avia-builder-el-4 el_before_av_button avia-builder-el-first \">\n<hr \/>\n<p>Gratuito<\/p>\n<\/div>\n<hr \/>\n<p style=\"text-align: center;\">\n<\/div>\n<\/section>\n<div class=\"hr hr-invisible avia-builder-el-22 el_after_av_textblock el_before_av_button \"><\/div>\n<\/div><\/section><br \/>\n<div  class='avia-button-wrap av-kljmeoy9-5347e2f2b27f44b092405cb9fecd782b-wrap avia-button-center  avia-builder-el-58  el_after_av_textblock  avia-builder-el-last '><a href='#matriculate'  class='avia-button av-kljmeoy9-5347e2f2b27f44b092405cb9fecd782b av-link-btn avia-icon_select-no avia-size-large avia-position-center avia-color-theme-color'   aria-label=\"Richiedi subito il tuo posto!\"><span class='avia_iconbox_title' >Richiedi subito il tuo posto!<\/span><\/a><\/div><\/p><\/div>\n\n<style type=\"text\/css\" data-created_by=\"avia_inline_auto\" id=\"style-css-av-kjvp64dm-be4d8404f769f9e499b0b2a6a3acf00d\">\n#top .hr.av-kjvp64dm-be4d8404f769f9e499b0b2a6a3acf00d{\nmargin-top:30px;\nmargin-bottom:30px;\n}\n.hr.av-kjvp64dm-be4d8404f769f9e499b0b2a6a3acf00d .hr-inner{\nwidth:1800px;\nborder-color:#707070;\n}\n<\/style>\n<div  class='hr av-kjvp64dm-be4d8404f769f9e499b0b2a6a3acf00d hr-custom  avia-builder-el-59  el_after_av_one_half  el_before_av_three_fourth  hr-center hr-icon-no'><span class='hr-inner inner-border-av-border-thin'><span class=\"hr-inner-style\"><\/span><\/span><\/div>\n\n<style type=\"text\/css\" data-created_by=\"avia_inline_auto\" id=\"style-css-av-h0d5t-5a31816a2ec3b721a46f3cb1973109c5\">\n.flex_column.av-h0d5t-5a31816a2ec3b721a46f3cb1973109c5{\nborder-radius:0px 0px 0px 0px;\npadding:0px 0px 0px 0px;\n}\n<\/style>\n<div  class='flex_column av-h0d5t-5a31816a2ec3b721a46f3cb1973109c5 av_three_fourth  avia-builder-el-60  el_after_av_hr  avia-builder-el-last  first flex_column_div av-zero-column-padding  '     ><p>\n<style type=\"text\/css\" data-created_by=\"avia_inline_auto\" id=\"style-css-av-7p4i5-250110389606d1b9b0db683bbab836ce\">\n#top .av-special-heading.av-7p4i5-250110389606d1b9b0db683bbab836ce{\npadding-bottom:10px;\nfont-size:30px;\n}\nbody .av-special-heading.av-7p4i5-250110389606d1b9b0db683bbab836ce .av-special-heading-tag .heading-char{\nfont-size:25px;\n}\n#top #wrap_all .av-special-heading.av-7p4i5-250110389606d1b9b0db683bbab836ce .av-special-heading-tag{\nfont-size:30px;\n}\n.av-special-heading.av-7p4i5-250110389606d1b9b0db683bbab836ce .av-subheading{\nfont-size:15px;\n}\n\n@media only screen and (min-width: 480px) and (max-width: 767px){ \n#top #wrap_all .av-special-heading.av-7p4i5-250110389606d1b9b0db683bbab836ce .av-special-heading-tag{\nfont-size:0.8em;\n}\n}\n\n@media only screen and (max-width: 479px){ \n#top #wrap_all .av-special-heading.av-7p4i5-250110389606d1b9b0db683bbab836ce .av-special-heading-tag{\nfont-size:0.8em;\n}\n}\n<\/style>\n<div  class='av-special-heading av-7p4i5-250110389606d1b9b0db683bbab836ce av-special-heading-h2 blockquote modern-quote  avia-builder-el-61  el_before_av_hr  avia-builder-el-first  av-inherit-size'><h2 class='av-special-heading-tag '  itemprop=\"headline\"  >REQUISITI PER L\u2019ISCRIZIONE<\/h2><div class=\"special-heading-border\"><div class=\"special-heading-inner-border\"><\/div><\/div><\/div><br \/>\n\n<style type=\"text\/css\" data-created_by=\"avia_inline_auto\" id=\"style-css-av-kjvmu4dh-e7156e0a9fe99199a65b25e167357a3d\">\n#top .hr.hr-invisible.av-kjvmu4dh-e7156e0a9fe99199a65b25e167357a3d{\nheight:25px;\n}\n<\/style>\n<div  class='hr av-kjvmu4dh-e7156e0a9fe99199a65b25e167357a3d hr-invisible  avia-builder-el-62  el_after_av_heading  el_before_av_textblock '><span class='hr-inner '><span class=\"hr-inner-style\"><\/span><\/span><\/div><br \/>\n<section  class='av_textblock_section av-kjvp3n5r-e6a0cb91e663e7976ab0d3a864b34fcb '   itemscope=\"itemscope\" itemtype=\"https:\/\/schema.org\/CreativeWork\" ><div class='avia_textblock'  itemprop=\"text\" ><p>Puoi accedere al Ciclo di Grado Intermedio se soddisfi uno dei seguenti requisiti:<\/p>\n<p>Accesso diretto:<\/p>\n<ul>\n<li>Avere il titolo di diplomato in istruzione secondaria obbligatoria o un livello accademico superiore.<\/li>\n<li>Essere in possesso di un titolo professionale di base (formazione professionale di base).<\/li>\n<li>Avere un titolo di Tecnico o di Tecnico ausiliario o equivalente per scopi accademici.<\/li>\n<li>Aver terminato il secondo anno del Liceo Unificato e Polivalente (BUP).<\/li>\n<li>Aver superato l\u2019esame di ammissione all\u2019universit\u00e0 per persone di et\u00e0 superiore ai 25 anni.<\/li>\n<li>Superare il test di accesso ai cicli formativi di grado intermedio (sar\u00e0 richiesto di avere almeno diciassette anni, compiuti nell\u2019anno del test).<\/li>\n<\/ul>\n<\/div><\/section><\/p><\/div>\n","protected":false},"excerpt":{"rendered":"","protected":false},"author":1,"featured_media":4063,"parent":0,"menu_order":0,"comment_status":"closed","ping_status":"closed","template":"","meta":{"footnotes":""},"class_list":["post-2334","page","type-page","status-publish","has-post-thumbnail","hentry"],"yoast_head":"<!-- This site is optimized with the Yoast SEO Premium plugin v27.4 (Yoast SEO v27.4) - https:\/\/yoast.com\/product\/yoast-seo-premium-wordpress\/ -->\n<title>Operatore tecnico addetto all\u2019assistenza OTA a Siviglia<\/title>\n<meta name=\"description\" content=\"Candidati per il tuo posto e ottieni il titolo ufficiale di Operatore tecnico addetto all\u2019assistenza OTA a Siviglia.\" \/>\n<meta name=\"robots\" content=\"index, follow, max-snippet:-1, max-image-preview:large, max-video-preview:-1\" \/>\n<link rel=\"canonical\" href=\"https:\/\/www.sopenasevilla.org\/it\/operatore-tecnico-addetto-all-assistenza-ota\/\" \/>\n<meta property=\"og:locale\" content=\"it_IT\" \/>\n<meta property=\"og:type\" content=\"article\" \/>\n<meta property=\"og:title\" content=\"Operatore tecnico addetto all\u2019assistenza OTA a Siviglia\" \/>\n<meta property=\"og:description\" content=\"Candidati per il tuo posto e ottieni il titolo ufficiale di Operatore tecnico addetto all\u2019assistenza OTA a Siviglia.\" \/>\n<meta property=\"og:url\" content=\"https:\/\/www.sopenasevilla.org\/it\/operatore-tecnico-addetto-all-assistenza-ota\/\" \/>\n<meta property=\"og:site_name\" content=\"Centro di formazione professionale a Siviglia\" \/>\n<meta property=\"article:publisher\" content=\"https:\/\/www.facebook.com\/sopenasevilla\/\" \/>\n<meta property=\"article:modified_time\" content=\"2025-01-29T17:46:53+00:00\" \/>\n<meta property=\"og:image\" content=\"https:\/\/www.sopenasevilla.org\/wp-content\/uploads\/2021\/01\/curso-oficial-tecnico-medio-atencion-personas-situacion-dependencia.jpg\" \/>\n<meta name=\"twitter:card\" content=\"summary_large_image\" \/>\n<meta name=\"twitter:title\" content=\"OPERATORE TECNICO ADDETTO ALL\u2019ASSISTENZA OTA A SIVIGLIA\" \/>\n<meta name=\"twitter:site\" content=\"@SopenaSevilla\" \/>\n<script type=\"application\/ld+json\" class=\"yoast-schema-graph\">{\"@context\":\"https:\\\/\\\/schema.org\",\"@graph\":[{\"@type\":\"WebPage\",\"@id\":\"https:\\\/\\\/www.sopenasevilla.org\\\/it\\\/operatore-tecnico-addetto-all-assistenza-ota\\\/\",\"url\":\"https:\\\/\\\/www.sopenasevilla.org\\\/it\\\/operatore-tecnico-addetto-all-assistenza-ota\\\/\",\"name\":\"Operatore tecnico addetto all\u2019assistenza OTA a Siviglia\",\"isPartOf\":{\"@id\":\"https:\\\/\\\/www.sopenasevilla.org\\\/#website\"},\"primaryImageOfPage\":{\"@id\":\"https:\\\/\\\/www.sopenasevilla.org\\\/it\\\/operatore-tecnico-addetto-all-assistenza-ota\\\/#primaryimage\"},\"image\":{\"@id\":\"https:\\\/\\\/www.sopenasevilla.org\\\/it\\\/operatore-tecnico-addetto-all-assistenza-ota\\\/#primaryimage\"},\"thumbnailUrl\":\"https:\\\/\\\/www.sopenasevilla.org\\\/wp-content\\\/uploads\\\/2021\\\/02\\\/grado-medio-personas-situacion-dependencia-sevilla.jpg\",\"datePublished\":\"2020-11-27T12:29:36+00:00\",\"dateModified\":\"2025-01-29T17:46:53+00:00\",\"description\":\"Candidati per il tuo posto e ottieni il titolo ufficiale di Operatore tecnico addetto all\u2019assistenza OTA a Siviglia.\",\"breadcrumb\":{\"@id\":\"https:\\\/\\\/www.sopenasevilla.org\\\/it\\\/operatore-tecnico-addetto-all-assistenza-ota\\\/#breadcrumb\"},\"inLanguage\":\"it-IT\",\"potentialAction\":[{\"@type\":\"ReadAction\",\"target\":[\"https:\\\/\\\/www.sopenasevilla.org\\\/it\\\/operatore-tecnico-addetto-all-assistenza-ota\\\/\"]}]},{\"@type\":\"ImageObject\",\"inLanguage\":\"it-IT\",\"@id\":\"https:\\\/\\\/www.sopenasevilla.org\\\/it\\\/operatore-tecnico-addetto-all-assistenza-ota\\\/#primaryimage\",\"url\":\"https:\\\/\\\/www.sopenasevilla.org\\\/wp-content\\\/uploads\\\/2021\\\/02\\\/grado-medio-personas-situacion-dependencia-sevilla.jpg\",\"contentUrl\":\"https:\\\/\\\/www.sopenasevilla.org\\\/wp-content\\\/uploads\\\/2021\\\/02\\\/grado-medio-personas-situacion-dependencia-sevilla.jpg\",\"width\":650,\"height\":433,\"caption\":\"Operatore tecnico addetto all\u2019assistenza a Siviglia\"},{\"@type\":\"BreadcrumbList\",\"@id\":\"https:\\\/\\\/www.sopenasevilla.org\\\/it\\\/operatore-tecnico-addetto-all-assistenza-ota\\\/#breadcrumb\",\"itemListElement\":[{\"@type\":\"ListItem\",\"position\":1,\"name\":\"FP Sevilla\",\"item\":\"https:\\\/\\\/www.sopenasevilla.org\\\/it\\\/\"},{\"@type\":\"ListItem\",\"position\":2,\"name\":\"OPERATORE TECNICO ADDETTO ALL\u2019ASSISTENZA OTA A SIVIGLIA\"}]},{\"@type\":\"WebSite\",\"@id\":\"https:\\\/\\\/www.sopenasevilla.org\\\/#website\",\"url\":\"https:\\\/\\\/www.sopenasevilla.org\\\/\",\"name\":\"Centro de Formaci\u00f3n Profesional | FP Sevilla\",\"description\":\"La Fondazione Sope\u00f1a \u00e8 un istituto concertato di formazione professionale in cui i cicli di formazione di grado superiore, intermedio e di base vengono insegnati di persona e online\",\"publisher\":{\"@id\":\"https:\\\/\\\/www.sopenasevilla.org\\\/#organization\"},\"alternateName\":\"Sope\u00f1a Sevilla\",\"potentialAction\":[{\"@type\":\"SearchAction\",\"target\":{\"@type\":\"EntryPoint\",\"urlTemplate\":\"https:\\\/\\\/www.sopenasevilla.org\\\/?s={search_term_string}\"},\"query-input\":{\"@type\":\"PropertyValueSpecification\",\"valueRequired\":true,\"valueName\":\"search_term_string\"}}],\"inLanguage\":\"it-IT\"},{\"@type\":\"Organization\",\"@id\":\"https:\\\/\\\/www.sopenasevilla.org\\\/#organization\",\"name\":\"Fundaci\u00f3n Dolores Sope\u00f1a Sevilla\",\"alternateName\":\"Sope\u00f1a Sevilla\",\"url\":\"https:\\\/\\\/www.sopenasevilla.org\\\/\",\"logo\":{\"@type\":\"ImageObject\",\"inLanguage\":\"it-IT\",\"@id\":\"https:\\\/\\\/www.sopenasevilla.org\\\/#\\\/schema\\\/logo\\\/image\\\/\",\"url\":\"https:\\\/\\\/www.sopenasevilla.org\\\/wp-content\\\/uploads\\\/2020\\\/10\\\/fundacion-dolores-sopena-sevilla.jpg\",\"contentUrl\":\"https:\\\/\\\/www.sopenasevilla.org\\\/wp-content\\\/uploads\\\/2020\\\/10\\\/fundacion-dolores-sopena-sevilla.jpg\",\"width\":350,\"height\":128,\"caption\":\"Fundaci\u00f3n Dolores Sope\u00f1a Sevilla\"},\"image\":{\"@id\":\"https:\\\/\\\/www.sopenasevilla.org\\\/#\\\/schema\\\/logo\\\/image\\\/\"},\"sameAs\":[\"https:\\\/\\\/www.facebook.com\\\/sopenasevilla\\\/\",\"https:\\\/\\\/x.com\\\/SopenaSevilla\",\"https:\\\/\\\/www.youtube.com\\\/channel\\\/UCKW0FqYbGrNmm8wrXOG4J3A\",\"https:\\\/\\\/www.instagram.com\\\/sopenasevilla\\\/\"]}]}<\/script>\n<!-- \/ Yoast SEO Premium plugin. -->","yoast_head_json":{"title":"Operatore tecnico addetto all\u2019assistenza OTA a Siviglia","description":"Candidati per il tuo posto e ottieni il titolo ufficiale di Operatore tecnico addetto all\u2019assistenza OTA a Siviglia.","robots":{"index":"index","follow":"follow","max-snippet":"max-snippet:-1","max-image-preview":"max-image-preview:large","max-video-preview":"max-video-preview:-1"},"canonical":"https:\/\/www.sopenasevilla.org\/it\/operatore-tecnico-addetto-all-assistenza-ota\/","og_locale":"it_IT","og_type":"article","og_title":"Operatore tecnico addetto all\u2019assistenza OTA a Siviglia","og_description":"Candidati per il tuo posto e ottieni il titolo ufficiale di Operatore tecnico addetto all\u2019assistenza OTA a Siviglia.","og_url":"https:\/\/www.sopenasevilla.org\/it\/operatore-tecnico-addetto-all-assistenza-ota\/","og_site_name":"Centro di formazione professionale a Siviglia","article_publisher":"https:\/\/www.facebook.com\/sopenasevilla\/","article_modified_time":"2025-01-29T17:46:53+00:00","og_image":[{"url":"https:\/\/www.sopenasevilla.org\/wp-content\/uploads\/2021\/01\/curso-oficial-tecnico-medio-atencion-personas-situacion-dependencia.jpg","type":"","width":"","height":""}],"twitter_card":"summary_large_image","twitter_title":"OPERATORE TECNICO ADDETTO ALL\u2019ASSISTENZA OTA A SIVIGLIA","twitter_site":"@SopenaSevilla","schema":{"@context":"https:\/\/schema.org","@graph":[{"@type":"WebPage","@id":"https:\/\/www.sopenasevilla.org\/it\/operatore-tecnico-addetto-all-assistenza-ota\/","url":"https:\/\/www.sopenasevilla.org\/it\/operatore-tecnico-addetto-all-assistenza-ota\/","name":"Operatore tecnico addetto all\u2019assistenza OTA a Siviglia","isPartOf":{"@id":"https:\/\/www.sopenasevilla.org\/#website"},"primaryImageOfPage":{"@id":"https:\/\/www.sopenasevilla.org\/it\/operatore-tecnico-addetto-all-assistenza-ota\/#primaryimage"},"image":{"@id":"https:\/\/www.sopenasevilla.org\/it\/operatore-tecnico-addetto-all-assistenza-ota\/#primaryimage"},"thumbnailUrl":"https:\/\/www.sopenasevilla.org\/wp-content\/uploads\/2021\/02\/grado-medio-personas-situacion-dependencia-sevilla.jpg","datePublished":"2020-11-27T12:29:36+00:00","dateModified":"2025-01-29T17:46:53+00:00","description":"Candidati per il tuo posto e ottieni il titolo ufficiale di Operatore tecnico addetto all\u2019assistenza OTA a Siviglia.","breadcrumb":{"@id":"https:\/\/www.sopenasevilla.org\/it\/operatore-tecnico-addetto-all-assistenza-ota\/#breadcrumb"},"inLanguage":"it-IT","potentialAction":[{"@type":"ReadAction","target":["https:\/\/www.sopenasevilla.org\/it\/operatore-tecnico-addetto-all-assistenza-ota\/"]}]},{"@type":"ImageObject","inLanguage":"it-IT","@id":"https:\/\/www.sopenasevilla.org\/it\/operatore-tecnico-addetto-all-assistenza-ota\/#primaryimage","url":"https:\/\/www.sopenasevilla.org\/wp-content\/uploads\/2021\/02\/grado-medio-personas-situacion-dependencia-sevilla.jpg","contentUrl":"https:\/\/www.sopenasevilla.org\/wp-content\/uploads\/2021\/02\/grado-medio-personas-situacion-dependencia-sevilla.jpg","width":650,"height":433,"caption":"Operatore tecnico addetto all\u2019assistenza a Siviglia"},{"@type":"BreadcrumbList","@id":"https:\/\/www.sopenasevilla.org\/it\/operatore-tecnico-addetto-all-assistenza-ota\/#breadcrumb","itemListElement":[{"@type":"ListItem","position":1,"name":"FP Sevilla","item":"https:\/\/www.sopenasevilla.org\/it\/"},{"@type":"ListItem","position":2,"name":"OPERATORE TECNICO ADDETTO ALL\u2019ASSISTENZA OTA A SIVIGLIA"}]},{"@type":"WebSite","@id":"https:\/\/www.sopenasevilla.org\/#website","url":"https:\/\/www.sopenasevilla.org\/","name":"Centro de Formaci\u00f3n Profesional | FP Sevilla","description":"La Fondazione Sope\u00f1a \u00e8 un istituto concertato di formazione professionale in cui i cicli di formazione di grado superiore, intermedio e di base vengono insegnati di persona e online","publisher":{"@id":"https:\/\/www.sopenasevilla.org\/#organization"},"alternateName":"Sope\u00f1a Sevilla","potentialAction":[{"@type":"SearchAction","target":{"@type":"EntryPoint","urlTemplate":"https:\/\/www.sopenasevilla.org\/?s={search_term_string}"},"query-input":{"@type":"PropertyValueSpecification","valueRequired":true,"valueName":"search_term_string"}}],"inLanguage":"it-IT"},{"@type":"Organization","@id":"https:\/\/www.sopenasevilla.org\/#organization","name":"Fundaci\u00f3n Dolores Sope\u00f1a Sevilla","alternateName":"Sope\u00f1a Sevilla","url":"https:\/\/www.sopenasevilla.org\/","logo":{"@type":"ImageObject","inLanguage":"it-IT","@id":"https:\/\/www.sopenasevilla.org\/#\/schema\/logo\/image\/","url":"https:\/\/www.sopenasevilla.org\/wp-content\/uploads\/2020\/10\/fundacion-dolores-sopena-sevilla.jpg","contentUrl":"https:\/\/www.sopenasevilla.org\/wp-content\/uploads\/2020\/10\/fundacion-dolores-sopena-sevilla.jpg","width":350,"height":128,"caption":"Fundaci\u00f3n Dolores Sope\u00f1a Sevilla"},"image":{"@id":"https:\/\/www.sopenasevilla.org\/#\/schema\/logo\/image\/"},"sameAs":["https:\/\/www.facebook.com\/sopenasevilla\/","https:\/\/x.com\/SopenaSevilla","https:\/\/www.youtube.com\/channel\/UCKW0FqYbGrNmm8wrXOG4J3A","https:\/\/www.instagram.com\/sopenasevilla\/"]}]}},"_links":{"self":[{"href":"https:\/\/www.sopenasevilla.org\/it\/wp-json\/wp\/v2\/pages\/2334","targetHints":{"allow":["GET"]}}],"collection":[{"href":"https:\/\/www.sopenasevilla.org\/it\/wp-json\/wp\/v2\/pages"}],"about":[{"href":"https:\/\/www.sopenasevilla.org\/it\/wp-json\/wp\/v2\/types\/page"}],"author":[{"embeddable":true,"href":"https:\/\/www.sopenasevilla.org\/it\/wp-json\/wp\/v2\/users\/1"}],"replies":[{"embeddable":true,"href":"https:\/\/www.sopenasevilla.org\/it\/wp-json\/wp\/v2\/comments?post=2334"}],"version-history":[{"count":0,"href":"https:\/\/www.sopenasevilla.org\/it\/wp-json\/wp\/v2\/pages\/2334\/revisions"}],"wp:featuredmedia":[{"embeddable":true,"href":"https:\/\/www.sopenasevilla.org\/it\/wp-json\/wp\/v2\/media\/4063"}],"wp:attachment":[{"href":"https:\/\/www.sopenasevilla.org\/it\/wp-json\/wp\/v2\/media?parent=2334"}],"curies":[{"name":"wp","href":"https:\/\/api.w.org\/{rel}","templated":true}]}}